{"id":1057,"date":"2021-12-20T08:02:26","date_gmt":"2021-12-20T07:02:26","guid":{"rendered":"https:\/\/soledaddemo.pencidesign.net\/soledad-daily-news\/?page_id=8"},"modified":"2025-08-05T16:17:57","modified_gmt":"2025-08-05T14:17:57","slug":"soledad_home","status":"publish","type":"page","link":"https:\/\/lepatriotebenin.com\/","title":{"rendered":"Le Patriote B\u00e9nin"},"content":{"rendered":"\t\t<div data-elementor-type=\"wp-page\" data-elementor-id=\"1057\" class=\"elementor elementor-1057\" data-elementor-post-type=\"page\">\n\t\t\t\t\t\t<section class=\"penci-section penci-disSticky penci-structure-10 elementor-section elementor-top-section elementor-element elementor-element-c648898 elementor-section-boxed elementor-section-height-default elementor-section-height-default\" data-id=\"c648898\" data-element_type=\"section\" data-e-type=\"section\">\n\t\t\t\t\t\t<div class=\"elementor-container elementor-column-gap-default\">\n\t\t\t\t\t<div class=\"penci-ercol-100 penci-ercol-order-1 penci-sticky-ct    elementor-column elementor-col-100 elementor-top-column elementor-element elementor-element-ce30b7d\" data-id=\"ce30b7d\" data-element_type=\"column\" data-e-type=\"column\">\n\t\t\t<div class=\"elementor-widget-wrap elementor-element-populated\">\n\t\t\t\t\t\t<div class=\"elementor-element elementor-element-f00034d elementor-widget elementor-widget-penci-featured-sliders\" data-id=\"f00034d\" data-element_type=\"widget\" data-e-type=\"widget\" data-widget_type=\"penci-featured-sliders.default\">\n\t\t\t\t<div class=\"elementor-widget-container\">\n\t\t\t\t\t<div class=\"penci-block-el featured-area featured-style-1\"><div class=\"penci-owl-carousel penci-owl-featured-area elsl-style-1\" data-dots=\"false\" data-nav=\"true\"data-style=\"style-1\"data-auto=\"true\"data-autotime=\"4000\"data-speed=\"600\"data-loop=\"true\">    <div class=\"item\">\r\n\t    \t\t            <a class=\"penci-image-holder penci-lazy\"\r\n               data-bgset=\"https:\/\/lepatriotebenin.com\/wp-content\/uploads\/2026\/05\/4eme-etape-1016x663.jpg\" data_bg_hidpi=\"https:\/\/lepatriotebenin.com\/wp-content\/uploads\/2026\/05\/4eme-etape-585x439.jpg\"\r\n               href=\"https:\/\/lepatriotebenin.com\/index.php\/2026\/05\/01\/tour-cycliste-international-du-benin-le-marocain-mraouni-salah-eddine-vainqueur-de-la-4eme-etape\/\" title=\"Tour cycliste international du B\u00e9nin : Le Marocain Mraouni Salah Eddine vainqueur de la 4\u00e8me \u00e9tape\"><\/a>\r\n\t\t\t\t            <div class=\"penci-featured-content\">\r\n                <div class=\"feat-text\">\r\n                    <div class=\"featured-slider-overlay\"><\/div>\r\n\t\t\t\t\t                        <div class=\"cat featured-cat\"><a style=\"\" class=\"penci-cat-name penci-cat-8\" href=\"https:\/\/lepatriotebenin.com\/index.php\/category\/sport\/\"  rel=\"category tag\"><span style=\"\">Sport<\/span><\/a><\/div>\r\n\t\t\t\t\t                    <h3><a title=\"Tour cycliste international du B\u00e9nin : Le Marocain Mraouni Salah Eddine vainqueur de la 4\u00e8me \u00e9tape\"\r\n                           href=\"https:\/\/lepatriotebenin.com\/index.php\/2026\/05\/01\/tour-cycliste-international-du-benin-le-marocain-mraouni-salah-eddine-vainqueur-de-la-4eme-etape\/\">Tour cycliste international du B\u00e9nin : Le Marocain Mraouni Salah Eddine vainqueur...<\/a>\r\n                    <\/h3>\r\n\t\t\t\t\t                        <div class=\"feat-meta\">\r\n\t\t\t\t\t\t\t\t\t\t\t\t\t\t                                <span class=\"feat-time\"><time class=\"entry-date published\" datetime=\"2026-05-01T20:05:39+02:00\">1 mai 2026<\/time><\/span>\r\n\t\t\t\t\t\t\t\t\t\t\t\t\t\t                                <span class=\"feat-comments\"><a\r\n                                            href=\"https:\/\/lepatriotebenin.com\/index.php\/2026\/05\/01\/tour-cycliste-international-du-benin-le-marocain-mraouni-salah-eddine-vainqueur-de-la-4eme-etape\/#respond \">0 commentaire<\/a><\/span>\r\n\t\t\t\t\t\t\t\t\t\t\t\t\t\t\t                                                <\/div>\r\n\t\t\t\t\t                <\/div>\r\n            <\/div>\r\n\t\t    <\/div>\r\n\t    <div class=\"item\">\r\n\t    \t\t            <a class=\"penci-image-holder penci-lazy\"\r\n               data-bgset=\"https:\/\/lepatriotebenin.com\/wp-content\/uploads\/2026\/05\/casier-judiciaire-1170x663.jpg\" data_bg_hidpi=\"https:\/\/lepatriotebenin.com\/wp-content\/uploads\/2026\/05\/casier-judiciaire-585x329.jpg\"\r\n               href=\"https:\/\/lepatriotebenin.com\/index.php\/2026\/05\/01\/service-public-les-delais-du-casier-judiciaire-allonges-au-cncj\/\" title=\"Service public : Les d\u00e9lais du casier judiciaire allong\u00e9s au CNCJ\"><\/a>\r\n\t\t\t\t            <div class=\"penci-featured-content\">\r\n                <div class=\"feat-text\">\r\n                    <div class=\"featured-slider-overlay\"><\/div>\r\n\t\t\t\t\t                        <div class=\"cat featured-cat\"><a style=\"\" class=\"penci-cat-name penci-cat-20\" href=\"https:\/\/lepatriotebenin.com\/index.php\/category\/societe\/\"  rel=\"category tag\"><span style=\"\">Soci\u00e9t\u00e9<\/span><\/a><\/div>\r\n\t\t\t\t\t                    <h3><a title=\"Service public : Les d\u00e9lais du casier judiciaire allong\u00e9s au CNCJ\"\r\n                           href=\"https:\/\/lepatriotebenin.com\/index.php\/2026\/05\/01\/service-public-les-delais-du-casier-judiciaire-allonges-au-cncj\/\">Service public : Les d\u00e9lais du casier judiciaire allong\u00e9s au CNCJ<\/a>\r\n                    <\/h3>\r\n\t\t\t\t\t                        <div class=\"feat-meta\">\r\n\t\t\t\t\t\t\t\t\t\t\t\t\t\t                                <span class=\"feat-time\"><time class=\"entry-date published\" datetime=\"2026-05-01T19:53:09+02:00\">1 mai 2026<\/time><\/span>\r\n\t\t\t\t\t\t\t\t\t\t\t\t\t\t                                <span class=\"feat-comments\"><a\r\n                                            href=\"https:\/\/lepatriotebenin.com\/index.php\/2026\/05\/01\/service-public-les-delais-du-casier-judiciaire-allonges-au-cncj\/#respond \">0 commentaire<\/a><\/span>\r\n\t\t\t\t\t\t\t\t\t\t\t\t\t\t\t                                                <\/div>\r\n\t\t\t\t\t                <\/div>\r\n            <\/div>\r\n\t\t    <\/div>\r\n\t    <div class=\"item\">\r\n\t    \t\t            <a class=\"penci-image-holder penci-lazy\"\r\n               data-bgset=\"https:\/\/lepatriotebenin.com\/wp-content\/uploads\/2026\/05\/1a-1020x663.jpeg\" data_bg_hidpi=\"https:\/\/lepatriotebenin.com\/wp-content\/uploads\/2026\/05\/1a-585x439.jpeg\"\r\n               href=\"https:\/\/lepatriotebenin.com\/index.php\/2026\/05\/01\/praticiens-de-la-medecine-traditionnelle-au-benin-lanaprametrab-oueme-sensibilise-ses-membres-de-porto-novo-sur-les-nouvelles-normes-instaurees-par-le-gouvernement\/\" title=\"Praticiens de la M\u00e9decine Traditionnelle au B\u00e9nin : L\u2019ANAPRAMETRAB\/Ou\u00e9m\u00e9 sensibilise ses membres de Porto-Novo sur les nouvelles normes instaur\u00e9es par le gouvernement\"><\/a>\r\n\t\t\t\t            <div class=\"penci-featured-content\">\r\n                <div class=\"feat-text\">\r\n                    <div class=\"featured-slider-overlay\"><\/div>\r\n\t\t\t\t\t                        <div class=\"cat featured-cat\"><a style=\"\" class=\"penci-cat-name penci-cat-20\" href=\"https:\/\/lepatriotebenin.com\/index.php\/category\/societe\/\"  rel=\"category tag\"><span style=\"\">Soci\u00e9t\u00e9<\/span><\/a><\/div>\r\n\t\t\t\t\t                    <h3><a title=\"Praticiens de la M\u00e9decine Traditionnelle au B\u00e9nin : L\u2019ANAPRAMETRAB\/Ou\u00e9m\u00e9 sensibilise ses membres de Porto-Novo sur les nouvelles normes instaur\u00e9es par le gouvernement\"\r\n                           href=\"https:\/\/lepatriotebenin.com\/index.php\/2026\/05\/01\/praticiens-de-la-medecine-traditionnelle-au-benin-lanaprametrab-oueme-sensibilise-ses-membres-de-porto-novo-sur-les-nouvelles-normes-instaurees-par-le-gouvernement\/\">Praticiens de la M\u00e9decine Traditionnelle au B\u00e9nin : L\u2019ANAPRAMETRAB\/Ou\u00e9m\u00e9 sensibilise ses membres...<\/a>\r\n                    <\/h3>\r\n\t\t\t\t\t                        <div class=\"feat-meta\">\r\n\t\t\t\t\t\t\t\t\t\t\t\t\t\t                                <span class=\"feat-time\"><time class=\"entry-date published\" datetime=\"2026-05-01T12:49:27+02:00\">1 mai 2026<\/time><\/span>\r\n\t\t\t\t\t\t\t\t\t\t\t\t\t\t                                <span class=\"feat-comments\"><a\r\n                                            href=\"https:\/\/lepatriotebenin.com\/index.php\/2026\/05\/01\/praticiens-de-la-medecine-traditionnelle-au-benin-lanaprametrab-oueme-sensibilise-ses-membres-de-porto-novo-sur-les-nouvelles-normes-instaurees-par-le-gouvernement\/#respond \">0 commentaire<\/a><\/span>\r\n\t\t\t\t\t\t\t\t\t\t\t\t\t\t\t                                                <\/div>\r\n\t\t\t\t\t                <\/div>\r\n            <\/div>\r\n\t\t    <\/div>\r\n\t    <div class=\"item\">\r\n\t    \t\t            <a class=\"penci-image-holder penci-lazy\"\r\n               data-bgset=\"https:\/\/lepatriotebenin.com\/wp-content\/uploads\/2026\/05\/station-service-nouveau-4.jpeg\" data_bg_hidpi=\"https:\/\/lepatriotebenin.com\/wp-content\/uploads\/2026\/05\/station-service-nouveau-4-585x420.jpeg\"\r\n               href=\"https:\/\/lepatriotebenin.com\/index.php\/2026\/05\/01\/hydrocarbures-au-benin-une-nouvelle-hausse-des-prix-en-vigueur-ce-1er-mai-les-nouveaux-tarifs\/\" title=\"Hydrocarbures au B\u00e9nin : Une nouvelle hausse des prix d\u00e9j\u00e0 en vigueur ce 1er  mai, les nouveaux tarifs\"><\/a>\r\n\t\t\t\t            <div class=\"penci-featured-content\">\r\n                <div class=\"feat-text\">\r\n                    <div class=\"featured-slider-overlay\"><\/div>\r\n\t\t\t\t\t                        <div class=\"cat featured-cat\"><a style=\"\" class=\"penci-cat-name penci-cat-20\" href=\"https:\/\/lepatriotebenin.com\/index.php\/category\/societe\/\"  rel=\"category tag\"><span style=\"\">Soci\u00e9t\u00e9<\/span><\/a><\/div>\r\n\t\t\t\t\t                    <h3><a title=\"Hydrocarbures au B\u00e9nin : Une nouvelle hausse des prix d\u00e9j\u00e0 en vigueur ce 1er  mai, les nouveaux tarifs\"\r\n                           href=\"https:\/\/lepatriotebenin.com\/index.php\/2026\/05\/01\/hydrocarbures-au-benin-une-nouvelle-hausse-des-prix-en-vigueur-ce-1er-mai-les-nouveaux-tarifs\/\">Hydrocarbures au B\u00e9nin : Une nouvelle hausse des prix d\u00e9j\u00e0 en vigueur...<\/a>\r\n                    <\/h3>\r\n\t\t\t\t\t                        <div class=\"feat-meta\">\r\n\t\t\t\t\t\t\t\t\t\t\t\t\t\t                                <span class=\"feat-time\"><time class=\"entry-date published\" datetime=\"2026-05-01T09:17:48+02:00\">1 mai 2026<\/time><\/span>\r\n\t\t\t\t\t\t\t\t\t\t\t\t\t\t                                <span class=\"feat-comments\"><a\r\n                                            href=\"https:\/\/lepatriotebenin.com\/index.php\/2026\/05\/01\/hydrocarbures-au-benin-une-nouvelle-hausse-des-prix-en-vigueur-ce-1er-mai-les-nouveaux-tarifs\/#respond \">0 commentaire<\/a><\/span>\r\n\t\t\t\t\t\t\t\t\t\t\t\t\t\t\t                                                <\/div>\r\n\t\t\t\t\t                <\/div>\r\n            <\/div>\r\n\t\t    <\/div>\r\n\t    <div class=\"item\">\r\n\t    \t\t            <a class=\"penci-image-holder penci-lazy\"\r\n               data-bgset=\"https:\/\/lepatriotebenin.com\/wp-content\/uploads\/2026\/04\/kassa-mampo-741x663.jpeg\" data_bg_hidpi=\"https:\/\/lepatriotebenin.com\/wp-content\/uploads\/2026\/04\/kassa-mampo-585x621.jpeg\"\r\n               href=\"https:\/\/lepatriotebenin.com\/index.php\/2026\/05\/01\/fete-du-travail-2026-au-benin-la-cstb-en-marche-pour-ses-revendications\/\" title=\"F\u00eate du travail 2026 au B\u00e9nin :La CSTB en marche pour ses revendications\"><\/a>\r\n\t\t\t\t            <div class=\"penci-featured-content\">\r\n                <div class=\"feat-text\">\r\n                    <div class=\"featured-slider-overlay\"><\/div>\r\n\t\t\t\t\t                        <div class=\"cat featured-cat\"><a style=\"\" class=\"penci-cat-name penci-cat-20\" href=\"https:\/\/lepatriotebenin.com\/index.php\/category\/societe\/\"  rel=\"category tag\"><span style=\"\">Soci\u00e9t\u00e9<\/span><\/a><\/div>\r\n\t\t\t\t\t                    <h3><a title=\"F\u00eate du travail 2026 au B\u00e9nin :La CSTB en marche pour ses revendications\"\r\n                           href=\"https:\/\/lepatriotebenin.com\/index.php\/2026\/05\/01\/fete-du-travail-2026-au-benin-la-cstb-en-marche-pour-ses-revendications\/\">F\u00eate du travail 2026 au B\u00e9nin :La CSTB en marche pour ses...<\/a>\r\n                    <\/h3>\r\n\t\t\t\t\t                        <div class=\"feat-meta\">\r\n\t\t\t\t\t\t\t\t\t\t\t\t\t\t                                <span class=\"feat-time\"><time class=\"entry-date published\" datetime=\"2026-05-01T01:26:30+02:00\">1 mai 2026<\/time><\/span>\r\n\t\t\t\t\t\t\t\t\t\t\t\t\t\t                                <span class=\"feat-comments\"><a\r\n                                            href=\"https:\/\/lepatriotebenin.com\/index.php\/2026\/05\/01\/fete-du-travail-2026-au-benin-la-cstb-en-marche-pour-ses-revendications\/#respond \">0 commentaire<\/a><\/span>\r\n\t\t\t\t\t\t\t\t\t\t\t\t\t\t\t                                                <\/div>\r\n\t\t\t\t\t                <\/div>\r\n            <\/div>\r\n\t\t    <\/div>\r\n\t    <div class=\"item\">\r\n\t    \t\t            <a class=\"penci-image-holder penci-lazy\"\r\n               data-bgset=\"https:\/\/lepatriotebenin.com\/wp-content\/uploads\/2026\/04\/3eme-etape-1016x663.jpg\" data_bg_hidpi=\"https:\/\/lepatriotebenin.com\/wp-content\/uploads\/2026\/04\/3eme-etape-585x439.jpg\"\r\n               href=\"https:\/\/lepatriotebenin.com\/index.php\/2026\/04\/30\/tour-cycliste-international-du-benin-deuxieme-victoire-consecutive-pour-lalgerien-assal-najib\/\" title=\"Tour cycliste international du B\u00e9nin : Deuxi\u00e8me victoire cons\u00e9cutive pour l\u2019Alg\u00e9rien  Assal Nadjib\"><\/a>\r\n\t\t\t\t            <div class=\"penci-featured-content\">\r\n                <div class=\"feat-text\">\r\n                    <div class=\"featured-slider-overlay\"><\/div>\r\n\t\t\t\t\t                        <div class=\"cat featured-cat\"><a style=\"\" class=\"penci-cat-name penci-cat-8\" href=\"https:\/\/lepatriotebenin.com\/index.php\/category\/sport\/\"  rel=\"category tag\"><span style=\"\">Sport<\/span><\/a><\/div>\r\n\t\t\t\t\t                    <h3><a title=\"Tour cycliste international du B\u00e9nin : Deuxi\u00e8me victoire cons\u00e9cutive pour l\u2019Alg\u00e9rien  Assal Nadjib\"\r\n                           href=\"https:\/\/lepatriotebenin.com\/index.php\/2026\/04\/30\/tour-cycliste-international-du-benin-deuxieme-victoire-consecutive-pour-lalgerien-assal-najib\/\">Tour cycliste international du B\u00e9nin : Deuxi\u00e8me victoire cons\u00e9cutive pour l\u2019Alg\u00e9rien Assal...<\/a>\r\n                    <\/h3>\r\n\t\t\t\t\t                        <div class=\"feat-meta\">\r\n\t\t\t\t\t\t\t\t\t\t\t\t\t\t                                <span class=\"feat-time\"><time class=\"entry-date published\" datetime=\"2026-04-30T16:49:34+02:00\">30 avril 2026<\/time><\/span>\r\n\t\t\t\t\t\t\t\t\t\t\t\t\t\t                                <span class=\"feat-comments\"><a\r\n                                            href=\"https:\/\/lepatriotebenin.com\/index.php\/2026\/04\/30\/tour-cycliste-international-du-benin-deuxieme-victoire-consecutive-pour-lalgerien-assal-najib\/#respond \">0 commentaire<\/a><\/span>\r\n\t\t\t\t\t\t\t\t\t\t\t\t\t\t\t                                                <\/div>\r\n\t\t\t\t\t                <\/div>\r\n            <\/div>\r\n\t\t    <\/div>\r\n\t<\/div><\/div>\t\t\t\t<\/div>\n\t\t\t\t<\/div>\n\t\t\t\t\t<\/div>\n\t\t<\/div>\n\t\t\t\t\t<\/div>\n\t\t<\/section>\n\t\t\t\t<section class=\"penci-section penci-disSticky penci-structure-20 elementor-section elementor-top-section elementor-element elementor-element-1c2c906 elementor-section-boxed elementor-section-height-default elementor-section-height-default\" data-id=\"1c2c906\" data-element_type=\"section\" data-e-type=\"section\">\n\t\t\t\t\t\t<div class=\"elementor-container elementor-column-gap-extended\">\n\t\t\t\t\t<div class=\"penci-ercol-50 penci-ercol-order-1 penci-sticky-ct    elementor-column elementor-col-50 elementor-top-column elementor-element elementor-element-f3f0c3e\" data-id=\"f3f0c3e\" data-element_type=\"column\" data-e-type=\"column\">\n\t\t\t<div class=\"elementor-widget-wrap elementor-element-populated\">\n\t\t\t\t\t\t<div class=\"elementor-element elementor-element-5212803 elementor-widget elementor-widget-penci-block-heading\" data-id=\"5212803\" data-element_type=\"widget\" data-e-type=\"widget\" data-widget_type=\"penci-block-heading.default\">\n\t\t\t\t<div class=\"elementor-widget-container\">\n\t\t\t\t\t\t\t<div class=\"penci-border-arrow penci-homepage-title penci-home-latest-posts style-6 pcalign-left pciconp-right pcicon-right block-title-icon-left\">\n\t\t\t<h3 class=\"inner-arrow\">\r\n\t\t\t\t<span>\r\n\t\t\t\t<span>Derni\u00e8re mise \u00e0 jour<\/span><a class=\"pcbh-extrabtn pcbh-btns-none pcbh-btnp-right pcbh-btni-right\" href=\"https:\/\/lepatriotebenin.com\/index.php\/tag\/featured\/\">Choix de la r\u00e9daction<i class=\"fas fa-long-arrow-alt-right\"><\/i><\/a>\t\t\t\t\t<\/span>\r\n\t\t\t<\/h3>\r\n\t\t\t\t\t<\/div>\r\n\t\t\t\t\t\t<\/div>\n\t\t\t\t<\/div>\n\t\t\t\t<div class=\"elementor-element elementor-element-1346e25 elementor-widget elementor-widget-penci-big-grid\" data-id=\"1346e25\" data-element_type=\"widget\" data-e-type=\"widget\" data-widget_type=\"penci-big-grid.default\">\n\t\t\t\t<div class=\"elementor-widget-container\">\n\t\t\t\t\t        <div class=\"penci-clearfix penci-biggrid-wrapper penci-grid-col-1 penci-grid-mcol-1 penci-bgrid-based-post penci-bgrid-style-1 pcbg-ficonpo-top-right pcbg-reiconpo-top-left penci-bgrid-content-below pencibg-imageh-zoom-in pencibg-texth-none pencibg-textani-movetop textop\">\r\n\t\t\t            <div class=\"penci-clearfix penci-biggrid penci-bgstyle-1 penci-bgel\">\r\n                <div class=\"penci-biggrid-inner default\">\r\n\t\t\t\t\t<div class=\"penci-clearfix penci-biggrid-data penci-dflex\"><div class=\"penci-bgitem\">\r\n    <div class=\"penci-bgitin\">\r\n        <div class=\"penci-bgmain\">\r\n            <div class=\"pcbg-thumb\">\r\n\t\t\t\t\t\t\t\t                <div class=\"pcbg-thumbin\">\r\n                    <a class=\"pcbg-bgoverlay\"\r\n                       href=\"https:\/\/lepatriotebenin.com\/index.php\/2026\/05\/01\/tour-cycliste-international-du-benin-le-marocain-mraouni-salah-eddine-vainqueur-de-la-4eme-etape\/\" title=\"Tour cycliste international du B\u00e9nin : Le Marocain Mraouni Salah Eddine vainqueur de la 4\u00e8me \u00e9tape\"><\/a>\r\n\t\t\t\t\t                        <div class=\"penci-image-holder penci-lazy\"                             data-bgset=\"https:\/\/lepatriotebenin.com\/wp-content\/uploads\/2026\/05\/4eme-etape-768x576.jpg\" data_bg_hidpi=\"https:\/\/lepatriotebenin.com\/wp-content\/uploads\/2026\/05\/4eme-etape-585x439.jpg\"\r\n                             data-sizes=\"(max-width: 767px) 585px, 768px\">\r\n                        <\/div>\r\n\t\t\t\t\t                <\/div>\r\n            <\/div>\r\n            <div class=\"pcbg-content\">\r\n                <div class=\"pcbg-content-flex\">\r\n                    <a class=\"pcbg-bgoverlay\"\r\n                       href=\"https:\/\/lepatriotebenin.com\/index.php\/2026\/05\/01\/tour-cycliste-international-du-benin-le-marocain-mraouni-salah-eddine-vainqueur-de-la-4eme-etape\/\" title=\"Tour cycliste international du B\u00e9nin : Le Marocain Mraouni Salah Eddine vainqueur de la 4\u00e8me \u00e9tape\"><\/a>\r\n                    <div class=\"pcbg-content-inner bgcontent-block\">\r\n                        <a href=\"https:\/\/lepatriotebenin.com\/index.php\/2026\/05\/01\/tour-cycliste-international-du-benin-le-marocain-mraouni-salah-eddine-vainqueur-de-la-4eme-etape\/\" title=\"Tour cycliste international du B\u00e9nin : Le Marocain Mraouni Salah Eddine vainqueur de la 4\u00e8me \u00e9tape\"\r\n                           class=\"pcbg-bgoverlaytext item-hover\"><\/a>\r\n\r\n\t\t\t\t\t\t                            <div class=\"pcbg-above item-hover\">\r\n\t\t\t\t\t\t\t<span class=\"cat pcbg-sub-title\">\r\n\t\t\t\t\t\t\t\t<a style=\"\" class=\"penci-cat-name penci-cat-8\" href=\"https:\/\/lepatriotebenin.com\/index.php\/category\/sport\/\"  rel=\"category tag\"><span style=\"\">Sport<\/span><\/a>\t\t\t\t\t\t\t<\/span>\r\n                            <\/div>\r\n\t\t\t\t\t\t\r\n\t\t\t\t\t\t                            <div class=\"pcbg-heading item-hover\">\r\n                                <h3 class=\"pcbg-title\">\r\n                                    <a href=\"https:\/\/lepatriotebenin.com\/index.php\/2026\/05\/01\/tour-cycliste-international-du-benin-le-marocain-mraouni-salah-eddine-vainqueur-de-la-4eme-etape\/\">\r\n\t\t\t\t\t\t\t\t\t\tTour cycliste international du B\u00e9nin : Le Marocain Mraouni Salah Eddine vainqueur de la 4\u00e8me \u00e9tape                                    <\/a>\r\n                                <\/h3>\r\n                            <\/div>\r\n\t\t\t\t\t\t\r\n\t\t\t\t\t\t                            <div class=\"grid-post-box-meta pcbg-meta item-hover\">\r\n                                <div class=\"pcbg-meta-desc\">\r\n\t\t\t\t\t\t\t\t\t\t\t\t\t\t\t\t\t\t                                        <span class=\"bg-date\"><time class=\"entry-date published\" datetime=\"2026-05-01T20:05:39+02:00\">1 mai 2026<\/time><\/span>\r\n\t\t\t\t\t\t\t\t\t\t\t\t\t\t\t\t\t\t\t\t\t\t\t\t\t\t\t\t\t\t\t\t\t\t\t\t\t\t\t\t\t\t\t\t\t                                <\/div>\r\n\t\t\t\t\t\t\t\t                            <\/div>\r\n\t\t\t\t\t\t\r\n\t\t\t\t\t\t                    <\/div>\r\n                <\/div>\r\n            <\/div>\r\n        <\/div>\r\n    <\/div>\r\n<\/div>\r\n<\/div>                <\/div>\r\n\t\t\t\t            <\/div>\r\n        <\/div>\r\n\t\t\t\t\t\t<\/div>\n\t\t\t\t<\/div>\n\t\t\t\t<div class=\"elementor-element elementor-element-58af853 elementor-widget elementor-widget-penci-big-grid\" data-id=\"58af853\" data-element_type=\"widget\" data-e-type=\"widget\" data-widget_type=\"penci-big-grid.default\">\n\t\t\t\t<div class=\"elementor-widget-container\">\n\t\t\t\t\t        <div class=\"penci-clearfix penci-biggrid-wrapper penci-grid-col-3 penci-grid-mcol-1 penci-bgrid-based-post penci-bgrid-style-1 pcbg-ficonpo-top-right pcbg-reiconpo-top-left penci-bgrid-content-below pencibg-imageh-none pencibg-texth-none pencibg-textani-movetop textop\">\r\n\t\t\t            <div class=\"penci-clearfix penci-biggrid penci-bgstyle-1 penci-bgel\">\r\n                <div class=\"penci-biggrid-inner default\">\r\n\t\t\t\t\t<div class=\"penci-clearfix penci-biggrid-data penci-dflex\"><div class=\"penci-bgitem\">\r\n    <div class=\"penci-bgitin\">\r\n        <div class=\"penci-bgmain\">\r\n            <div class=\"pcbg-thumb\">\r\n\t\t\t\t\t\t\t\t                <div class=\"pcbg-thumbin\">\r\n                    <a class=\"pcbg-bgoverlay active-overlay\"\r\n                       href=\"https:\/\/lepatriotebenin.com\/index.php\/2026\/05\/01\/service-public-les-delais-du-casier-judiciaire-allonges-au-cncj\/\" title=\"Service public : Les d\u00e9lais du casier judiciaire allong\u00e9s au CNCJ\"><\/a>\r\n\t\t\t\t\t                        <div class=\"penci-image-holder penci-lazy\"                             data-bgset=\"https:\/\/lepatriotebenin.com\/wp-content\/uploads\/2026\/05\/casier-judiciaire-585x329.jpg\" data_bg_hidpi=\"https:\/\/lepatriotebenin.com\/wp-content\/uploads\/2026\/05\/casier-judiciaire-585x329.jpg\"\r\n                             data-sizes=\"(max-width: 767px) 585px, 585px\">\r\n                        <\/div>\r\n\t\t\t\t\t                <\/div>\r\n            <\/div>\r\n            <div class=\"pcbg-content\">\r\n                <div class=\"pcbg-content-flex\">\r\n                    <a class=\"pcbg-bgoverlay\"\r\n                       href=\"https:\/\/lepatriotebenin.com\/index.php\/2026\/05\/01\/service-public-les-delais-du-casier-judiciaire-allonges-au-cncj\/\" title=\"Service public : Les d\u00e9lais du casier judiciaire allong\u00e9s au CNCJ\"><\/a>\r\n                    <div class=\"pcbg-content-inner bgcontent-block\">\r\n                        <a href=\"https:\/\/lepatriotebenin.com\/index.php\/2026\/05\/01\/service-public-les-delais-du-casier-judiciaire-allonges-au-cncj\/\" title=\"Service public : Les d\u00e9lais du casier judiciaire allong\u00e9s au CNCJ\"\r\n                           class=\"pcbg-bgoverlaytext item-hover\"><\/a>\r\n\r\n\t\t\t\t\t\t                            <div class=\"pcbg-above item-hover\">\r\n\t\t\t\t\t\t\t<span class=\"cat pcbg-sub-title\">\r\n\t\t\t\t\t\t\t\t<a style=\"\" class=\"penci-cat-name penci-cat-20\" href=\"https:\/\/lepatriotebenin.com\/index.php\/category\/societe\/\"  rel=\"category tag\"><span style=\"\">Soci\u00e9t\u00e9<\/span><\/a>\t\t\t\t\t\t\t<\/span>\r\n                            <\/div>\r\n\t\t\t\t\t\t\r\n\t\t\t\t\t\t                            <div class=\"pcbg-heading item-hover\">\r\n                                <h3 class=\"pcbg-title\">\r\n                                    <a href=\"https:\/\/lepatriotebenin.com\/index.php\/2026\/05\/01\/service-public-les-delais-du-casier-judiciaire-allonges-au-cncj\/\">\r\n\t\t\t\t\t\t\t\t\t\tService public : Les d\u00e9lais du casier judiciaire allong\u00e9s au CNCJ                                    <\/a>\r\n                                <\/h3>\r\n                            <\/div>\r\n\t\t\t\t\t\t\r\n\t\t\t\t\t\t                            <div class=\"grid-post-box-meta pcbg-meta item-hover\">\r\n                                <div class=\"pcbg-meta-desc\">\r\n\t\t\t\t\t\t\t\t\t\t\t\t\t\t\t\t\t\t                                        <span class=\"bg-date\"><time class=\"entry-date published\" datetime=\"2026-05-01T19:53:09+02:00\">1 mai 2026<\/time><\/span>\r\n\t\t\t\t\t\t\t\t\t\t\t\t\t\t\t\t\t\t\t\t\t\t\t\t\t\t\t\t\t\t\t\t\t\t\t\t\t\t\t\t\t\t\t\t\t                                <\/div>\r\n\t\t\t\t\t\t\t\t                            <\/div>\r\n\t\t\t\t\t\t\r\n\t\t\t\t\t\t                    <\/div>\r\n                <\/div>\r\n            <\/div>\r\n        <\/div>\r\n    <\/div>\r\n<\/div>\r\n<div class=\"penci-bgitem\">\r\n    <div class=\"penci-bgitin\">\r\n        <div class=\"penci-bgmain\">\r\n            <div class=\"pcbg-thumb\">\r\n\t\t\t\t\t\t\t\t                <div class=\"pcbg-thumbin\">\r\n                    <a class=\"pcbg-bgoverlay active-overlay\"\r\n                       href=\"https:\/\/lepatriotebenin.com\/index.php\/2026\/05\/01\/praticiens-de-la-medecine-traditionnelle-au-benin-lanaprametrab-oueme-sensibilise-ses-membres-de-porto-novo-sur-les-nouvelles-normes-instaurees-par-le-gouvernement\/\" title=\"Praticiens de la M\u00e9decine Traditionnelle au B\u00e9nin : L\u2019ANAPRAMETRAB\/Ou\u00e9m\u00e9 sensibilise ses membres de Porto-Novo sur les nouvelles normes instaur\u00e9es par le gouvernement\"><\/a>\r\n\t\t\t\t\t                        <div class=\"penci-image-holder penci-lazy\"                             data-bgset=\"https:\/\/lepatriotebenin.com\/wp-content\/uploads\/2026\/05\/1a-585x439.jpeg\" data_bg_hidpi=\"https:\/\/lepatriotebenin.com\/wp-content\/uploads\/2026\/05\/1a-585x439.jpeg\"\r\n                             data-sizes=\"(max-width: 767px) 585px, 585px\">\r\n                        <\/div>\r\n\t\t\t\t\t                <\/div>\r\n            <\/div>\r\n            <div class=\"pcbg-content\">\r\n                <div class=\"pcbg-content-flex\">\r\n                    <a class=\"pcbg-bgoverlay\"\r\n                       href=\"https:\/\/lepatriotebenin.com\/index.php\/2026\/05\/01\/praticiens-de-la-medecine-traditionnelle-au-benin-lanaprametrab-oueme-sensibilise-ses-membres-de-porto-novo-sur-les-nouvelles-normes-instaurees-par-le-gouvernement\/\" title=\"Praticiens de la M\u00e9decine Traditionnelle au B\u00e9nin : L\u2019ANAPRAMETRAB\/Ou\u00e9m\u00e9 sensibilise ses membres de Porto-Novo sur les nouvelles normes instaur\u00e9es par le gouvernement\"><\/a>\r\n                    <div class=\"pcbg-content-inner bgcontent-block\">\r\n                        <a href=\"https:\/\/lepatriotebenin.com\/index.php\/2026\/05\/01\/praticiens-de-la-medecine-traditionnelle-au-benin-lanaprametrab-oueme-sensibilise-ses-membres-de-porto-novo-sur-les-nouvelles-normes-instaurees-par-le-gouvernement\/\" title=\"Praticiens de la M\u00e9decine Traditionnelle au B\u00e9nin : L\u2019ANAPRAMETRAB\/Ou\u00e9m\u00e9 sensibilise ses membres de Porto-Novo sur les nouvelles normes instaur\u00e9es par le gouvernement\"\r\n                           class=\"pcbg-bgoverlaytext item-hover\"><\/a>\r\n\r\n\t\t\t\t\t\t                            <div class=\"pcbg-above item-hover\">\r\n\t\t\t\t\t\t\t<span class=\"cat pcbg-sub-title\">\r\n\t\t\t\t\t\t\t\t<a style=\"\" class=\"penci-cat-name penci-cat-20\" href=\"https:\/\/lepatriotebenin.com\/index.php\/category\/societe\/\"  rel=\"category tag\"><span style=\"\">Soci\u00e9t\u00e9<\/span><\/a>\t\t\t\t\t\t\t<\/span>\r\n                            <\/div>\r\n\t\t\t\t\t\t\r\n\t\t\t\t\t\t                            <div class=\"pcbg-heading item-hover\">\r\n                                <h3 class=\"pcbg-title\">\r\n                                    <a href=\"https:\/\/lepatriotebenin.com\/index.php\/2026\/05\/01\/praticiens-de-la-medecine-traditionnelle-au-benin-lanaprametrab-oueme-sensibilise-ses-membres-de-porto-novo-sur-les-nouvelles-normes-instaurees-par-le-gouvernement\/\">\r\n\t\t\t\t\t\t\t\t\t\tPraticiens de la M\u00e9decine Traditionnelle au B\u00e9nin : L\u2019ANAPRAMETRAB\/Ou\u00e9m\u00e9 sensibilise ses membres de Porto-Novo sur les nouvelles normes instaur\u00e9es par le gouvernement                                    <\/a>\r\n                                <\/h3>\r\n                            <\/div>\r\n\t\t\t\t\t\t\r\n\t\t\t\t\t\t                            <div class=\"grid-post-box-meta pcbg-meta item-hover\">\r\n                                <div class=\"pcbg-meta-desc\">\r\n\t\t\t\t\t\t\t\t\t\t\t\t\t\t\t\t\t\t                                        <span class=\"bg-date\"><time class=\"entry-date published\" datetime=\"2026-05-01T12:49:27+02:00\">1 mai 2026<\/time><\/span>\r\n\t\t\t\t\t\t\t\t\t\t\t\t\t\t\t\t\t\t\t\t\t\t\t\t\t\t\t\t\t\t\t\t\t\t\t\t\t\t\t\t\t\t\t\t\t                                <\/div>\r\n\t\t\t\t\t\t\t\t                            <\/div>\r\n\t\t\t\t\t\t\r\n\t\t\t\t\t\t                    <\/div>\r\n                <\/div>\r\n            <\/div>\r\n        <\/div>\r\n    <\/div>\r\n<\/div>\r\n<div class=\"penci-bgitem\">\r\n    <div class=\"penci-bgitin\">\r\n        <div class=\"penci-bgmain\">\r\n            <div class=\"pcbg-thumb\">\r\n\t\t\t\t\t\t\t\t                <div class=\"pcbg-thumbin\">\r\n                    <a class=\"pcbg-bgoverlay active-overlay\"\r\n                       href=\"https:\/\/lepatriotebenin.com\/index.php\/2026\/05\/01\/hydrocarbures-au-benin-une-nouvelle-hausse-des-prix-en-vigueur-ce-1er-mai-les-nouveaux-tarifs\/\" title=\"Hydrocarbures au B\u00e9nin : Une nouvelle hausse des prix d\u00e9j\u00e0 en vigueur ce 1er  mai, les nouveaux tarifs\"><\/a>\r\n\t\t\t\t\t                        <div class=\"penci-image-holder penci-lazy\"                             data-bgset=\"https:\/\/lepatriotebenin.com\/wp-content\/uploads\/2026\/05\/station-service-nouveau-4-585x420.jpeg\" data_bg_hidpi=\"https:\/\/lepatriotebenin.com\/wp-content\/uploads\/2026\/05\/station-service-nouveau-4-585x420.jpeg\"\r\n                             data-sizes=\"(max-width: 767px) 585px, 585px\">\r\n                        <\/div>\r\n\t\t\t\t\t                <\/div>\r\n            <\/div>\r\n            <div class=\"pcbg-content\">\r\n                <div class=\"pcbg-content-flex\">\r\n                    <a class=\"pcbg-bgoverlay\"\r\n                       href=\"https:\/\/lepatriotebenin.com\/index.php\/2026\/05\/01\/hydrocarbures-au-benin-une-nouvelle-hausse-des-prix-en-vigueur-ce-1er-mai-les-nouveaux-tarifs\/\" title=\"Hydrocarbures au B\u00e9nin : Une nouvelle hausse des prix d\u00e9j\u00e0 en vigueur ce 1er  mai, les nouveaux tarifs\"><\/a>\r\n                    <div class=\"pcbg-content-inner bgcontent-block\">\r\n                        <a href=\"https:\/\/lepatriotebenin.com\/index.php\/2026\/05\/01\/hydrocarbures-au-benin-une-nouvelle-hausse-des-prix-en-vigueur-ce-1er-mai-les-nouveaux-tarifs\/\" title=\"Hydrocarbures au B\u00e9nin : Une nouvelle hausse des prix d\u00e9j\u00e0 en vigueur ce 1er  mai, les nouveaux tarifs\"\r\n                           class=\"pcbg-bgoverlaytext item-hover\"><\/a>\r\n\r\n\t\t\t\t\t\t                            <div class=\"pcbg-above item-hover\">\r\n\t\t\t\t\t\t\t<span class=\"cat pcbg-sub-title\">\r\n\t\t\t\t\t\t\t\t<a style=\"\" class=\"penci-cat-name penci-cat-20\" href=\"https:\/\/lepatriotebenin.com\/index.php\/category\/societe\/\"  rel=\"category tag\"><span style=\"\">Soci\u00e9t\u00e9<\/span><\/a>\t\t\t\t\t\t\t<\/span>\r\n                            <\/div>\r\n\t\t\t\t\t\t\r\n\t\t\t\t\t\t                            <div class=\"pcbg-heading item-hover\">\r\n                                <h3 class=\"pcbg-title\">\r\n                                    <a href=\"https:\/\/lepatriotebenin.com\/index.php\/2026\/05\/01\/hydrocarbures-au-benin-une-nouvelle-hausse-des-prix-en-vigueur-ce-1er-mai-les-nouveaux-tarifs\/\">\r\n\t\t\t\t\t\t\t\t\t\tHydrocarbures au B\u00e9nin : Une nouvelle hausse des prix d\u00e9j\u00e0 en vigueur ce 1er  mai, les nouveaux tarifs                                    <\/a>\r\n                                <\/h3>\r\n                            <\/div>\r\n\t\t\t\t\t\t\r\n\t\t\t\t\t\t                            <div class=\"grid-post-box-meta pcbg-meta item-hover\">\r\n                                <div class=\"pcbg-meta-desc\">\r\n\t\t\t\t\t\t\t\t\t\t\t\t\t\t\t\t\t\t                                        <span class=\"bg-date\"><time class=\"entry-date published\" datetime=\"2026-05-01T09:17:48+02:00\">1 mai 2026<\/time><\/span>\r\n\t\t\t\t\t\t\t\t\t\t\t\t\t\t\t\t\t\t\t\t\t\t\t\t\t\t\t\t\t\t\t\t\t\t\t\t\t\t\t\t\t\t\t\t\t                                <\/div>\r\n\t\t\t\t\t\t\t\t                            <\/div>\r\n\t\t\t\t\t\t\r\n\t\t\t\t\t\t                    <\/div>\r\n                <\/div>\r\n            <\/div>\r\n        <\/div>\r\n    <\/div>\r\n<\/div>\r\n<\/div>                <\/div>\r\n\t\t\t\t            <\/div>\r\n        <\/div>\r\n\t\t\t\t\t\t<\/div>\n\t\t\t\t<\/div>\n\t\t\t\t\t<\/div>\n\t\t<\/div>\n\t\t\t\t<div class=\"penci-ercol-50 penci-ercol-order-2 penci-sticky-ct    elementor-column elementor-col-50 elementor-top-column elementor-element elementor-element-2eb0de0\" data-id=\"2eb0de0\" data-element_type=\"column\" data-e-type=\"column\">\n\t\t\t<div class=\"elementor-widget-wrap elementor-element-populated\">\n\t\t\t\t\t\t<div class=\"elementor-element elementor-element-a3a9a05 elementor-widget elementor-widget-penci-block-heading\" data-id=\"a3a9a05\" data-element_type=\"widget\" data-e-type=\"widget\" data-widget_type=\"penci-block-heading.default\">\n\t\t\t\t<div class=\"elementor-widget-container\">\n\t\t\t\t\t\t\t<div class=\"penci-border-arrow penci-homepage-title penci-home-latest-posts style-6 pcalign-left pciconp-right pcicon-right block-title-icon-left\">\n\t\t\t<h3 class=\"inner-arrow\">\r\n\t\t\t\t<span>\r\n\t\t\t\t<span>D\u00e9p\u00eaches<\/span>\t\t\t\t\t<\/span>\r\n\t\t\t<\/h3>\r\n\t\t\t\t\t<\/div>\r\n\t\t\t\t\t\t<\/div>\n\t\t\t\t<\/div>\n\t\t\t\t<div class=\"elementor-element elementor-element-8f16dd6 elementor-widget elementor-widget-penci-big-grid\" data-id=\"8f16dd6\" data-element_type=\"widget\" data-e-type=\"widget\" data-widget_type=\"penci-big-grid.default\">\n\t\t\t\t<div class=\"elementor-widget-container\">\n\t\t\t\t\t        <div class=\"penci-clearfix penci-biggrid-wrapper penci-grid-col-2 penci-grid-mcol-1 penci-bgrid-based-post penci-bgrid-style-1 pcbg-ficonpo-top-right pcbg-reiconpo-top-left penci-bgrid-content-below pencibg-imageh-none pencibg-texth-none pencibg-textani-movetop textop\">\r\n\t\t\t            <div class=\"penci-clearfix penci-biggrid penci-bgstyle-1 penci-bgel\">\r\n                <div class=\"penci-biggrid-inner default\">\r\n\t\t\t\t\t<div class=\"penci-clearfix penci-biggrid-data penci-dflex\"><div class=\"penci-bgitem\">\r\n    <div class=\"penci-bgitin\">\r\n        <div class=\"penci-bgmain\">\r\n            <div class=\"pcbg-thumb\">\r\n\t\t\t\t\t\t\t\t                <div class=\"pcbg-thumbin\">\r\n                    <a class=\"pcbg-bgoverlay active-overlay\"\r\n                       href=\"https:\/\/lepatriotebenin.com\/index.php\/2026\/05\/01\/fete-du-travail-2026-au-benin-la-cstb-en-marche-pour-ses-revendications\/\" title=\"F\u00eate du travail 2026 au B\u00e9nin :La CSTB en marche pour ses revendications\"><\/a>\r\n\t\t\t\t\t                        <div class=\"penci-image-holder penci-lazy\"                             data-bgset=\"https:\/\/lepatriotebenin.com\/wp-content\/uploads\/2026\/04\/kassa-mampo-585x621.jpeg\" data_bg_hidpi=\"https:\/\/lepatriotebenin.com\/wp-content\/uploads\/2026\/04\/kassa-mampo-585x621.jpeg\"\r\n                             data-sizes=\"(max-width: 767px) 585px, 585px\">\r\n                        <\/div>\r\n\t\t\t\t\t                <\/div>\r\n            <\/div>\r\n            <div class=\"pcbg-content\">\r\n                <div class=\"pcbg-content-flex\">\r\n                    <a class=\"pcbg-bgoverlay\"\r\n                       href=\"https:\/\/lepatriotebenin.com\/index.php\/2026\/05\/01\/fete-du-travail-2026-au-benin-la-cstb-en-marche-pour-ses-revendications\/\" title=\"F\u00eate du travail 2026 au B\u00e9nin :La CSTB en marche pour ses revendications\"><\/a>\r\n                    <div class=\"pcbg-content-inner bgcontent-block\">\r\n                        <a href=\"https:\/\/lepatriotebenin.com\/index.php\/2026\/05\/01\/fete-du-travail-2026-au-benin-la-cstb-en-marche-pour-ses-revendications\/\" title=\"F\u00eate du travail 2026 au B\u00e9nin :La CSTB en marche pour ses revendications\"\r\n                           class=\"pcbg-bgoverlaytext item-hover\"><\/a>\r\n\r\n\t\t\t\t\t\t                            <div class=\"pcbg-above item-hover\">\r\n\t\t\t\t\t\t\t<span class=\"cat pcbg-sub-title\">\r\n\t\t\t\t\t\t\t\t<a style=\"\" class=\"penci-cat-name penci-cat-20\" href=\"https:\/\/lepatriotebenin.com\/index.php\/category\/societe\/\"  rel=\"category tag\"><span style=\"\">Soci\u00e9t\u00e9<\/span><\/a>\t\t\t\t\t\t\t<\/span>\r\n                            <\/div>\r\n\t\t\t\t\t\t\r\n\t\t\t\t\t\t                            <div class=\"pcbg-heading item-hover\">\r\n                                <h3 class=\"pcbg-title\">\r\n                                    <a href=\"https:\/\/lepatriotebenin.com\/index.php\/2026\/05\/01\/fete-du-travail-2026-au-benin-la-cstb-en-marche-pour-ses-revendications\/\">\r\n\t\t\t\t\t\t\t\t\t\tF\u00eate du travail 2026 au B\u00e9nin :La CSTB en marche pour ses revendications                                    <\/a>\r\n                                <\/h3>\r\n                            <\/div>\r\n\t\t\t\t\t\t\r\n\t\t\t\t\t\t                            <div class=\"grid-post-box-meta pcbg-meta item-hover\">\r\n                                <div class=\"pcbg-meta-desc\">\r\n\t\t\t\t\t\t\t\t\t\t\t\t\t\t\t\t\t\t                                        <span class=\"bg-date\"><time class=\"entry-date published\" datetime=\"2026-05-01T01:26:30+02:00\">1 mai 2026<\/time><\/span>\r\n\t\t\t\t\t\t\t\t\t\t\t\t\t\t\t\t\t\t\t\t\t\t\t\t\t\t\t\t\t\t\t\t\t\t\t\t\t\t\t\t\t\t\t\t\t                                <\/div>\r\n\t\t\t\t\t\t\t\t                            <\/div>\r\n\t\t\t\t\t\t\r\n\t\t\t\t\t\t                    <\/div>\r\n                <\/div>\r\n            <\/div>\r\n        <\/div>\r\n    <\/div>\r\n<\/div>\r\n<div class=\"penci-bgitem\">\r\n    <div class=\"penci-bgitin\">\r\n        <div class=\"penci-bgmain\">\r\n            <div class=\"pcbg-thumb\">\r\n\t\t\t\t\t\t\t\t                <div class=\"pcbg-thumbin\">\r\n                    <a class=\"pcbg-bgoverlay active-overlay\"\r\n                       href=\"https:\/\/lepatriotebenin.com\/index.php\/2026\/04\/30\/tour-cycliste-international-du-benin-deuxieme-victoire-consecutive-pour-lalgerien-assal-najib\/\" title=\"Tour cycliste international du B\u00e9nin : Deuxi\u00e8me victoire cons\u00e9cutive pour l\u2019Alg\u00e9rien  Assal Nadjib\"><\/a>\r\n\t\t\t\t\t                        <div class=\"penci-image-holder penci-lazy\"                             data-bgset=\"https:\/\/lepatriotebenin.com\/wp-content\/uploads\/2026\/04\/3eme-etape-585x439.jpg\" data_bg_hidpi=\"https:\/\/lepatriotebenin.com\/wp-content\/uploads\/2026\/04\/3eme-etape-585x439.jpg\"\r\n                             data-sizes=\"(max-width: 767px) 585px, 585px\">\r\n                        <\/div>\r\n\t\t\t\t\t                <\/div>\r\n            <\/div>\r\n            <div class=\"pcbg-content\">\r\n                <div class=\"pcbg-content-flex\">\r\n                    <a class=\"pcbg-bgoverlay\"\r\n                       href=\"https:\/\/lepatriotebenin.com\/index.php\/2026\/04\/30\/tour-cycliste-international-du-benin-deuxieme-victoire-consecutive-pour-lalgerien-assal-najib\/\" title=\"Tour cycliste international du B\u00e9nin : Deuxi\u00e8me victoire cons\u00e9cutive pour l\u2019Alg\u00e9rien  Assal Nadjib\"><\/a>\r\n                    <div class=\"pcbg-content-inner bgcontent-block\">\r\n                        <a href=\"https:\/\/lepatriotebenin.com\/index.php\/2026\/04\/30\/tour-cycliste-international-du-benin-deuxieme-victoire-consecutive-pour-lalgerien-assal-najib\/\" title=\"Tour cycliste international du B\u00e9nin : Deuxi\u00e8me victoire cons\u00e9cutive pour l\u2019Alg\u00e9rien  Assal Nadjib\"\r\n                           class=\"pcbg-bgoverlaytext item-hover\"><\/a>\r\n\r\n\t\t\t\t\t\t                            <div class=\"pcbg-above item-hover\">\r\n\t\t\t\t\t\t\t<span class=\"cat pcbg-sub-title\">\r\n\t\t\t\t\t\t\t\t<a style=\"\" class=\"penci-cat-name penci-cat-8\" href=\"https:\/\/lepatriotebenin.com\/index.php\/category\/sport\/\"  rel=\"category tag\"><span style=\"\">Sport<\/span><\/a>\t\t\t\t\t\t\t<\/span>\r\n                            <\/div>\r\n\t\t\t\t\t\t\r\n\t\t\t\t\t\t                            <div class=\"pcbg-heading item-hover\">\r\n                                <h3 class=\"pcbg-title\">\r\n                                    <a href=\"https:\/\/lepatriotebenin.com\/index.php\/2026\/04\/30\/tour-cycliste-international-du-benin-deuxieme-victoire-consecutive-pour-lalgerien-assal-najib\/\">\r\n\t\t\t\t\t\t\t\t\t\tTour cycliste international du B\u00e9nin : Deuxi\u00e8me victoire cons\u00e9cutive pour l\u2019Alg\u00e9rien  Assal Nadjib                                    <\/a>\r\n                                <\/h3>\r\n                            <\/div>\r\n\t\t\t\t\t\t\r\n\t\t\t\t\t\t                            <div class=\"grid-post-box-meta pcbg-meta item-hover\">\r\n                                <div class=\"pcbg-meta-desc\">\r\n\t\t\t\t\t\t\t\t\t\t\t\t\t\t\t\t\t\t                                        <span class=\"bg-date\"><time class=\"entry-date published\" datetime=\"2026-04-30T16:49:34+02:00\">30 avril 2026<\/time><\/span>\r\n\t\t\t\t\t\t\t\t\t\t\t\t\t\t\t\t\t\t\t\t\t\t\t\t\t\t\t\t\t\t\t\t\t\t\t\t\t\t\t\t\t\t\t\t\t                                <\/div>\r\n\t\t\t\t\t\t\t\t                            <\/div>\r\n\t\t\t\t\t\t\r\n\t\t\t\t\t\t                    <\/div>\r\n                <\/div>\r\n            <\/div>\r\n        <\/div>\r\n    <\/div>\r\n<\/div>\r\n<\/div>                <\/div>\r\n\t\t\t\t            <\/div>\r\n        <\/div>\r\n\t\t\t\t\t\t<\/div>\n\t\t\t\t<\/div>\n\t\t\t\t<div class=\"elementor-element elementor-element-257205f elementor-widget elementor-widget-penci-small-list\" data-id=\"257205f\" data-element_type=\"widget\" data-e-type=\"widget\" data-widget_type=\"penci-small-list.default\">\n\t\t\t\t<div class=\"elementor-widget-container\">\n\t\t\t\t\t<script>if( typeof(penciBlock) === \"undefined\" ) {function penciBlock() { this.atts_json = ''; this.content = ''; }}var penciBlocksArray = penciBlocksArray || [];var PENCILOCALCACHE = PENCILOCALCACHE || {};var pcblock_6552 = new penciBlock();pcblock_6552.blockID=\"pcblock_6552\";pcblock_6552.atts_json = '{\"type\":\"grid\",\"dformat\":\"\",\"date_pos\":\"left\",\"column\":\"1\",\"tab_column\":\"\",\"mb_column\":\"\",\"imgpos\":\"left\",\"thumb_size\":\"\",\"mthumb_size\":\"\",\"post_meta\":[\"title\",\"date\"],\"primary_cat\":\"\",\"title_length\":\"\",\"excerpt_pos\":\"below\",\"rmstyle\":\"filled\",\"excerpt_length\":15,\"nocrop\":\"\",\"hide_cat_mobile\":\"\",\"hide_meta_mobile\":\"\",\"hide_excerpt_mobile\":\"\",\"hide_rm_mobile\":\"\",\"imgtop_mobile\":\"\",\"ver_border\":\"\",\"hide_thumb\":\"\",\"show_reviewpie\":\"\",\"show_formaticon\":\"\",\"disable_lazy\":\"\",\"show_excerpt\":\"\",\"show_readmore\":\"\",\"query\":{\"orderby\":\"date\",\"order\":\"desc\",\"ignore_sticky_posts\":1,\"post_status\":\"publish\",\"post__not_in\":[],\"post_type\":\"post\",\"posts_per_page\":3,\"tax_query\":[],\"offset\":6,\"paged\":1},\"category_ids\":\"\",\"taxonomy\":\"\"}';penciBlocksArray.push(pcblock_6552);<\/script>        <div class=\"penci-wrapper-smalllist\">\r\n\t\t\t\t\t\t            <div class=\"penci-smalllist-wrapper\">\r\n\t\t\t\t                    <div class=\"penci-smalllist pcsl-wrapper pwsl-id-default\">\r\n                        <div class=\"pcsl-inner penci-clearfix pcsl-grid pcsl-imgpos-left pcsl-col-1 pcsl-tabcol-2 pcsl-mobcol-1\">\r\n\t\t\t\t\t\t\t                                <div class=\"pcsl-item\">\r\n                                    <div class=\"pcsl-itemin\">\r\n                                        <div class=\"pcsl-iteminer\">\r\n\t\t\t\t\t\t\t\t\t\t\t\r\n\t\t\t\t\t\t\t\t\t\t\t                                                <div class=\"pcsl-thumb\">\r\n\t\t\t\t\t\t\t\t\t\t\t\t\t\t\t\t\t\t\t\t\t\t\t\t\t\t\t\t\t\t\t\t\t\t\t\t\t\t\t                                                        <a href=\"https:\/\/lepatriotebenin.com\/index.php\/2026\/04\/30\/epreuves-a-option-au-cep-2026-les-candidats-planchent-en-couture-et-grimper-saut-en-hauteur\/\"\r\n                                                           title=\"\u00c9preuves \u00e0 option au Cep 2026: Les candidats planchent en Couture et Grimper\/ saut en hauteur\"\r\n                                                           class=\"penci-image-holder penci-lazy\"                                                           data-bgset=\"https:\/\/lepatriotebenin.com\/wp-content\/uploads\/2026\/04\/eleves-263x175.webp\">\r\n                                                        <\/a>\r\n\t\t\t\t\t\t\t\t\t\t\t\t\t                                                <\/div>\r\n\t\t\t\t\t\t\t\t\t\t\t                                            <div class=\"pcsl-content\">\r\n\t\t\t\t\t\t\t\t\t\t\t\t\r\n\t\t\t\t\t\t\t\t\t\t\t\t                                                    <div class=\"pcsl-title\">\r\n                                                        <a href=\"https:\/\/lepatriotebenin.com\/index.php\/2026\/04\/30\/epreuves-a-option-au-cep-2026-les-candidats-planchent-en-couture-et-grimper-saut-en-hauteur\/\">\u00c9preuves \u00e0 option au Cep 2026: Les candidats planchent en Couture et Grimper\/ saut en hauteur<\/a>\r\n                                                    <\/div>\r\n\t\t\t\t\t\t\t\t\t\t\t\t\r\n\t\t\t\t\t\t\t\t\t\t\t\t                                                    <div class=\"grid-post-box-meta pcsl-meta\">\r\n\t\t\t\t\t\t\t\t\t\t\t\t\t\t\t\t\t\t\t\t\t\t\t\t\t\t\t\t                                                            <span class=\"sl-date\"><time class=\"entry-date published\" datetime=\"2026-04-30T16:12:53+02:00\">30 avril 2026<\/time><\/span>\r\n\t\t\t\t\t\t\t\t\t\t\t\t\t\t\t\t\t\t\t\t\t\t\t\t\t\t\t\t\t\t\t\t\t\t\t\t\t\t\t\t\t\t\t\t\t\t\t\t\t\t\t\t\t\t\t\t\t\t\t\t\t\t\t\t\t\t\t\t\t\t                                                    <\/div>\r\n\t\t\t\t\t\t\t\t\t\t\t\t\r\n\t\t\t\t\t\t\t\t\t\t\t\t\t\t\t\t\t\t\t\t\t\t\t\t\r\n                                            <\/div>\r\n\r\n\t\t\t\t\t\t\t\t\t\t\t                                        <\/div>\r\n                                    <\/div>\r\n                                <\/div>\r\n\t\t\t\t\t\t\t                                <div class=\"pcsl-item\">\r\n                                    <div class=\"pcsl-itemin\">\r\n                                        <div class=\"pcsl-iteminer\">\r\n\t\t\t\t\t\t\t\t\t\t\t\r\n\t\t\t\t\t\t\t\t\t\t\t                                                <div class=\"pcsl-thumb\">\r\n\t\t\t\t\t\t\t\t\t\t\t\t\t\t\t\t\t\t\t\t\t\t\t\t\t\t\t\t\t\t\t\t\t\t\t\t\t\t\t                                                        <a href=\"https:\/\/lepatriotebenin.com\/index.php\/2026\/04\/30\/classement-mondial-de-rsf-2026-le-benin-chute-lourdement-en-liberte-de-presse\/\"\r\n                                                           title=\"Classement mondial de RSF 2026 : Le B\u00e9nin chute lourdement en libert\u00e9 de presse\"\r\n                                                           class=\"penci-image-holder penci-lazy\"                                                           data-bgset=\"https:\/\/lepatriotebenin.com\/wp-content\/uploads\/2026\/04\/presse-n-263x175.jpeg\">\r\n                                                        <\/a>\r\n\t\t\t\t\t\t\t\t\t\t\t\t\t                                                <\/div>\r\n\t\t\t\t\t\t\t\t\t\t\t                                            <div class=\"pcsl-content\">\r\n\t\t\t\t\t\t\t\t\t\t\t\t\r\n\t\t\t\t\t\t\t\t\t\t\t\t                                                    <div class=\"pcsl-title\">\r\n                                                        <a href=\"https:\/\/lepatriotebenin.com\/index.php\/2026\/04\/30\/classement-mondial-de-rsf-2026-le-benin-chute-lourdement-en-liberte-de-presse\/\">Classement mondial de RSF 2026 : Le B\u00e9nin chute lourdement en libert\u00e9 de presse<\/a>\r\n                                                    <\/div>\r\n\t\t\t\t\t\t\t\t\t\t\t\t\r\n\t\t\t\t\t\t\t\t\t\t\t\t                                                    <div class=\"grid-post-box-meta pcsl-meta\">\r\n\t\t\t\t\t\t\t\t\t\t\t\t\t\t\t\t\t\t\t\t\t\t\t\t\t\t\t\t                                                            <span class=\"sl-date\"><time class=\"entry-date published\" datetime=\"2026-04-30T13:39:33+02:00\">30 avril 2026<\/time><\/span>\r\n\t\t\t\t\t\t\t\t\t\t\t\t\t\t\t\t\t\t\t\t\t\t\t\t\t\t\t\t\t\t\t\t\t\t\t\t\t\t\t\t\t\t\t\t\t\t\t\t\t\t\t\t\t\t\t\t\t\t\t\t\t\t\t\t\t\t\t\t\t\t                                                    <\/div>\r\n\t\t\t\t\t\t\t\t\t\t\t\t\r\n\t\t\t\t\t\t\t\t\t\t\t\t\t\t\t\t\t\t\t\t\t\t\t\t\r\n                                            <\/div>\r\n\r\n\t\t\t\t\t\t\t\t\t\t\t                                        <\/div>\r\n                                    <\/div>\r\n                                <\/div>\r\n\t\t\t\t\t\t\t                                <div class=\"pcsl-item\">\r\n                                    <div class=\"pcsl-itemin\">\r\n                                        <div class=\"pcsl-iteminer\">\r\n\t\t\t\t\t\t\t\t\t\t\t\r\n\t\t\t\t\t\t\t\t\t\t\t                                                <div class=\"pcsl-thumb\">\r\n\t\t\t\t\t\t\t\t\t\t\t\t\t\t\t\t\t\t\t\t\t\t\t\t\t\t\t\t\t\t\t\t\t\t\t\t\t\t\t                                                        <a href=\"https:\/\/lepatriotebenin.com\/index.php\/2026\/04\/30\/prolongation-de-la-detention-de-kemi-seba-la-justice-sud-africaine-prend-le-benin-a-contre-pieds\/\"\r\n                                                           title=\"Prolongation de la d\u00e9tention de K\u00e8mi S\u00e9ba  : La justice sud-africaine prend le B\u00e9nin \u00e0 contre pieds\"\r\n                                                           class=\"penci-image-holder penci-lazy\"                                                           data-bgset=\"https:\/\/lepatriotebenin.com\/wp-content\/uploads\/2026\/04\/4-ypki0-qdrb8yu-qdlbev-263x175.webp\">\r\n                                                        <\/a>\r\n\t\t\t\t\t\t\t\t\t\t\t\t\t                                                <\/div>\r\n\t\t\t\t\t\t\t\t\t\t\t                                            <div class=\"pcsl-content\">\r\n\t\t\t\t\t\t\t\t\t\t\t\t\r\n\t\t\t\t\t\t\t\t\t\t\t\t                                                    <div class=\"pcsl-title\">\r\n                                                        <a href=\"https:\/\/lepatriotebenin.com\/index.php\/2026\/04\/30\/prolongation-de-la-detention-de-kemi-seba-la-justice-sud-africaine-prend-le-benin-a-contre-pieds\/\">Prolongation de la d\u00e9tention de K\u00e8mi S\u00e9ba  : La justice sud-africaine prend le B\u00e9nin \u00e0 contre pieds<\/a>\r\n                                                    <\/div>\r\n\t\t\t\t\t\t\t\t\t\t\t\t\r\n\t\t\t\t\t\t\t\t\t\t\t\t                                                    <div class=\"grid-post-box-meta pcsl-meta\">\r\n\t\t\t\t\t\t\t\t\t\t\t\t\t\t\t\t\t\t\t\t\t\t\t\t\t\t\t\t                                                            <span class=\"sl-date\"><time class=\"entry-date published\" datetime=\"2026-04-30T03:36:42+02:00\">30 avril 2026<\/time><\/span>\r\n\t\t\t\t\t\t\t\t\t\t\t\t\t\t\t\t\t\t\t\t\t\t\t\t\t\t\t\t\t\t\t\t\t\t\t\t\t\t\t\t\t\t\t\t\t\t\t\t\t\t\t\t\t\t\t\t\t\t\t\t\t\t\t\t\t\t\t\t\t\t                                                    <\/div>\r\n\t\t\t\t\t\t\t\t\t\t\t\t\r\n\t\t\t\t\t\t\t\t\t\t\t\t\t\t\t\t\t\t\t\t\t\t\t\t\r\n                                            <\/div>\r\n\r\n\t\t\t\t\t\t\t\t\t\t\t                                        <\/div>\r\n                                    <\/div>\r\n                                <\/div>\r\n\t\t\t\t\t\t\t                        <\/div>\r\n\r\n\t\t\t\t\t\t\r\n                    <\/div>\r\n\t\t\t\t\t            <\/div>\r\n        <\/div>\r\n\t\t\t\t\t\t<\/div>\n\t\t\t\t<\/div>\n\t\t\t\t\t<\/div>\n\t\t<\/div>\n\t\t\t\t\t<\/div>\n\t\t<\/section>\n\t\t\t\t<section class=\"penci-section penci-disSticky penci-structure-20 elementor-section elementor-top-section elementor-element elementor-element-da2e03c elementor-section-boxed elementor-section-height-default elementor-section-height-default\" data-id=\"da2e03c\" data-element_type=\"section\" data-e-type=\"section\">\n\t\t\t\t\t\t<div class=\"elementor-container elementor-column-gap-default\">\n\t\t\t\t\t<div class=\"penci-ercol-50 penci-ercol-order-1 penci-sticky-ct    elementor-column elementor-col-50 elementor-top-column elementor-element elementor-element-3c163aa\" data-id=\"3c163aa\" data-element_type=\"column\" data-e-type=\"column\">\n\t\t\t<div class=\"elementor-widget-wrap elementor-element-populated\">\n\t\t\t\t\t\t<div class=\"elementor-element elementor-element-799d3b6 elementor-widget elementor-widget-penci-block-heading\" data-id=\"799d3b6\" data-element_type=\"widget\" data-e-type=\"widget\" data-widget_type=\"penci-block-heading.default\">\n\t\t\t\t<div class=\"elementor-widget-container\">\n\t\t\t\t\t\t\t<div class=\"penci-border-arrow penci-homepage-title penci-home-latest-posts style-15 pcalign-left pciconp-right pcicon-right block-title-icon-left\">\n\t\t\t<h3 class=\"inner-arrow\">\r\n\t\t\t\t<span>\r\n\t\t\t\t<a href=\"https:\/\/lepatriotebenin.com\/index.php\/category\/laune\/\">Espace Annonceur<\/a>\t\t\t\t\t<\/span>\r\n\t\t\t<\/h3>\r\n\t\t\t\t\t<\/div>\r\n\t\t\t\t\t\t<\/div>\n\t\t\t\t<\/div>\n\t\t\t\t<div class=\"elementor-element elementor-element-df8c264 elementor-widget elementor-widget-image\" data-id=\"df8c264\" data-element_type=\"widget\" data-e-type=\"widget\" data-widget_type=\"image.default\">\n\t\t\t\t<div class=\"elementor-widget-container\">\n\t\t\t\t\t\t\t\t\t\t\t\t\t\t\t<img fetchpriority=\"high\" decoding=\"async\" width=\"722\" height=\"1024\" src=\"https:\/\/lepatriotebenin.com\/wp-content\/uploads\/2025\/08\/whatsapp-image-2025-08-05-at-04-00-03-722x1024.jpeg\" class=\"attachment-large size-large wp-image-12774\" alt=\"\" srcset=\"https:\/\/lepatriotebenin.com\/wp-content\/uploads\/2025\/08\/whatsapp-image-2025-08-05-at-04-00-03-722x1024.jpeg 722w, https:\/\/lepatriotebenin.com\/wp-content\/uploads\/2025\/08\/whatsapp-image-2025-08-05-at-04-00-03-211x300.jpeg 211w, https:\/\/lepatriotebenin.com\/wp-content\/uploads\/2025\/08\/whatsapp-image-2025-08-05-at-04-00-03-585x830.jpeg 585w, https:\/\/lepatriotebenin.com\/wp-content\/uploads\/2025\/08\/whatsapp-image-2025-08-05-at-04-00-03.jpeg 761w\" sizes=\"(max-width: 722px) 100vw, 722px\" \/>\t\t\t\t\t\t\t\t\t\t\t\t\t\t\t<\/div>\n\t\t\t\t<\/div>\n\t\t\t\t\t<\/div>\n\t\t<\/div>\n\t\t\t\t<div class=\"penci-ercol-50 penci-ercol-order-2 penci-sticky-ct    elementor-column elementor-col-50 elementor-top-column elementor-element elementor-element-021d6e0\" data-id=\"021d6e0\" data-element_type=\"column\" data-e-type=\"column\">\n\t\t\t<div class=\"elementor-widget-wrap elementor-element-populated\">\n\t\t\t\t\t\t<div class=\"elementor-element elementor-element-ee97464 elementor-widget elementor-widget-penci-block-heading\" data-id=\"ee97464\" data-element_type=\"widget\" data-e-type=\"widget\" data-widget_type=\"penci-block-heading.default\">\n\t\t\t\t<div class=\"elementor-widget-container\">\n\t\t\t\t\t\t\t<div class=\"penci-border-arrow penci-homepage-title penci-home-latest-posts style-15 pcalign-left pciconp-right pcicon-right block-title-icon-left\">\n\t\t\t<h3 class=\"inner-arrow\">\r\n\t\t\t\t<span>\r\n\t\t\t\t<a href=\"https:\/\/lepatriotebenin.com\/index.php\/category\/laune\/\">La UNE<\/a><a class=\"pcbh-extrabtn pcbh-btns-none pcbh-btnp-right pcbh-btni-right\" href=\"https:\/\/lepatriotebenin.com\/index.php\/category\/economie\/\">Voir plus r\u00e9cent<i class=\"fas fa-long-arrow-alt-right\"><\/i><\/a>\t\t\t\t\t<\/span>\r\n\t\t\t<\/h3>\r\n\t\t\t\t\t<\/div>\r\n\t\t\t\t\t\t<\/div>\n\t\t\t\t<\/div>\n\t\t\t\t<div class=\"elementor-element elementor-element-daa58e5 elementor-widget elementor-widget-penci-featured-sliders\" data-id=\"daa58e5\" data-element_type=\"widget\" data-e-type=\"widget\" data-widget_type=\"penci-featured-sliders.default\">\n\t\t\t\t<div class=\"elementor-widget-container\">\n\t\t\t\t\t<div class=\"penci-block-el featured-area featured-style-1\"><div class=\"penci-owl-carousel penci-owl-featured-area elsl-style-1\" data-dots=\"false\" data-nav=\"true\"data-style=\"style-1\"data-auto=\"true\"data-autotime=\"4000\"data-speed=\"600\"data-loop=\"true\">    <div class=\"item\">\r\n\t    \t\t            <a class=\"penci-image-holder penci-lazy\"\r\n               data-bgset=\"https:\/\/lepatriotebenin.com\/wp-content\/uploads\/2026\/04\/f5e49c07-8cce-4a76-ab88-95696fb1d479-768x983.jpg\" data_bg_hidpi=\"https:\/\/lepatriotebenin.com\/wp-content\/uploads\/2026\/04\/f5e49c07-8cce-4a76-ab88-95696fb1d479-768x983.jpg\"\r\n               href=\"https:\/\/lepatriotebenin.com\/index.php\/2026\/04\/30\/la-une-99\/\" title=\"LA UNE\"><\/a>\r\n\t\t\t\t            <div class=\"penci-featured-content\">\r\n                <div class=\"feat-text\">\r\n                    <div class=\"featured-slider-overlay\"><\/div>\r\n\t\t\t\t\t                        <div class=\"cat featured-cat\"><a style=\"\" class=\"penci-cat-name penci-cat-338\" href=\"https:\/\/lepatriotebenin.com\/index.php\/category\/la-une\/\"  rel=\"category tag\"><span style=\"\">La UNE<\/span><\/a><\/div>\r\n\t\t\t\t\t                    <h3><a title=\"LA UNE\"\r\n                           href=\"https:\/\/lepatriotebenin.com\/index.php\/2026\/04\/30\/la-une-99\/\">LA UNE<\/a>\r\n                    <\/h3>\r\n\t\t\t\t\t                        <div class=\"feat-meta\">\r\n\t\t\t\t\t\t\t\t\t\t\t\t\t\t                                <span class=\"feat-time\"><time class=\"entry-date published\" datetime=\"2026-04-30T03:21:55+02:00\">30 avril 2026<\/time><\/span>\r\n\t\t\t\t\t\t\t\t\t\t\t\t\t\t                                <span class=\"feat-comments\"><a\r\n                                            href=\"https:\/\/lepatriotebenin.com\/index.php\/2026\/04\/30\/la-une-99\/#respond \">0 commentaire<\/a><\/span>\r\n\t\t\t\t\t\t\t\t\t\t\t\t\t\t\t                                                <\/div>\r\n\t\t\t\t\t                <\/div>\r\n            <\/div>\r\n\t\t    <\/div>\r\n\t    <div class=\"item\">\r\n\t    \t\t            <a class=\"penci-image-holder penci-lazy\"\r\n               data-bgset=\"https:\/\/lepatriotebenin.com\/wp-content\/uploads\/2026\/04\/5927d6de-6b20-4e41-a10c-5667c498f63b-768x983.jpg\" data_bg_hidpi=\"https:\/\/lepatriotebenin.com\/wp-content\/uploads\/2026\/04\/5927d6de-6b20-4e41-a10c-5667c498f63b-768x983.jpg\"\r\n               href=\"https:\/\/lepatriotebenin.com\/index.php\/2026\/04\/29\/la-une-98\/\" title=\"LA UNE\"><\/a>\r\n\t\t\t\t            <div class=\"penci-featured-content\">\r\n                <div class=\"feat-text\">\r\n                    <div class=\"featured-slider-overlay\"><\/div>\r\n\t\t\t\t\t                        <div class=\"cat featured-cat\"><a style=\"\" class=\"penci-cat-name penci-cat-338\" href=\"https:\/\/lepatriotebenin.com\/index.php\/category\/la-une\/\"  rel=\"category tag\"><span style=\"\">La UNE<\/span><\/a><\/div>\r\n\t\t\t\t\t                    <h3><a title=\"LA UNE\"\r\n                           href=\"https:\/\/lepatriotebenin.com\/index.php\/2026\/04\/29\/la-une-98\/\">LA UNE<\/a>\r\n                    <\/h3>\r\n\t\t\t\t\t                        <div class=\"feat-meta\">\r\n\t\t\t\t\t\t\t\t\t\t\t\t\t\t                                <span class=\"feat-time\"><time class=\"entry-date published\" datetime=\"2026-04-29T03:31:32+02:00\">29 avril 2026<\/time><\/span>\r\n\t\t\t\t\t\t\t\t\t\t\t\t\t\t                                <span class=\"feat-comments\"><a\r\n                                            href=\"https:\/\/lepatriotebenin.com\/index.php\/2026\/04\/29\/la-une-98\/#respond \">0 commentaire<\/a><\/span>\r\n\t\t\t\t\t\t\t\t\t\t\t\t\t\t\t                                                <\/div>\r\n\t\t\t\t\t                <\/div>\r\n            <\/div>\r\n\t\t    <\/div>\r\n\t    <div class=\"item\">\r\n\t    \t\t            <a class=\"penci-image-holder penci-lazy\"\r\n               data-bgset=\"https:\/\/lepatriotebenin.com\/wp-content\/uploads\/2026\/04\/1648b265-0e81-43f2-b128-4b7694ee9ed2-768x983.jpg\" data_bg_hidpi=\"https:\/\/lepatriotebenin.com\/wp-content\/uploads\/2026\/04\/1648b265-0e81-43f2-b128-4b7694ee9ed2-768x983.jpg\"\r\n               href=\"https:\/\/lepatriotebenin.com\/index.php\/2026\/04\/27\/la-une-97\/\" title=\"LA UNE\"><\/a>\r\n\t\t\t\t            <div class=\"penci-featured-content\">\r\n                <div class=\"feat-text\">\r\n                    <div class=\"featured-slider-overlay\"><\/div>\r\n\t\t\t\t\t                        <div class=\"cat featured-cat\"><a style=\"\" class=\"penci-cat-name penci-cat-338\" href=\"https:\/\/lepatriotebenin.com\/index.php\/category\/la-une\/\"  rel=\"category tag\"><span style=\"\">La UNE<\/span><\/a><\/div>\r\n\t\t\t\t\t                    <h3><a title=\"LA UNE\"\r\n                           href=\"https:\/\/lepatriotebenin.com\/index.php\/2026\/04\/27\/la-une-97\/\">LA UNE<\/a>\r\n                    <\/h3>\r\n\t\t\t\t\t                        <div class=\"feat-meta\">\r\n\t\t\t\t\t\t\t\t\t\t\t\t\t\t                                <span class=\"feat-time\"><time class=\"entry-date published\" datetime=\"2026-04-27T03:56:09+02:00\">27 avril 2026<\/time><\/span>\r\n\t\t\t\t\t\t\t\t\t\t\t\t\t\t                                <span class=\"feat-comments\"><a\r\n                                            href=\"https:\/\/lepatriotebenin.com\/index.php\/2026\/04\/27\/la-une-97\/#respond \">0 commentaire<\/a><\/span>\r\n\t\t\t\t\t\t\t\t\t\t\t\t\t\t\t                                                <\/div>\r\n\t\t\t\t\t                <\/div>\r\n            <\/div>\r\n\t\t    <\/div>\r\n\t    <div class=\"item\">\r\n\t    \t\t            <a class=\"penci-image-holder penci-lazy\"\r\n               data-bgset=\"https:\/\/lepatriotebenin.com\/wp-content\/uploads\/2026\/04\/83470305-df19-4432-89c7-ff76b92011c0-768x983.jpg\" data_bg_hidpi=\"https:\/\/lepatriotebenin.com\/wp-content\/uploads\/2026\/04\/83470305-df19-4432-89c7-ff76b92011c0-768x983.jpg\"\r\n               href=\"https:\/\/lepatriotebenin.com\/index.php\/2026\/04\/24\/la-une-96\/\" title=\"LA  UNE\"><\/a>\r\n\t\t\t\t            <div class=\"penci-featured-content\">\r\n                <div class=\"feat-text\">\r\n                    <div class=\"featured-slider-overlay\"><\/div>\r\n\t\t\t\t\t                        <div class=\"cat featured-cat\"><a style=\"\" class=\"penci-cat-name penci-cat-338\" href=\"https:\/\/lepatriotebenin.com\/index.php\/category\/la-une\/\"  rel=\"category tag\"><span style=\"\">La UNE<\/span><\/a><\/div>\r\n\t\t\t\t\t                    <h3><a title=\"LA  UNE\"\r\n                           href=\"https:\/\/lepatriotebenin.com\/index.php\/2026\/04\/24\/la-une-96\/\">LA UNE<\/a>\r\n                    <\/h3>\r\n\t\t\t\t\t                        <div class=\"feat-meta\">\r\n\t\t\t\t\t\t\t\t\t\t\t\t\t\t                                <span class=\"feat-time\"><time class=\"entry-date published\" datetime=\"2026-04-24T02:42:40+02:00\">24 avril 2026<\/time><\/span>\r\n\t\t\t\t\t\t\t\t\t\t\t\t\t\t                                <span class=\"feat-comments\"><a\r\n                                            href=\"https:\/\/lepatriotebenin.com\/index.php\/2026\/04\/24\/la-une-96\/#respond \">0 commentaire<\/a><\/span>\r\n\t\t\t\t\t\t\t\t\t\t\t\t\t\t\t                                                <\/div>\r\n\t\t\t\t\t                <\/div>\r\n            <\/div>\r\n\t\t    <\/div>\r\n\t    <div class=\"item\">\r\n\t    \t\t            <a class=\"penci-image-holder penci-lazy\"\r\n               data-bgset=\"https:\/\/lepatriotebenin.com\/wp-content\/uploads\/2026\/04\/7783b6cf-717c-434e-91f2-a6e4c9818f32-768x983.jpg\" data_bg_hidpi=\"https:\/\/lepatriotebenin.com\/wp-content\/uploads\/2026\/04\/7783b6cf-717c-434e-91f2-a6e4c9818f32-768x983.jpg\"\r\n               href=\"https:\/\/lepatriotebenin.com\/index.php\/2026\/04\/22\/la-une-95\/\" title=\"LA UNE\"><\/a>\r\n\t\t\t\t            <div class=\"penci-featured-content\">\r\n                <div class=\"feat-text\">\r\n                    <div class=\"featured-slider-overlay\"><\/div>\r\n\t\t\t\t\t                        <div class=\"cat featured-cat\"><a style=\"\" class=\"penci-cat-name penci-cat-338\" href=\"https:\/\/lepatriotebenin.com\/index.php\/category\/la-une\/\"  rel=\"category tag\"><span style=\"\">La UNE<\/span><\/a><\/div>\r\n\t\t\t\t\t                    <h3><a title=\"LA UNE\"\r\n                           href=\"https:\/\/lepatriotebenin.com\/index.php\/2026\/04\/22\/la-une-95\/\">LA UNE<\/a>\r\n                    <\/h3>\r\n\t\t\t\t\t                        <div class=\"feat-meta\">\r\n\t\t\t\t\t\t\t\t\t\t\t\t\t\t                                <span class=\"feat-time\"><time class=\"entry-date published\" datetime=\"2026-04-22T03:31:25+02:00\">22 avril 2026<\/time><\/span>\r\n\t\t\t\t\t\t\t\t\t\t\t\t\t\t                                <span class=\"feat-comments\"><a\r\n                                            href=\"https:\/\/lepatriotebenin.com\/index.php\/2026\/04\/22\/la-une-95\/#respond \">0 commentaire<\/a><\/span>\r\n\t\t\t\t\t\t\t\t\t\t\t\t\t\t\t                                                <\/div>\r\n\t\t\t\t\t                <\/div>\r\n            <\/div>\r\n\t\t    <\/div>\r\n\t    <div class=\"item\">\r\n\t    \t\t            <a class=\"penci-image-holder penci-lazy\"\r\n               data-bgset=\"https:\/\/lepatriotebenin.com\/wp-content\/uploads\/2026\/04\/ea8b6bbf-5332-4a7f-93c1-20d512956fb8-768x983.jpg\" data_bg_hidpi=\"https:\/\/lepatriotebenin.com\/wp-content\/uploads\/2026\/04\/ea8b6bbf-5332-4a7f-93c1-20d512956fb8-768x983.jpg\"\r\n               href=\"https:\/\/lepatriotebenin.com\/index.php\/2026\/04\/20\/la-une-94\/\" title=\"la UNE\"><\/a>\r\n\t\t\t\t            <div class=\"penci-featured-content\">\r\n                <div class=\"feat-text\">\r\n                    <div class=\"featured-slider-overlay\"><\/div>\r\n\t\t\t\t\t                        <div class=\"cat featured-cat\"><a style=\"\" class=\"penci-cat-name penci-cat-338\" href=\"https:\/\/lepatriotebenin.com\/index.php\/category\/la-une\/\"  rel=\"category tag\"><span style=\"\">La UNE<\/span><\/a><\/div>\r\n\t\t\t\t\t                    <h3><a title=\"la UNE\"\r\n                           href=\"https:\/\/lepatriotebenin.com\/index.php\/2026\/04\/20\/la-une-94\/\">la UNE<\/a>\r\n                    <\/h3>\r\n\t\t\t\t\t                        <div class=\"feat-meta\">\r\n\t\t\t\t\t\t\t\t\t\t\t\t\t\t                                <span class=\"feat-time\"><time class=\"entry-date published\" datetime=\"2026-04-20T03:53:20+02:00\">20 avril 2026<\/time><\/span>\r\n\t\t\t\t\t\t\t\t\t\t\t\t\t\t                                <span class=\"feat-comments\"><a\r\n                                            href=\"https:\/\/lepatriotebenin.com\/index.php\/2026\/04\/20\/la-une-94\/#respond \">0 commentaire<\/a><\/span>\r\n\t\t\t\t\t\t\t\t\t\t\t\t\t\t\t                                                <\/div>\r\n\t\t\t\t\t                <\/div>\r\n            <\/div>\r\n\t\t    <\/div>\r\n\t<\/div><\/div>\t\t\t\t<\/div>\n\t\t\t\t<\/div>\n\t\t\t\t\t<\/div>\n\t\t<\/div>\n\t\t\t\t\t<\/div>\n\t\t<\/section>\n\t\t\t\t<section class=\"penci-section penci-disSticky penci-structure-10 elementor-section elementor-top-section elementor-element elementor-element-a48d1b5 elementor-section-boxed elementor-section-height-default elementor-section-height-default\" data-id=\"a48d1b5\" data-element_type=\"section\" data-e-type=\"section\">\n\t\t\t\t\t\t<div class=\"elementor-container elementor-column-gap-no\">\n\t\t\t\t\t<div class=\"penci-ercol-100 penci-ercol-order-1 penci-sticky-ct    elementor-column elementor-col-100 elementor-top-column elementor-element elementor-element-c7e3eac\" data-id=\"c7e3eac\" data-element_type=\"column\" data-e-type=\"column\">\n\t\t\t<div class=\"elementor-widget-wrap elementor-element-populated\">\n\t\t\t\t\t\t<div class=\"elementor-element elementor-element-33eeeb0 elementor-widget-divider--view-line elementor-widget elementor-widget-divider\" data-id=\"33eeeb0\" data-element_type=\"widget\" data-e-type=\"widget\" data-widget_type=\"divider.default\">\n\t\t\t\t<div class=\"elementor-widget-container\">\n\t\t\t\t\t\t\t<div class=\"elementor-divider\">\n\t\t\t<span class=\"elementor-divider-separator\">\n\t\t\t\t\t\t<\/span>\n\t\t<\/div>\n\t\t\t\t\t\t<\/div>\n\t\t\t\t<\/div>\n\t\t\t\t\t<\/div>\n\t\t<\/div>\n\t\t\t\t\t<\/div>\n\t\t<\/section>\n\t\t\t\t<section class=\"penci-section penci-disSticky penci-structure-10 elementor-section elementor-top-section elementor-element elementor-element-aa17710 elementor-section-boxed elementor-section-height-default elementor-section-height-default\" data-id=\"aa17710\" data-element_type=\"section\" data-e-type=\"section\">\n\t\t\t\t\t\t<div class=\"elementor-container elementor-column-gap-no\">\n\t\t\t\t\t<div class=\"penci-ercol-100 penci-ercol-order-1 penci-sticky-ct    elementor-column elementor-col-100 elementor-top-column elementor-element elementor-element-0d66f36\" data-id=\"0d66f36\" data-element_type=\"column\" data-e-type=\"column\">\n\t\t\t<div class=\"elementor-widget-wrap elementor-element-populated\">\n\t\t\t\t\t\t<div class=\"elementor-element elementor-element-7366dbc elementor-widget elementor-widget-penci-block-heading\" data-id=\"7366dbc\" data-element_type=\"widget\" data-e-type=\"widget\" data-widget_type=\"penci-block-heading.default\">\n\t\t\t\t<div class=\"elementor-widget-container\">\n\t\t\t\t\t\t\t<div class=\"penci-border-arrow penci-homepage-title penci-home-latest-posts style-15 pcalign-left pciconp-right pcicon-right block-title-icon-left\">\n\t\t\t<h3 class=\"inner-arrow\">\r\n\t\t\t\t<span>\r\n\t\t\t\t<a href=\"https:\/\/lepatriotebenin.com\/index.php\/category\/politique\/\">Politique<\/a><a class=\"pcbh-extrabtn pcbh-btns-none pcbh-btnp-right pcbh-btni-right\" href=\"https:\/\/lepatriotebenin.com\/index.php\/category\/politique\/\">Voir plus r\u00e9cent<i class=\"fas fa-long-arrow-alt-right\"><\/i><\/a>\t\t\t\t\t<\/span>\r\n\t\t\t<\/h3>\r\n\t\t\t\t\t<\/div>\r\n\t\t\t\t\t\t<\/div>\n\t\t\t\t<\/div>\n\t\t\t\t\t<\/div>\n\t\t<\/div>\n\t\t\t\t\t<\/div>\n\t\t<\/section>\n\t\t\t\t<section class=\"penci-section penci-disSticky penci-structure-30 elementor-section elementor-top-section elementor-element elementor-element-d0fde22 elementor-section-boxed elementor-section-height-default elementor-section-height-default\" data-id=\"d0fde22\" data-element_type=\"section\" data-e-type=\"section\">\n\t\t\t\t\t\t<div class=\"elementor-container elementor-column-gap-extended\">\n\t\t\t\t\t<div class=\"penci-ercol-33 penci-ercol-order-1 penci-sticky-sb penci-sidebarSC   elementor-column elementor-col-33 elementor-top-column elementor-element elementor-element-b0b6578\" data-id=\"b0b6578\" data-element_type=\"column\" data-e-type=\"column\">\n\t\t\t<div class=\"elementor-widget-wrap elementor-element-populated\">\n\t\t\t\t\t\t<div class=\"elementor-element elementor-element-25dd1cf elementor-widget elementor-widget-penci-big-grid\" data-id=\"25dd1cf\" data-element_type=\"widget\" data-e-type=\"widget\" data-widget_type=\"penci-big-grid.default\">\n\t\t\t\t<div class=\"elementor-widget-container\">\n\t\t\t\t\t        <div class=\"penci-clearfix penci-biggrid-wrapper penci-grid-col-1 penci-grid-mcol-1 penci-bgrid-based-post penci-bgrid-style-1 pcbg-ficonpo-top-right pcbg-reiconpo-top-left penci-bgrid-content-on pencibg-imageh-zoom-in pencibg-texth-none pencibg-textani-movetop textop\">\r\n\t\t\t            <div class=\"penci-clearfix penci-biggrid penci-bgstyle-1 penci-bgel\">\r\n                <div class=\"penci-biggrid-inner default\">\r\n\t\t\t\t\t<div class=\"penci-clearfix penci-biggrid-data penci-dflex\"><div class=\"penci-bgitem\">\r\n    <div class=\"penci-bgitin\">\r\n        <div class=\"penci-bgmain\">\r\n            <div class=\"pcbg-thumb\">\r\n\t\t\t\t\t\t\t\t                <div class=\"pcbg-thumbin\">\r\n                    <a class=\"pcbg-bgoverlay\"\r\n                       href=\"https:\/\/lepatriotebenin.com\/index.php\/2026\/04\/29\/mali-paris-demande-a-ses-ressortissants-de-quitter-le-pays-apres-les-attaques-du-25-avril\/\" title=\"Mali : Paris demande \u00e0 ses ressortissants de quitter le pays apr\u00e8s les attaques du 25 avril\"><\/a>\r\n\t\t\t\t\t                        <div class=\"penci-image-holder penci-lazy\"                             data-bgset=\"https:\/\/lepatriotebenin.com\/wp-content\/uploads\/2026\/04\/mali.jpeg\" data_bg_hidpi=\"https:\/\/lepatriotebenin.com\/wp-content\/uploads\/2026\/04\/mali-585x377.jpeg\"\r\n                             data-sizes=\"(max-width: 767px) 585px, 1024px\">\r\n                        <\/div>\r\n\t\t\t\t\t                <\/div>\r\n            <\/div>\r\n            <div class=\"pcbg-content\">\r\n                <div class=\"pcbg-content-flex\">\r\n                    <a class=\"pcbg-bgoverlay\"\r\n                       href=\"https:\/\/lepatriotebenin.com\/index.php\/2026\/04\/29\/mali-paris-demande-a-ses-ressortissants-de-quitter-le-pays-apres-les-attaques-du-25-avril\/\" title=\"Mali : Paris demande \u00e0 ses ressortissants de quitter le pays apr\u00e8s les attaques du 25 avril\"><\/a>\r\n                    <div class=\"pcbg-content-inner bgcontent-block\">\r\n                        <a href=\"https:\/\/lepatriotebenin.com\/index.php\/2026\/04\/29\/mali-paris-demande-a-ses-ressortissants-de-quitter-le-pays-apres-les-attaques-du-25-avril\/\" title=\"Mali : Paris demande \u00e0 ses ressortissants de quitter le pays apr\u00e8s les attaques du 25 avril\"\r\n                           class=\"pcbg-bgoverlaytext active-overlay item-hover\"><\/a>\r\n\r\n\t\t\t\t\t\t\r\n\t\t\t\t\t\t                            <div class=\"pcbg-heading item-hover\">\r\n                                <h3 class=\"pcbg-title\">\r\n                                    <a href=\"https:\/\/lepatriotebenin.com\/index.php\/2026\/04\/29\/mali-paris-demande-a-ses-ressortissants-de-quitter-le-pays-apres-les-attaques-du-25-avril\/\">\r\n\t\t\t\t\t\t\t\t\t\tMali : Paris demande \u00e0 ses ressortissants de quitter le pays apr\u00e8s les attaques du 25 avril                                    <\/a>\r\n                                <\/h3>\r\n                            <\/div>\r\n\t\t\t\t\t\t\r\n\t\t\t\t\t\t                            <div class=\"grid-post-box-meta pcbg-meta item-hover\">\r\n                                <div class=\"pcbg-meta-desc\">\r\n\t\t\t\t\t\t\t\t\t\t\t\t\t\t\t\t\t\t                                        <span class=\"bg-date\"><time class=\"entry-date published\" datetime=\"2026-04-29T21:43:57+02:00\">29 avril 2026<\/time><\/span>\r\n\t\t\t\t\t\t\t\t\t\t\t\t\t\t\t\t\t\t\t\t\t\t\t\t\t\t\t\t\t\t\t\t\t\t\t\t\t\t\t\t\t\t\t\t\t                                <\/div>\r\n\t\t\t\t\t\t\t\t                            <\/div>\r\n\t\t\t\t\t\t\r\n\t\t\t\t\t\t                    <\/div>\r\n                <\/div>\r\n            <\/div>\r\n        <\/div>\r\n    <\/div>\r\n<\/div>\r\n<\/div>                <\/div>\r\n\t\t\t\t            <\/div>\r\n        <\/div>\r\n\t\t\t\t\t\t<\/div>\n\t\t\t\t<\/div>\n\t\t\t\t\t<\/div>\n\t\t<\/div>\n\t\t\t\t<div class=\"penci-ercol-33 penci-ercol-order-2 penci-sticky-sb penci-sidebarSC   elementor-column elementor-col-33 elementor-top-column elementor-element elementor-element-c169fd7\" data-id=\"c169fd7\" data-element_type=\"column\" data-e-type=\"column\">\n\t\t\t<div class=\"elementor-widget-wrap elementor-element-populated\">\n\t\t\t\t\t\t<div class=\"elementor-element elementor-element-174eef6 elementor-widget elementor-widget-penci-big-grid\" data-id=\"174eef6\" data-element_type=\"widget\" data-e-type=\"widget\" data-widget_type=\"penci-big-grid.default\">\n\t\t\t\t<div class=\"elementor-widget-container\">\n\t\t\t\t\t        <div class=\"penci-clearfix penci-biggrid-wrapper penci-grid-col-1 penci-grid-mcol-1 penci-bgrid-based-post penci-bgrid-style-1 pcbg-ficonpo-top-right pcbg-reiconpo-top-left penci-bgrid-content-below pencibg-imageh-none pencibg-texth-none pencibg-textani-movetop textop\">\r\n\t\t\t            <div class=\"penci-clearfix penci-biggrid penci-bgstyle-1 penci-bgel\">\r\n                <div class=\"penci-biggrid-inner default\">\r\n\t\t\t\t\t<div class=\"penci-clearfix penci-biggrid-data penci-dflex\"><div class=\"penci-bgitem\">\r\n    <div class=\"penci-bgitin\">\r\n        <div class=\"penci-bgmain\">\r\n            <div class=\"pcbg-thumb\">\r\n\t\t\t\t\t\t\t\t                <div class=\"pcbg-thumbin\">\r\n                    <a class=\"pcbg-bgoverlay active-overlay\"\r\n                       href=\"https:\/\/lepatriotebenin.com\/index.php\/2026\/04\/29\/bataille-juridique-pour-la-presidence-du-parti-les-democrates-la-justice-donne-raison-a-nourenou-atchade\/\" title=\"Bataille juridique pour la pr\u00e9sidence du parti Les D\u00e9mocrates : La justice donne raison \u00e0 Nour\u00e9nou Atchad\u00e9\"><\/a>\r\n\t\t\t\t\t                        <div class=\"penci-image-holder penci-lazy\"                             data-bgset=\"https:\/\/lepatriotebenin.com\/wp-content\/uploads\/2026\/04\/nourenou-atchade-585x363.jpeg\" data_bg_hidpi=\"https:\/\/lepatriotebenin.com\/wp-content\/uploads\/2026\/04\/nourenou-atchade-585x363.jpeg\"\r\n                             data-sizes=\"(max-width: 767px) 585px, 585px\">\r\n                        <\/div>\r\n\t\t\t\t\t                <\/div>\r\n            <\/div>\r\n            <div class=\"pcbg-content\">\r\n                <div class=\"pcbg-content-flex\">\r\n                    <a class=\"pcbg-bgoverlay\"\r\n                       href=\"https:\/\/lepatriotebenin.com\/index.php\/2026\/04\/29\/bataille-juridique-pour-la-presidence-du-parti-les-democrates-la-justice-donne-raison-a-nourenou-atchade\/\" title=\"Bataille juridique pour la pr\u00e9sidence du parti Les D\u00e9mocrates : La justice donne raison \u00e0 Nour\u00e9nou Atchad\u00e9\"><\/a>\r\n                    <div class=\"pcbg-content-inner bgcontent-block\">\r\n                        <a href=\"https:\/\/lepatriotebenin.com\/index.php\/2026\/04\/29\/bataille-juridique-pour-la-presidence-du-parti-les-democrates-la-justice-donne-raison-a-nourenou-atchade\/\" title=\"Bataille juridique pour la pr\u00e9sidence du parti Les D\u00e9mocrates : La justice donne raison \u00e0 Nour\u00e9nou Atchad\u00e9\"\r\n                           class=\"pcbg-bgoverlaytext item-hover\"><\/a>\r\n\r\n\t\t\t\t\t\t\r\n\t\t\t\t\t\t                            <div class=\"pcbg-heading item-hover\">\r\n                                <h3 class=\"pcbg-title\">\r\n                                    <a href=\"https:\/\/lepatriotebenin.com\/index.php\/2026\/04\/29\/bataille-juridique-pour-la-presidence-du-parti-les-democrates-la-justice-donne-raison-a-nourenou-atchade\/\">\r\n\t\t\t\t\t\t\t\t\t\tBataille juridique pour la pr\u00e9sidence du parti Les D\u00e9mocrates : La justice donne raison \u00e0 Nour\u00e9nou Atchad\u00e9                                    <\/a>\r\n                                <\/h3>\r\n                            <\/div>\r\n\t\t\t\t\t\t\r\n\t\t\t\t\t\t                            <div class=\"grid-post-box-meta pcbg-meta item-hover\">\r\n                                <div class=\"pcbg-meta-desc\">\r\n\t\t\t\t\t\t\t\t\t\t\t\t\t\t\t\t\t\t                                        <span class=\"bg-date\"><time class=\"entry-date published\" datetime=\"2026-04-29T21:31:40+02:00\">29 avril 2026<\/time><\/span>\r\n\t\t\t\t\t\t\t\t\t\t\t\t\t\t\t\t\t\t\t\t\t\t\t\t\t\t\t\t\t\t\t\t\t\t\t\t\t\t\t\t\t\t\t\t\t                                <\/div>\r\n\t\t\t\t\t\t\t\t                                    <div class=\"pcbg-pexcerpt\">\r\n\t\t\t\t\t\t\t\t\t\t<p>Le tribunal de premi\u00e8re instance de premi\u00e8re classe de Cotonou vient de trancher dans l&rsquo;affaire relative \u00e0 la &#8230;<\/p>\n                                    <\/div>\r\n\t\t\t\t\t\t\t\t                            <\/div>\r\n\t\t\t\t\t\t\r\n\t\t\t\t\t\t                    <\/div>\r\n                <\/div>\r\n            <\/div>\r\n        <\/div>\r\n    <\/div>\r\n<\/div>\r\n<\/div>                <\/div>\r\n\t\t\t\t            <\/div>\r\n        <\/div>\r\n\t\t\t\t\t\t<\/div>\n\t\t\t\t<\/div>\n\t\t\t\t\t<\/div>\n\t\t<\/div>\n\t\t\t\t<div class=\"penci-ercol-33 penci-ercol-order-3 penci-sticky-sb penci-sidebarSC   elementor-column elementor-col-33 elementor-top-column elementor-element elementor-element-39a9376\" data-id=\"39a9376\" data-element_type=\"column\" data-e-type=\"column\">\n\t\t\t<div class=\"elementor-widget-wrap elementor-element-populated\">\n\t\t\t\t\t\t<div class=\"elementor-element elementor-element-a4952d1 elementor-widget elementor-widget-penci-small-list\" data-id=\"a4952d1\" data-element_type=\"widget\" data-e-type=\"widget\" data-widget_type=\"penci-small-list.default\">\n\t\t\t\t<div class=\"elementor-widget-container\">\n\t\t\t\t\t<script>if( typeof(penciBlock) === \"undefined\" ) {function penciBlock() { this.atts_json = ''; this.content = ''; }}var penciBlocksArray = penciBlocksArray || [];var PENCILOCALCACHE = PENCILOCALCACHE || {};var pcblock_4893 = new penciBlock();pcblock_4893.blockID=\"pcblock_4893\";pcblock_4893.atts_json = '{\"type\":\"grid\",\"dformat\":\"\",\"date_pos\":\"left\",\"column\":\"1\",\"tab_column\":\"\",\"mb_column\":\"\",\"imgpos\":\"left\",\"thumb_size\":\"\",\"mthumb_size\":\"\",\"post_meta\":[\"title\",\"date\"],\"primary_cat\":\"\",\"title_length\":\"\",\"excerpt_pos\":\"below\",\"rmstyle\":\"filled\",\"excerpt_length\":15,\"nocrop\":\"\",\"hide_cat_mobile\":\"\",\"hide_meta_mobile\":\"\",\"hide_excerpt_mobile\":\"\",\"hide_rm_mobile\":\"\",\"imgtop_mobile\":\"\",\"ver_border\":\"\",\"hide_thumb\":\"\",\"show_reviewpie\":\"\",\"show_formaticon\":\"\",\"disable_lazy\":\"\",\"show_excerpt\":\"\",\"show_readmore\":\"\",\"query\":{\"orderby\":\"date\",\"order\":\"desc\",\"ignore_sticky_posts\":1,\"post_status\":\"publish\",\"post__not_in\":[],\"post_type\":\"post\",\"posts_per_page\":4,\"tax_query\":[{\"taxonomy\":\"category\",\"field\":\"term_id\",\"terms\":[\"26\"]}],\"offset\":2,\"paged\":1},\"category_ids\":\"\",\"taxonomy\":\"\"}';penciBlocksArray.push(pcblock_4893);<\/script>        <div class=\"penci-wrapper-smalllist\">\r\n\t\t\t\t\t\t            <div class=\"penci-smalllist-wrapper\">\r\n\t\t\t\t                    <div class=\"penci-smalllist pcsl-wrapper pwsl-id-default\">\r\n                        <div class=\"pcsl-inner penci-clearfix pcsl-grid pcsl-imgpos-left pcsl-col-1 pcsl-tabcol-2 pcsl-mobcol-1\">\r\n\t\t\t\t\t\t\t                                <div class=\"pcsl-item\">\r\n                                    <div class=\"pcsl-itemin\">\r\n                                        <div class=\"pcsl-iteminer\">\r\n\t\t\t\t\t\t\t\t\t\t\t\r\n\t\t\t\t\t\t\t\t\t\t\t                                                <div class=\"pcsl-thumb\">\r\n\t\t\t\t\t\t\t\t\t\t\t\t\t\t\t\t\t\t\t\t\t\t\t\t\t\t\t\t\t\t\t\t\t\t\t\t\t\t\t                                                        <a href=\"https:\/\/lepatriotebenin.com\/index.php\/2026\/04\/29\/prestation-de-serment-du-president-de-la-republique-devant-les-bureaux-du-senat-patrice-talon-pris-a-son-propre-piege\/\"\r\n                                                           title=\"Prestation de serment du pr\u00e9sident de la R\u00e9publique devant les bureaux du S\u00e9nat : Patrice Talon pris \u00e0 son propre pi\u00e8ge\"\r\n                                                           class=\"penci-image-holder penci-lazy\"                                                           data-bgset=\"https:\/\/lepatriotebenin.com\/wp-content\/uploads\/2026\/04\/talon-2-263x175.jpg\">\r\n                                                        <\/a>\r\n\t\t\t\t\t\t\t\t\t\t\t\t\t                                                <\/div>\r\n\t\t\t\t\t\t\t\t\t\t\t                                            <div class=\"pcsl-content\">\r\n\t\t\t\t\t\t\t\t\t\t\t\t\r\n\t\t\t\t\t\t\t\t\t\t\t\t                                                    <div class=\"pcsl-title\">\r\n                                                        <a href=\"https:\/\/lepatriotebenin.com\/index.php\/2026\/04\/29\/prestation-de-serment-du-president-de-la-republique-devant-les-bureaux-du-senat-patrice-talon-pris-a-son-propre-piege\/\">Prestation de serment du pr\u00e9sident de la R\u00e9publique devant les bureaux du S\u00e9nat : Patrice Talon pris \u00e0 son propre pi\u00e8ge<\/a>\r\n                                                    <\/div>\r\n\t\t\t\t\t\t\t\t\t\t\t\t\r\n\t\t\t\t\t\t\t\t\t\t\t\t                                                    <div class=\"grid-post-box-meta pcsl-meta\">\r\n\t\t\t\t\t\t\t\t\t\t\t\t\t\t\t\t\t\t\t\t\t\t\t\t\t\t\t\t                                                            <span class=\"sl-date\"><time class=\"entry-date published\" datetime=\"2026-04-29T05:05:58+02:00\">29 avril 2026<\/time><\/span>\r\n\t\t\t\t\t\t\t\t\t\t\t\t\t\t\t\t\t\t\t\t\t\t\t\t\t\t\t\t\t\t\t\t\t\t\t\t\t\t\t\t\t\t\t\t\t\t\t\t\t\t\t\t\t\t\t\t\t\t\t\t\t\t\t\t\t\t\t\t\t\t                                                    <\/div>\r\n\t\t\t\t\t\t\t\t\t\t\t\t\r\n\t\t\t\t\t\t\t\t\t\t\t\t\t\t\t\t\t\t\t\t\t\t\t\t\r\n                                            <\/div>\r\n\r\n\t\t\t\t\t\t\t\t\t\t\t                                        <\/div>\r\n                                    <\/div>\r\n                                <\/div>\r\n\t\t\t\t\t\t\t                                <div class=\"pcsl-item\">\r\n                                    <div class=\"pcsl-itemin\">\r\n                                        <div class=\"pcsl-iteminer\">\r\n\t\t\t\t\t\t\t\t\t\t\t\r\n\t\t\t\t\t\t\t\t\t\t\t                                                <div class=\"pcsl-thumb\">\r\n\t\t\t\t\t\t\t\t\t\t\t\t\t\t\t\t\t\t\t\t\t\t\t\t\t\t\t\t\t\t\t\t\t\t\t\t\t\t\t                                                        <a href=\"https:\/\/lepatriotebenin.com\/index.php\/2026\/04\/29\/20-ans-de-deces-de-ahmed-akobi-une-etoile-filante-de-la-politique-beninoise\/\"\r\n                                                           title=\"20 ans de d\u00e9c\u00e8s de Ahmed Akobi : Une \u00e9toile filante de la politique b\u00e9ninoise\"\r\n                                                           class=\"penci-image-holder penci-lazy\"                                                           data-bgset=\"https:\/\/lepatriotebenin.com\/wp-content\/uploads\/2026\/04\/ahmed-akobi-225x175.jpeg\">\r\n                                                        <\/a>\r\n\t\t\t\t\t\t\t\t\t\t\t\t\t                                                <\/div>\r\n\t\t\t\t\t\t\t\t\t\t\t                                            <div class=\"pcsl-content\">\r\n\t\t\t\t\t\t\t\t\t\t\t\t\r\n\t\t\t\t\t\t\t\t\t\t\t\t                                                    <div class=\"pcsl-title\">\r\n                                                        <a href=\"https:\/\/lepatriotebenin.com\/index.php\/2026\/04\/29\/20-ans-de-deces-de-ahmed-akobi-une-etoile-filante-de-la-politique-beninoise\/\">20 ans de d\u00e9c\u00e8s de Ahmed Akobi : Une \u00e9toile filante de la politique b\u00e9ninoise<\/a>\r\n                                                    <\/div>\r\n\t\t\t\t\t\t\t\t\t\t\t\t\r\n\t\t\t\t\t\t\t\t\t\t\t\t                                                    <div class=\"grid-post-box-meta pcsl-meta\">\r\n\t\t\t\t\t\t\t\t\t\t\t\t\t\t\t\t\t\t\t\t\t\t\t\t\t\t\t\t                                                            <span class=\"sl-date\"><time class=\"entry-date published\" datetime=\"2026-04-29T04:57:51+02:00\">29 avril 2026<\/time><\/span>\r\n\t\t\t\t\t\t\t\t\t\t\t\t\t\t\t\t\t\t\t\t\t\t\t\t\t\t\t\t\t\t\t\t\t\t\t\t\t\t\t\t\t\t\t\t\t\t\t\t\t\t\t\t\t\t\t\t\t\t\t\t\t\t\t\t\t\t\t\t\t\t                                                    <\/div>\r\n\t\t\t\t\t\t\t\t\t\t\t\t\r\n\t\t\t\t\t\t\t\t\t\t\t\t\t\t\t\t\t\t\t\t\t\t\t\t\r\n                                            <\/div>\r\n\r\n\t\t\t\t\t\t\t\t\t\t\t                                        <\/div>\r\n                                    <\/div>\r\n                                <\/div>\r\n\t\t\t\t\t\t\t                                <div class=\"pcsl-item\">\r\n                                    <div class=\"pcsl-itemin\">\r\n                                        <div class=\"pcsl-iteminer\">\r\n\t\t\t\t\t\t\t\t\t\t\t\r\n\t\t\t\t\t\t\t\t\t\t\t                                                <div class=\"pcsl-thumb\">\r\n\t\t\t\t\t\t\t\t\t\t\t\t\t\t\t\t\t\t\t\t\t\t\t\t\t\t\t\t\t\t\t\t\t\t\t\t\t\t\t                                                        <a href=\"https:\/\/lepatriotebenin.com\/index.php\/2026\/04\/29\/justice-beninoise-qui-de-atchade-ou-de-houndete-heritera-des-ld\/\"\r\n                                                           title=\"JUSTICE B\u00c9NINOISE :  Qui de Atchad\u00e9 ou de Hound\u00e9t\u00e9 h\u00e9ritera des LD ?\"\r\n                                                           class=\"penci-image-holder penci-lazy\"                                                           data-bgset=\"https:\/\/lepatriotebenin.com\/wp-content\/uploads\/2026\/04\/erichoudete-263x175.jpg\">\r\n                                                        <\/a>\r\n\t\t\t\t\t\t\t\t\t\t\t\t\t                                                <\/div>\r\n\t\t\t\t\t\t\t\t\t\t\t                                            <div class=\"pcsl-content\">\r\n\t\t\t\t\t\t\t\t\t\t\t\t\r\n\t\t\t\t\t\t\t\t\t\t\t\t                                                    <div class=\"pcsl-title\">\r\n                                                        <a href=\"https:\/\/lepatriotebenin.com\/index.php\/2026\/04\/29\/justice-beninoise-qui-de-atchade-ou-de-houndete-heritera-des-ld\/\">JUSTICE B\u00c9NINOISE :  Qui de Atchad\u00e9 ou de Hound\u00e9t\u00e9 h\u00e9ritera des LD ?<\/a>\r\n                                                    <\/div>\r\n\t\t\t\t\t\t\t\t\t\t\t\t\r\n\t\t\t\t\t\t\t\t\t\t\t\t                                                    <div class=\"grid-post-box-meta pcsl-meta\">\r\n\t\t\t\t\t\t\t\t\t\t\t\t\t\t\t\t\t\t\t\t\t\t\t\t\t\t\t\t                                                            <span class=\"sl-date\"><time class=\"entry-date published\" datetime=\"2026-04-29T04:43:02+02:00\">29 avril 2026<\/time><\/span>\r\n\t\t\t\t\t\t\t\t\t\t\t\t\t\t\t\t\t\t\t\t\t\t\t\t\t\t\t\t\t\t\t\t\t\t\t\t\t\t\t\t\t\t\t\t\t\t\t\t\t\t\t\t\t\t\t\t\t\t\t\t\t\t\t\t\t\t\t\t\t\t                                                    <\/div>\r\n\t\t\t\t\t\t\t\t\t\t\t\t\r\n\t\t\t\t\t\t\t\t\t\t\t\t\t\t\t\t\t\t\t\t\t\t\t\t\r\n                                            <\/div>\r\n\r\n\t\t\t\t\t\t\t\t\t\t\t                                        <\/div>\r\n                                    <\/div>\r\n                                <\/div>\r\n\t\t\t\t\t\t\t                                <div class=\"pcsl-item\">\r\n                                    <div class=\"pcsl-itemin\">\r\n                                        <div class=\"pcsl-iteminer\">\r\n\t\t\t\t\t\t\t\t\t\t\t\r\n\t\t\t\t\t\t\t\t\t\t\t                                                <div class=\"pcsl-thumb\">\r\n\t\t\t\t\t\t\t\t\t\t\t\t\t\t\t\t\t\t\t\t\t\t\t\t\t\t\t\t\t\t\t\t\t\t\t\t\t\t\t                                                        <a href=\"https:\/\/lepatriotebenin.com\/index.php\/2026\/04\/29\/apres-la-presidentielle-demission-confuse-et-surprenante-de-paul-hounkpe\/\"\r\n                                                           title=\"Apr\u00e8s la pr\u00e9sidentielle: D\u00e9mission confuse et surprenante de Paul Hounkp\u00e8\"\r\n                                                           class=\"penci-image-holder penci-lazy\"                                                           data-bgset=\"https:\/\/lepatriotebenin.com\/wp-content\/uploads\/2026\/04\/paul-hounkpe-263x175.webp\">\r\n                                                        <\/a>\r\n\t\t\t\t\t\t\t\t\t\t\t\t\t                                                <\/div>\r\n\t\t\t\t\t\t\t\t\t\t\t                                            <div class=\"pcsl-content\">\r\n\t\t\t\t\t\t\t\t\t\t\t\t\r\n\t\t\t\t\t\t\t\t\t\t\t\t                                                    <div class=\"pcsl-title\">\r\n                                                        <a href=\"https:\/\/lepatriotebenin.com\/index.php\/2026\/04\/29\/apres-la-presidentielle-demission-confuse-et-surprenante-de-paul-hounkpe\/\">Apr\u00e8s la pr\u00e9sidentielle: D\u00e9mission confuse et surprenante de Paul Hounkp\u00e8<\/a>\r\n                                                    <\/div>\r\n\t\t\t\t\t\t\t\t\t\t\t\t\r\n\t\t\t\t\t\t\t\t\t\t\t\t                                                    <div class=\"grid-post-box-meta pcsl-meta\">\r\n\t\t\t\t\t\t\t\t\t\t\t\t\t\t\t\t\t\t\t\t\t\t\t\t\t\t\t\t                                                            <span class=\"sl-date\"><time class=\"entry-date published\" datetime=\"2026-04-29T04:38:43+02:00\">29 avril 2026<\/time><\/span>\r\n\t\t\t\t\t\t\t\t\t\t\t\t\t\t\t\t\t\t\t\t\t\t\t\t\t\t\t\t\t\t\t\t\t\t\t\t\t\t\t\t\t\t\t\t\t\t\t\t\t\t\t\t\t\t\t\t\t\t\t\t\t\t\t\t\t\t\t\t\t\t                                                    <\/div>\r\n\t\t\t\t\t\t\t\t\t\t\t\t\r\n\t\t\t\t\t\t\t\t\t\t\t\t\t\t\t\t\t\t\t\t\t\t\t\t\r\n                                            <\/div>\r\n\r\n\t\t\t\t\t\t\t\t\t\t\t                                        <\/div>\r\n                                    <\/div>\r\n                                <\/div>\r\n\t\t\t\t\t\t\t                        <\/div>\r\n\r\n\t\t\t\t\t\t\r\n                    <\/div>\r\n\t\t\t\t\t            <\/div>\r\n        <\/div>\r\n\t\t\t\t\t\t<\/div>\n\t\t\t\t<\/div>\n\t\t\t\t\t<\/div>\n\t\t<\/div>\n\t\t\t\t\t<\/div>\n\t\t<\/section>\n\t\t\t\t<section class=\"penci-section penci-disSticky penci-structure-10 elementor-section elementor-top-section elementor-element elementor-element-96fd5be elementor-section-boxed elementor-section-height-default elementor-section-height-default\" data-id=\"96fd5be\" data-element_type=\"section\" data-e-type=\"section\">\n\t\t\t\t\t\t<div class=\"elementor-container elementor-column-gap-no\">\n\t\t\t\t\t<div class=\"penci-ercol-100 penci-ercol-order-1 penci-sticky-ct    elementor-column elementor-col-100 elementor-top-column elementor-element elementor-element-98cb46c\" data-id=\"98cb46c\" data-element_type=\"column\" data-e-type=\"column\">\n\t\t\t<div class=\"elementor-widget-wrap elementor-element-populated\">\n\t\t\t\t\t\t<div class=\"elementor-element elementor-element-744e0cf elementor-widget-divider--view-line elementor-widget elementor-widget-divider\" data-id=\"744e0cf\" data-element_type=\"widget\" data-e-type=\"widget\" data-widget_type=\"divider.default\">\n\t\t\t\t<div class=\"elementor-widget-container\">\n\t\t\t\t\t\t\t<div class=\"elementor-divider\">\n\t\t\t<span class=\"elementor-divider-separator\">\n\t\t\t\t\t\t<\/span>\n\t\t<\/div>\n\t\t\t\t\t\t<\/div>\n\t\t\t\t<\/div>\n\t\t\t\t<div class=\"elementor-element elementor-element-224d599 elementor-widget elementor-widget-penci-block-heading\" data-id=\"224d599\" data-element_type=\"widget\" data-e-type=\"widget\" data-widget_type=\"penci-block-heading.default\">\n\t\t\t\t<div class=\"elementor-widget-container\">\n\t\t\t\t\t\t\t<div class=\"penci-border-arrow penci-homepage-title penci-home-latest-posts style-15 pcalign-left pciconp-right pcicon-right block-title-icon-left\">\n\t\t\t<h3 class=\"inner-arrow\">\r\n\t\t\t\t<span>\r\n\t\t\t\t<a href=\"https:\/\/lepatriotebenin.com\/index.php\/category\/economie\/\">Economie<\/a><a class=\"pcbh-extrabtn pcbh-btns-none pcbh-btnp-right pcbh-btni-right\" href=\"https:\/\/lepatriotebenin.com\/index.php\/category\/economie\/\">Voir plus r\u00e9cent<i class=\"fas fa-long-arrow-alt-right\"><\/i><\/a>\t\t\t\t\t<\/span>\r\n\t\t\t<\/h3>\r\n\t\t\t\t\t<\/div>\r\n\t\t\t\t\t\t<\/div>\n\t\t\t\t<\/div>\n\t\t\t\t\t<\/div>\n\t\t<\/div>\n\t\t\t\t\t<\/div>\n\t\t<\/section>\n\t\t\t\t<section class=\"penci-section penci-disSticky penci-structure-20 elementor-section elementor-top-section elementor-element elementor-element-47968ea elementor-section-boxed elementor-section-height-default elementor-section-height-default\" data-id=\"47968ea\" data-element_type=\"section\" data-e-type=\"section\">\n\t\t\t\t\t\t<div class=\"elementor-container elementor-column-gap-extended\">\n\t\t\t\t\t<div class=\"penci-ercol-50 penci-ercol-order-1 penci-sticky-ct    elementor-column elementor-col-50 elementor-top-column elementor-element elementor-element-066a23a\" data-id=\"066a23a\" data-element_type=\"column\" data-e-type=\"column\">\n\t\t\t<div class=\"elementor-widget-wrap elementor-element-populated\">\n\t\t\t\t\t\t<div class=\"elementor-element elementor-element-16e7d6a elementor-widget elementor-widget-penci-big-grid\" data-id=\"16e7d6a\" data-element_type=\"widget\" data-e-type=\"widget\" data-widget_type=\"penci-big-grid.default\">\n\t\t\t\t<div class=\"elementor-widget-container\">\n\t\t\t\t\t        <div class=\"penci-clearfix penci-biggrid-wrapper penci-grid-col-1 penci-grid-mcol-1 penci-bgrid-based-post penci-bgrid-style-1 pcbg-ficonpo-top-right pcbg-reiconpo-top-left penci-bgrid-content-below pencibg-imageh-none pencibg-texth-none pencibg-textani-movetop textop\">\r\n\t\t\t            <div class=\"penci-clearfix penci-biggrid penci-bgstyle-1 penci-bgel\">\r\n                <div class=\"penci-biggrid-inner default\">\r\n\t\t\t\t\t<div class=\"penci-clearfix penci-biggrid-data penci-dflex\"><div class=\"penci-bgitem\">\r\n    <div class=\"penci-bgitin\">\r\n        <div class=\"penci-bgmain\">\r\n            <div class=\"pcbg-thumb\">\r\n\t\t\t\t\t\t\t\t                <div class=\"pcbg-thumbin\">\r\n                    <a class=\"pcbg-bgoverlay active-overlay\"\r\n                       href=\"https:\/\/lepatriotebenin.com\/index.php\/2026\/04\/20\/perspectives-economiques-le-benin-accelere-sa-croissance-en-2026\/\" title=\"Perspectives \u00e9conomiques : Le B\u00e9nin acc\u00e9l\u00e8re sa croissance en 2026\"><\/a>\r\n\t\t\t\t\t                        <div class=\"penci-image-holder penci-lazy\"                             data-bgset=\"https:\/\/lepatriotebenin.com\/wp-content\/uploads\/2026\/04\/fmi.jpg\" data_bg_hidpi=\"https:\/\/lepatriotebenin.com\/wp-content\/uploads\/2026\/04\/fmi-585x329.jpg\"\r\n                             data-sizes=\"(max-width: 767px) 585px, 1024px\">\r\n                        <\/div>\r\n\t\t\t\t\t                <\/div>\r\n            <\/div>\r\n            <div class=\"pcbg-content\">\r\n                <div class=\"pcbg-content-flex\">\r\n                    <a class=\"pcbg-bgoverlay\"\r\n                       href=\"https:\/\/lepatriotebenin.com\/index.php\/2026\/04\/20\/perspectives-economiques-le-benin-accelere-sa-croissance-en-2026\/\" title=\"Perspectives \u00e9conomiques : Le B\u00e9nin acc\u00e9l\u00e8re sa croissance en 2026\"><\/a>\r\n                    <div class=\"pcbg-content-inner bgcontent-block\">\r\n                        <a href=\"https:\/\/lepatriotebenin.com\/index.php\/2026\/04\/20\/perspectives-economiques-le-benin-accelere-sa-croissance-en-2026\/\" title=\"Perspectives \u00e9conomiques : Le B\u00e9nin acc\u00e9l\u00e8re sa croissance en 2026\"\r\n                           class=\"pcbg-bgoverlaytext item-hover\"><\/a>\r\n\r\n\t\t\t\t\t\t\r\n\t\t\t\t\t\t                            <div class=\"pcbg-heading item-hover\">\r\n                                <h3 class=\"pcbg-title\">\r\n                                    <a href=\"https:\/\/lepatriotebenin.com\/index.php\/2026\/04\/20\/perspectives-economiques-le-benin-accelere-sa-croissance-en-2026\/\">\r\n\t\t\t\t\t\t\t\t\t\tPerspectives \u00e9conomiques : Le B\u00e9nin acc\u00e9l\u00e8re sa croissance en 2026                                    <\/a>\r\n                                <\/h3>\r\n                            <\/div>\r\n\t\t\t\t\t\t\r\n\t\t\t\t\t\t                            <div class=\"grid-post-box-meta pcbg-meta item-hover\">\r\n                                <div class=\"pcbg-meta-desc\">\r\n\t\t\t\t\t\t\t\t\t\t\t\t\t\t\t\t\t\t                                        <span class=\"bg-date\"><time class=\"entry-date published\" datetime=\"2026-04-20T05:17:30+02:00\">20 avril 2026<\/time><\/span>\r\n\t\t\t\t\t\t\t\t\t\t\t\t\t\t\t\t\t\t\t\t\t\t\t\t\t\t\t\t\t\t\t\t\t\t\t\t\t\t\t\t\t\t\t\t\t                                <\/div>\r\n\t\t\t\t\t\t\t\t                                    <div class=\"pcbg-pexcerpt\">\r\n\t\t\t\t\t\t\t\t\t\t<p>Le Fonds mon\u00e9taire international revoit \u00e0 la hausse les perspectives \u00e9conomiques du B\u00e9nin pour 2026. Avec une croissance attendue \u00e0 7 % et une inflation ma\u00eetris\u00e9e, le &#8230;<\/p>\n                                    <\/div>\r\n\t\t\t\t\t\t\t\t                            <\/div>\r\n\t\t\t\t\t\t\r\n\t\t\t\t\t\t                    <\/div>\r\n                <\/div>\r\n            <\/div>\r\n        <\/div>\r\n    <\/div>\r\n<\/div>\r\n<\/div>                <\/div>\r\n\t\t\t\t            <\/div>\r\n        <\/div>\r\n\t\t\t\t\t\t<\/div>\n\t\t\t\t<\/div>\n\t\t\t\t\t<\/div>\n\t\t<\/div>\n\t\t\t\t<div class=\"penci-ercol-50 penci-ercol-order-2 penci-sticky-ct    elementor-column elementor-col-50 elementor-top-column elementor-element elementor-element-b4b05d4\" data-id=\"b4b05d4\" data-element_type=\"column\" data-e-type=\"column\">\n\t\t\t<div class=\"elementor-widget-wrap elementor-element-populated\">\n\t\t\t\t\t\t<div class=\"elementor-element elementor-element-b90f923 elementor-widget elementor-widget-penci-small-list\" data-id=\"b90f923\" data-element_type=\"widget\" data-e-type=\"widget\" data-widget_type=\"penci-small-list.default\">\n\t\t\t\t<div class=\"elementor-widget-container\">\n\t\t\t\t\t<script>if( typeof(penciBlock) === \"undefined\" ) {function penciBlock() { this.atts_json = ''; this.content = ''; }}var penciBlocksArray = penciBlocksArray || [];var PENCILOCALCACHE = PENCILOCALCACHE || {};var pcblock_328 = new penciBlock();pcblock_328.blockID=\"pcblock_328\";pcblock_328.atts_json = '{\"type\":\"grid\",\"dformat\":\"\",\"date_pos\":\"left\",\"column\":\"1\",\"tab_column\":\"\",\"mb_column\":\"\",\"imgpos\":\"right\",\"thumb_size\":\"\",\"mthumb_size\":\"\",\"post_meta\":[\"title\",\"date\"],\"primary_cat\":\"\",\"title_length\":\"\",\"excerpt_pos\":\"below\",\"rmstyle\":\"filled\",\"excerpt_length\":15,\"nocrop\":\"\",\"hide_cat_mobile\":\"\",\"hide_meta_mobile\":\"\",\"hide_excerpt_mobile\":\"\",\"hide_rm_mobile\":\"\",\"imgtop_mobile\":\"\",\"ver_border\":\"\",\"hide_thumb\":\"\",\"show_reviewpie\":\"\",\"show_formaticon\":\"\",\"disable_lazy\":\"\",\"show_excerpt\":\"\",\"show_readmore\":\"\",\"query\":{\"orderby\":\"date\",\"order\":\"desc\",\"ignore_sticky_posts\":1,\"post_status\":\"publish\",\"post__not_in\":[],\"post_type\":\"post\",\"posts_per_page\":3,\"tax_query\":[{\"taxonomy\":\"category\",\"field\":\"term_id\",\"terms\":[\"4\"]}],\"offset\":1,\"paged\":1},\"category_ids\":\"\",\"taxonomy\":\"\"}';penciBlocksArray.push(pcblock_328);<\/script>        <div class=\"penci-wrapper-smalllist\">\r\n\t\t\t\t\t\t            <div class=\"penci-smalllist-wrapper\">\r\n\t\t\t\t                    <div class=\"penci-smalllist pcsl-wrapper pwsl-id-default\">\r\n                        <div class=\"pcsl-inner penci-clearfix pcsl-grid pcsl-imgpos-right pcsl-col-1 pcsl-tabcol-2 pcsl-mobcol-1\">\r\n\t\t\t\t\t\t\t                                <div class=\"pcsl-item\">\r\n                                    <div class=\"pcsl-itemin\">\r\n                                        <div class=\"pcsl-iteminer\">\r\n\t\t\t\t\t\t\t\t\t\t\t\r\n\t\t\t\t\t\t\t\t\t\t\t                                                <div class=\"pcsl-thumb\">\r\n\t\t\t\t\t\t\t\t\t\t\t\t\t\t\t\t\t\t\t\t\t\t\t\t\t\t\t\t\t\t\t\t\t\t\t\t\t\t\t                                                        <a href=\"https:\/\/lepatriotebenin.com\/index.php\/2026\/04\/16\/france-la-banque-de-france-fait-un-benefice-record-de-81-milliards-deuros\/\"\r\n                                                           title=\"\u200eFrance : la Banque de France fait un b\u00e9n\u00e9fice record de 8,1 milliards d\u2019euros\"\r\n                                                           class=\"penci-image-holder penci-lazy\"                                                           data-bgset=\"https:\/\/lepatriotebenin.com\/wp-content\/uploads\/2026\/04\/france-a-263x175.jpeg\">\r\n                                                        <\/a>\r\n\t\t\t\t\t\t\t\t\t\t\t\t\t                                                <\/div>\r\n\t\t\t\t\t\t\t\t\t\t\t                                            <div class=\"pcsl-content\">\r\n\t\t\t\t\t\t\t\t\t\t\t\t\r\n\t\t\t\t\t\t\t\t\t\t\t\t                                                    <div class=\"pcsl-title\">\r\n                                                        <a href=\"https:\/\/lepatriotebenin.com\/index.php\/2026\/04\/16\/france-la-banque-de-france-fait-un-benefice-record-de-81-milliards-deuros\/\">\u200eFrance : la Banque de France fait un b\u00e9n\u00e9fice record de 8,1 milliards d\u2019euros<\/a>\r\n                                                    <\/div>\r\n\t\t\t\t\t\t\t\t\t\t\t\t\r\n\t\t\t\t\t\t\t\t\t\t\t\t                                                    <div class=\"grid-post-box-meta pcsl-meta\">\r\n\t\t\t\t\t\t\t\t\t\t\t\t\t\t\t\t\t\t\t\t\t\t\t\t\t\t\t\t                                                            <span class=\"sl-date\"><time class=\"entry-date published\" datetime=\"2026-04-16T18:54:32+02:00\">16 avril 2026<\/time><\/span>\r\n\t\t\t\t\t\t\t\t\t\t\t\t\t\t\t\t\t\t\t\t\t\t\t\t\t\t\t\t\t\t\t\t\t\t\t\t\t\t\t\t\t\t\t\t\t\t\t\t\t\t\t\t\t\t\t\t\t\t\t\t\t\t\t\t\t\t\t\t\t\t                                                    <\/div>\r\n\t\t\t\t\t\t\t\t\t\t\t\t\r\n\t\t\t\t\t\t\t\t\t\t\t\t\t\t\t\t\t\t\t\t\t\t\t\t\r\n                                            <\/div>\r\n\r\n\t\t\t\t\t\t\t\t\t\t\t                                        <\/div>\r\n                                    <\/div>\r\n                                <\/div>\r\n\t\t\t\t\t\t\t                                <div class=\"pcsl-item\">\r\n                                    <div class=\"pcsl-itemin\">\r\n                                        <div class=\"pcsl-iteminer\">\r\n\t\t\t\t\t\t\t\t\t\t\t\r\n\t\t\t\t\t\t\t\t\t\t\t                                                <div class=\"pcsl-thumb\">\r\n\t\t\t\t\t\t\t\t\t\t\t\t\t\t\t\t\t\t\t\t\t\t\t\t\t\t\t\t\t\t\t\t\t\t\t\t\t\t\t                                                        <a href=\"https:\/\/lepatriotebenin.com\/index.php\/2026\/04\/07\/economie-numerique-en-afrique-le-mobile-money-franchit-un-cap-historique-avec-1-400-milliards-de-dollars-de-transactions\/\"\r\n                                                           title=\"\u00c9conomie num\u00e9rique en Afrique : le mobile money franchit un cap historique avec 1 400 milliards de dollars de transactions\"\r\n                                                           class=\"penci-image-holder penci-lazy\"                                                           data-bgset=\"https:\/\/lepatriotebenin.com\/wp-content\/uploads\/2026\/04\/mobile-moneya-263x175.jpeg\">\r\n                                                        <\/a>\r\n\t\t\t\t\t\t\t\t\t\t\t\t\t                                                <\/div>\r\n\t\t\t\t\t\t\t\t\t\t\t                                            <div class=\"pcsl-content\">\r\n\t\t\t\t\t\t\t\t\t\t\t\t\r\n\t\t\t\t\t\t\t\t\t\t\t\t                                                    <div class=\"pcsl-title\">\r\n                                                        <a href=\"https:\/\/lepatriotebenin.com\/index.php\/2026\/04\/07\/economie-numerique-en-afrique-le-mobile-money-franchit-un-cap-historique-avec-1-400-milliards-de-dollars-de-transactions\/\">\u00c9conomie num\u00e9rique en Afrique : le mobile money franchit un cap historique avec 1 400 milliards de dollars de transactions<\/a>\r\n                                                    <\/div>\r\n\t\t\t\t\t\t\t\t\t\t\t\t\r\n\t\t\t\t\t\t\t\t\t\t\t\t                                                    <div class=\"grid-post-box-meta pcsl-meta\">\r\n\t\t\t\t\t\t\t\t\t\t\t\t\t\t\t\t\t\t\t\t\t\t\t\t\t\t\t\t                                                            <span class=\"sl-date\"><time class=\"entry-date published\" datetime=\"2026-04-07T21:45:23+02:00\">7 avril 2026<\/time><\/span>\r\n\t\t\t\t\t\t\t\t\t\t\t\t\t\t\t\t\t\t\t\t\t\t\t\t\t\t\t\t\t\t\t\t\t\t\t\t\t\t\t\t\t\t\t\t\t\t\t\t\t\t\t\t\t\t\t\t\t\t\t\t\t\t\t\t\t\t\t\t\t\t                                                    <\/div>\r\n\t\t\t\t\t\t\t\t\t\t\t\t\r\n\t\t\t\t\t\t\t\t\t\t\t\t\t\t\t\t\t\t\t\t\t\t\t\t\r\n                                            <\/div>\r\n\r\n\t\t\t\t\t\t\t\t\t\t\t                                        <\/div>\r\n                                    <\/div>\r\n                                <\/div>\r\n\t\t\t\t\t\t\t                                <div class=\"pcsl-item\">\r\n                                    <div class=\"pcsl-itemin\">\r\n                                        <div class=\"pcsl-iteminer\">\r\n\t\t\t\t\t\t\t\t\t\t\t\r\n\t\t\t\t\t\t\t\t\t\t\t                                                <div class=\"pcsl-thumb\">\r\n\t\t\t\t\t\t\t\t\t\t\t\t\t\t\t\t\t\t\t\t\t\t\t\t\t\t\t\t\t\t\t\t\t\t\t\t\t\t\t                                                        <a href=\"https:\/\/lepatriotebenin.com\/index.php\/2026\/04\/03\/economie-circulaire-et-recherche-scientifique-une-voie-davenir-pour-le-benin\/\"\r\n                                                           title=\"\u00c9conomie circulaire et recherche scientifique: Une voie d\u2019avenir pour le B\u00e9nin\"\r\n                                                           class=\"penci-image-holder penci-lazy\"                                                           data-bgset=\"https:\/\/lepatriotebenin.com\/wp-content\/uploads\/2026\/04\/sa-263x175.jpeg\">\r\n                                                        <\/a>\r\n\t\t\t\t\t\t\t\t\t\t\t\t\t                                                <\/div>\r\n\t\t\t\t\t\t\t\t\t\t\t                                            <div class=\"pcsl-content\">\r\n\t\t\t\t\t\t\t\t\t\t\t\t\r\n\t\t\t\t\t\t\t\t\t\t\t\t                                                    <div class=\"pcsl-title\">\r\n                                                        <a href=\"https:\/\/lepatriotebenin.com\/index.php\/2026\/04\/03\/economie-circulaire-et-recherche-scientifique-une-voie-davenir-pour-le-benin\/\">\u00c9conomie circulaire et recherche scientifique: Une voie d\u2019avenir pour le B\u00e9nin<\/a>\r\n                                                    <\/div>\r\n\t\t\t\t\t\t\t\t\t\t\t\t\r\n\t\t\t\t\t\t\t\t\t\t\t\t                                                    <div class=\"grid-post-box-meta pcsl-meta\">\r\n\t\t\t\t\t\t\t\t\t\t\t\t\t\t\t\t\t\t\t\t\t\t\t\t\t\t\t\t                                                            <span class=\"sl-date\"><time class=\"entry-date published\" datetime=\"2026-04-03T04:11:33+02:00\">3 avril 2026<\/time><\/span>\r\n\t\t\t\t\t\t\t\t\t\t\t\t\t\t\t\t\t\t\t\t\t\t\t\t\t\t\t\t\t\t\t\t\t\t\t\t\t\t\t\t\t\t\t\t\t\t\t\t\t\t\t\t\t\t\t\t\t\t\t\t\t\t\t\t\t\t\t\t\t\t                                                    <\/div>\r\n\t\t\t\t\t\t\t\t\t\t\t\t\r\n\t\t\t\t\t\t\t\t\t\t\t\t\t\t\t\t\t\t\t\t\t\t\t\t\r\n                                            <\/div>\r\n\r\n\t\t\t\t\t\t\t\t\t\t\t                                        <\/div>\r\n                                    <\/div>\r\n                                <\/div>\r\n\t\t\t\t\t\t\t                        <\/div>\r\n\r\n\t\t\t\t\t\t\r\n                    <\/div>\r\n\t\t\t\t\t            <\/div>\r\n        <\/div>\r\n\t\t\t\t\t\t<\/div>\n\t\t\t\t<\/div>\n\t\t\t\t\t<\/div>\n\t\t<\/div>\n\t\t\t\t\t<\/div>\n\t\t<\/section>\n\t\t\t\t<section class=\"penci-section penci-disSticky penci-structure-10 elementor-section elementor-top-section elementor-element elementor-element-633d0f7 elementor-section-boxed elementor-section-height-default elementor-section-height-default\" data-id=\"633d0f7\" data-element_type=\"section\" data-e-type=\"section\">\n\t\t\t\t\t\t<div class=\"elementor-container elementor-column-gap-extended\">\n\t\t\t\t\t<div class=\"penci-ercol-100 penci-ercol-order-1 penci-sticky-ct    elementor-column elementor-col-100 elementor-top-column elementor-element elementor-element-8539c07\" data-id=\"8539c07\" data-element_type=\"column\" data-e-type=\"column\">\n\t\t\t<div class=\"elementor-widget-wrap elementor-element-populated\">\n\t\t\t\t\t\t<div class=\"elementor-element elementor-element-0599582 elementor-widget elementor-widget-penci-big-grid\" data-id=\"0599582\" data-element_type=\"widget\" data-e-type=\"widget\" data-widget_type=\"penci-big-grid.default\">\n\t\t\t\t<div class=\"elementor-widget-container\">\n\t\t\t\t\t        <div class=\"penci-clearfix penci-biggrid-wrapper penci-grid-col-3 penci-grid-mcol-1 penci-bgrid-based-post penci-bgrid-style-1 pcbg-ficonpo-top-right pcbg-reiconpo-top-left penci-bgrid-content-on pencibg-imageh-move-right pencibg-texth-none pencibg-textani-movetop textop\">\r\n\t\t\t            <div class=\"penci-clearfix penci-biggrid penci-bgstyle-1 penci-bgel\">\r\n                <div class=\"penci-biggrid-inner default\">\r\n\t\t\t\t\t<div class=\"penci-clearfix penci-biggrid-data penci-dflex\"><div class=\"penci-bgitem\">\r\n    <div class=\"penci-bgitin\">\r\n        <div class=\"penci-bgmain\">\r\n            <div class=\"pcbg-thumb\">\r\n\t\t\t\t\t\t\t\t                <div class=\"pcbg-thumbin\">\r\n                    <a class=\"pcbg-bgoverlay\"\r\n                       href=\"https:\/\/lepatriotebenin.com\/index.php\/2026\/03\/25\/bilan-economique-sous-la-rupture-le-benin-dans-une-frenesie-dendettement\/\" title=\"Bilan \u00e9conomique sous la rupture :  Le B\u00e9nin dans une fr\u00e9n\u00e9sie d\u2019endettement\"><\/a>\r\n\t\t\t\t\t                        <div class=\"penci-image-holder penci-lazy\"                             data-bgset=\"https:\/\/lepatriotebenin.com\/wp-content\/uploads\/2026\/03\/ministere-de-leconomie-et-des-finiances-du-benin--vue-de-face-585x329.jpg\" data_bg_hidpi=\"https:\/\/lepatriotebenin.com\/wp-content\/uploads\/2026\/03\/ministere-de-leconomie-et-des-finiances-du-benin--vue-de-face-585x329.jpg\"\r\n                             data-sizes=\"(max-width: 767px) 585px, 585px\">\r\n                        <\/div>\r\n\t\t\t\t\t                <\/div>\r\n            <\/div>\r\n            <div class=\"pcbg-content\">\r\n                <div class=\"pcbg-content-flex\">\r\n                    <a class=\"pcbg-bgoverlay\"\r\n                       href=\"https:\/\/lepatriotebenin.com\/index.php\/2026\/03\/25\/bilan-economique-sous-la-rupture-le-benin-dans-une-frenesie-dendettement\/\" title=\"Bilan \u00e9conomique sous la rupture :  Le B\u00e9nin dans une fr\u00e9n\u00e9sie d\u2019endettement\"><\/a>\r\n                    <div class=\"pcbg-content-inner bgcontent-block\">\r\n                        <a href=\"https:\/\/lepatriotebenin.com\/index.php\/2026\/03\/25\/bilan-economique-sous-la-rupture-le-benin-dans-une-frenesie-dendettement\/\" title=\"Bilan \u00e9conomique sous la rupture :  Le B\u00e9nin dans une fr\u00e9n\u00e9sie d\u2019endettement\"\r\n                           class=\"pcbg-bgoverlaytext active-overlay item-hover\"><\/a>\r\n\r\n\t\t\t\t\t\t\r\n\t\t\t\t\t\t                            <div class=\"pcbg-heading item-hover\">\r\n                                <h3 class=\"pcbg-title\">\r\n                                    <a href=\"https:\/\/lepatriotebenin.com\/index.php\/2026\/03\/25\/bilan-economique-sous-la-rupture-le-benin-dans-une-frenesie-dendettement\/\">\r\n\t\t\t\t\t\t\t\t\t\tBilan \u00e9conomique sous la rupture :  Le B\u00e9nin dans une fr\u00e9n\u00e9sie d\u2019endettement                                    <\/a>\r\n                                <\/h3>\r\n                            <\/div>\r\n\t\t\t\t\t\t\r\n\t\t\t\t\t\t                            <div class=\"grid-post-box-meta pcbg-meta item-hover\">\r\n                                <div class=\"pcbg-meta-desc\">\r\n\t\t\t\t\t\t\t\t\t\t\t\t\t\t\t\t\t\t                                        <span class=\"bg-date\"><time class=\"entry-date published\" datetime=\"2026-03-25T05:48:15+01:00\">25 mars 2026<\/time><\/span>\r\n\t\t\t\t\t\t\t\t\t\t\t\t\t\t\t\t\t\t\t\t\t\t\t\t\t\t\t\t\t\t\t\t\t\t\t\t\t\t\t\t\t\t\t\t\t                                <\/div>\r\n\t\t\t\t\t\t\t\t                            <\/div>\r\n\t\t\t\t\t\t\r\n\t\t\t\t\t\t                    <\/div>\r\n                <\/div>\r\n            <\/div>\r\n        <\/div>\r\n    <\/div>\r\n<\/div>\r\n<div class=\"penci-bgitem\">\r\n    <div class=\"penci-bgitin\">\r\n        <div class=\"penci-bgmain\">\r\n            <div class=\"pcbg-thumb\">\r\n\t\t\t\t\t\t\t\t                <div class=\"pcbg-thumbin\">\r\n                    <a class=\"pcbg-bgoverlay\"\r\n                       href=\"https:\/\/lepatriotebenin.com\/index.php\/2026\/03\/13\/perspectives-regionales-en-economie-le-benin-attendu-a-7-en-2026\/\" title=\"Perspectives r\u00e9gionales en \u00e9conomie : Le B\u00e9nin attendu \u00e0 7% en 2026\"><\/a>\r\n\t\t\t\t\t                        <div class=\"penci-image-holder penci-lazy\"                             data-bgset=\"https:\/\/lepatriotebenin.com\/wp-content\/uploads\/2026\/03\/perspectives-b-585x568.jpeg\" data_bg_hidpi=\"https:\/\/lepatriotebenin.com\/wp-content\/uploads\/2026\/03\/perspectives-b-585x568.jpeg\"\r\n                             data-sizes=\"(max-width: 767px) 585px, 585px\">\r\n                        <\/div>\r\n\t\t\t\t\t                <\/div>\r\n            <\/div>\r\n            <div class=\"pcbg-content\">\r\n                <div class=\"pcbg-content-flex\">\r\n                    <a class=\"pcbg-bgoverlay\"\r\n                       href=\"https:\/\/lepatriotebenin.com\/index.php\/2026\/03\/13\/perspectives-regionales-en-economie-le-benin-attendu-a-7-en-2026\/\" title=\"Perspectives r\u00e9gionales en \u00e9conomie : Le B\u00e9nin attendu \u00e0 7% en 2026\"><\/a>\r\n                    <div class=\"pcbg-content-inner bgcontent-block\">\r\n                        <a href=\"https:\/\/lepatriotebenin.com\/index.php\/2026\/03\/13\/perspectives-regionales-en-economie-le-benin-attendu-a-7-en-2026\/\" title=\"Perspectives r\u00e9gionales en \u00e9conomie : Le B\u00e9nin attendu \u00e0 7% en 2026\"\r\n                           class=\"pcbg-bgoverlaytext active-overlay item-hover\"><\/a>\r\n\r\n\t\t\t\t\t\t\r\n\t\t\t\t\t\t                            <div class=\"pcbg-heading item-hover\">\r\n                                <h3 class=\"pcbg-title\">\r\n                                    <a href=\"https:\/\/lepatriotebenin.com\/index.php\/2026\/03\/13\/perspectives-regionales-en-economie-le-benin-attendu-a-7-en-2026\/\">\r\n\t\t\t\t\t\t\t\t\t\tPerspectives r\u00e9gionales en \u00e9conomie : Le B\u00e9nin attendu \u00e0 7% en 2026                                    <\/a>\r\n                                <\/h3>\r\n                            <\/div>\r\n\t\t\t\t\t\t\r\n\t\t\t\t\t\t                            <div class=\"grid-post-box-meta pcbg-meta item-hover\">\r\n                                <div class=\"pcbg-meta-desc\">\r\n\t\t\t\t\t\t\t\t\t\t\t\t\t\t\t\t\t\t                                        <span class=\"bg-date\"><time class=\"entry-date published\" datetime=\"2026-03-13T04:01:52+01:00\">13 mars 2026<\/time><\/span>\r\n\t\t\t\t\t\t\t\t\t\t\t\t\t\t\t\t\t\t\t\t\t\t\t\t\t\t\t\t\t\t\t\t\t\t\t\t\t\t\t\t\t\t\t\t\t                                <\/div>\r\n\t\t\t\t\t\t\t\t                            <\/div>\r\n\t\t\t\t\t\t\r\n\t\t\t\t\t\t                    <\/div>\r\n                <\/div>\r\n            <\/div>\r\n        <\/div>\r\n    <\/div>\r\n<\/div>\r\n<div class=\"penci-bgitem\">\r\n    <div class=\"penci-bgitin\">\r\n        <div class=\"penci-bgmain\">\r\n            <div class=\"pcbg-thumb\">\r\n\t\t\t\t\t\t\t\t                <div class=\"pcbg-thumbin\">\r\n                    <a class=\"pcbg-bgoverlay\"\r\n                       href=\"https:\/\/lepatriotebenin.com\/index.php\/2026\/02\/27\/croissance-economique-en-afrique-le-benin-4eme-en-2026\/\" title=\"Croissance \u00e9conomique en Afrique  : Le B\u00e9nin, 4\u00e8me  en 2026\"><\/a>\r\n\t\t\t\t\t                        <div class=\"penci-image-holder penci-lazy\"                             data-bgset=\"https:\/\/lepatriotebenin.com\/wp-content\/uploads\/2026\/02\/croissance-585x369.jpg\" data_bg_hidpi=\"https:\/\/lepatriotebenin.com\/wp-content\/uploads\/2026\/02\/croissance-585x369.jpg\"\r\n                             data-sizes=\"(max-width: 767px) 585px, 585px\">\r\n                        <\/div>\r\n\t\t\t\t\t                <\/div>\r\n            <\/div>\r\n            <div class=\"pcbg-content\">\r\n                <div class=\"pcbg-content-flex\">\r\n                    <a class=\"pcbg-bgoverlay\"\r\n                       href=\"https:\/\/lepatriotebenin.com\/index.php\/2026\/02\/27\/croissance-economique-en-afrique-le-benin-4eme-en-2026\/\" title=\"Croissance \u00e9conomique en Afrique  : Le B\u00e9nin, 4\u00e8me  en 2026\"><\/a>\r\n                    <div class=\"pcbg-content-inner bgcontent-block\">\r\n                        <a href=\"https:\/\/lepatriotebenin.com\/index.php\/2026\/02\/27\/croissance-economique-en-afrique-le-benin-4eme-en-2026\/\" title=\"Croissance \u00e9conomique en Afrique  : Le B\u00e9nin, 4\u00e8me  en 2026\"\r\n                           class=\"pcbg-bgoverlaytext active-overlay item-hover\"><\/a>\r\n\r\n\t\t\t\t\t\t\r\n\t\t\t\t\t\t                            <div class=\"pcbg-heading item-hover\">\r\n                                <h3 class=\"pcbg-title\">\r\n                                    <a href=\"https:\/\/lepatriotebenin.com\/index.php\/2026\/02\/27\/croissance-economique-en-afrique-le-benin-4eme-en-2026\/\">\r\n\t\t\t\t\t\t\t\t\t\tCroissance \u00e9conomique en Afrique  : Le B\u00e9nin, 4\u00e8me  en 2026                                    <\/a>\r\n                                <\/h3>\r\n                            <\/div>\r\n\t\t\t\t\t\t\r\n\t\t\t\t\t\t                            <div class=\"grid-post-box-meta pcbg-meta item-hover\">\r\n                                <div class=\"pcbg-meta-desc\">\r\n\t\t\t\t\t\t\t\t\t\t\t\t\t\t\t\t\t\t                                        <span class=\"bg-date\"><time class=\"entry-date published\" datetime=\"2026-02-27T02:19:12+01:00\">27 f\u00e9vrier 2026<\/time><\/span>\r\n\t\t\t\t\t\t\t\t\t\t\t\t\t\t\t\t\t\t\t\t\t\t\t\t\t\t\t\t\t\t\t\t\t\t\t\t\t\t\t\t\t\t\t\t\t                                <\/div>\r\n\t\t\t\t\t\t\t\t                            <\/div>\r\n\t\t\t\t\t\t\r\n\t\t\t\t\t\t                    <\/div>\r\n                <\/div>\r\n            <\/div>\r\n        <\/div>\r\n    <\/div>\r\n<\/div>\r\n<\/div>                <\/div>\r\n\t\t\t\t            <\/div>\r\n        <\/div>\r\n\t\t\t\t\t\t<\/div>\n\t\t\t\t<\/div>\n\t\t\t\t\t<\/div>\n\t\t<\/div>\n\t\t\t\t\t<\/div>\n\t\t<\/section>\n\t\t\t\t<section class=\"penci-section penci-disSticky penci-structure-10 elementor-section elementor-top-section elementor-element elementor-element-802bf98 elementor-section-boxed elementor-section-height-default elementor-section-height-default\" data-id=\"802bf98\" data-element_type=\"section\" data-e-type=\"section\">\n\t\t\t\t\t\t<div class=\"elementor-container elementor-column-gap-default\">\n\t\t\t\t\t<div class=\"penci-ercol-100 penci-ercol-order-1 penci-sticky-ct    elementor-column elementor-col-100 elementor-top-column elementor-element elementor-element-7de2032\" data-id=\"7de2032\" data-element_type=\"column\" data-e-type=\"column\">\n\t\t\t<div class=\"elementor-widget-wrap elementor-element-populated\">\n\t\t\t\t\t\t<div class=\"elementor-element elementor-element-82c76ea elementor-widget elementor-widget-image\" data-id=\"82c76ea\" data-element_type=\"widget\" data-e-type=\"widget\" data-widget_type=\"image.default\">\n\t\t\t\t<div class=\"elementor-widget-container\">\n\t\t\t\t\t\t\t\t\t\t\t\t\t\t\t<img decoding=\"async\" width=\"1172\" height=\"223\" src=\"https:\/\/lepatriotebenin.com\/wp-content\/uploads\/2025\/07\/espace-annonceur2.jpg\" class=\"attachment-full size-full wp-image-11943\" alt=\"\" srcset=\"https:\/\/lepatriotebenin.com\/wp-content\/uploads\/2025\/07\/espace-annonceur2.jpg 1172w, https:\/\/lepatriotebenin.com\/wp-content\/uploads\/2025\/07\/espace-annonceur2-300x57.jpg 300w, https:\/\/lepatriotebenin.com\/wp-content\/uploads\/2025\/07\/espace-annonceur2-1024x195.jpg 1024w, https:\/\/lepatriotebenin.com\/wp-content\/uploads\/2025\/07\/espace-annonceur2-768x146.jpg 768w, https:\/\/lepatriotebenin.com\/wp-content\/uploads\/2025\/07\/espace-annonceur2-1170x223.jpg 1170w, https:\/\/lepatriotebenin.com\/wp-content\/uploads\/2025\/07\/espace-annonceur2-585x111.jpg 585w\" sizes=\"(max-width: 1172px) 100vw, 1172px\" \/>\t\t\t\t\t\t\t\t\t\t\t\t\t\t\t<\/div>\n\t\t\t\t<\/div>\n\t\t\t\t\t<\/div>\n\t\t<\/div>\n\t\t\t\t\t<\/div>\n\t\t<\/section>\n\t\t\t\t<section class=\"penci-section penci-disSticky penci-structure-10 elementor-section elementor-top-section elementor-element elementor-element-8402182 elementor-section-boxed elementor-section-height-default elementor-section-height-default\" data-id=\"8402182\" data-element_type=\"section\" data-e-type=\"section\">\n\t\t\t\t\t\t<div class=\"elementor-container elementor-column-gap-no\">\n\t\t\t\t\t<div class=\"penci-ercol-100 penci-ercol-order-1 penci-sticky-ct    elementor-column elementor-col-100 elementor-top-column elementor-element elementor-element-e188e3c\" data-id=\"e188e3c\" data-element_type=\"column\" data-e-type=\"column\">\n\t\t\t<div class=\"elementor-widget-wrap elementor-element-populated\">\n\t\t\t\t\t\t<div class=\"elementor-element elementor-element-b628d3a elementor-widget-divider--view-line elementor-widget elementor-widget-divider\" data-id=\"b628d3a\" data-element_type=\"widget\" data-e-type=\"widget\" data-widget_type=\"divider.default\">\n\t\t\t\t<div class=\"elementor-widget-container\">\n\t\t\t\t\t\t\t<div class=\"elementor-divider\">\n\t\t\t<span class=\"elementor-divider-separator\">\n\t\t\t\t\t\t<\/span>\n\t\t<\/div>\n\t\t\t\t\t\t<\/div>\n\t\t\t\t<\/div>\n\t\t\t\t<div class=\"elementor-element elementor-element-4daba23 elementor-widget elementor-widget-penci-block-heading\" data-id=\"4daba23\" data-element_type=\"widget\" data-e-type=\"widget\" data-widget_type=\"penci-block-heading.default\">\n\t\t\t\t<div class=\"elementor-widget-container\">\n\t\t\t\t\t\t\t<div class=\"penci-border-arrow penci-homepage-title penci-home-latest-posts style-15 pcalign-left pciconp-right pcicon-right block-title-icon-left\">\n\t\t\t<h3 class=\"inner-arrow\">\r\n\t\t\t\t<span>\r\n\t\t\t\t<a href=\"https:\/\/lepatriotebenin.com\/index.php\/category\/societe\/\">Soci\u00e9t\u00e9<\/a><a class=\"pcbh-extrabtn pcbh-btns-none pcbh-btnp-right pcbh-btni-right\" href=\"https:\/\/lepatriotebenin.com\/index.php\/category\/societe\/\">Voir plus r\u00e9cent<i class=\"fas fa-long-arrow-alt-right\"><\/i><\/a>\t\t\t\t\t<\/span>\r\n\t\t\t<\/h3>\r\n\t\t\t\t\t<\/div>\r\n\t\t\t\t\t\t<\/div>\n\t\t\t\t<\/div>\n\t\t\t\t\t<\/div>\n\t\t<\/div>\n\t\t\t\t\t<\/div>\n\t\t<\/section>\n\t\t\t\t<section class=\"penci-section penci-disSticky penci-structure-30 elementor-section elementor-top-section elementor-element elementor-element-8e3b658 elementor-section-boxed elementor-section-height-default elementor-section-height-default\" data-id=\"8e3b658\" data-element_type=\"section\" data-e-type=\"section\">\n\t\t\t\t\t\t<div class=\"elementor-container elementor-column-gap-extended\">\n\t\t\t\t\t<div class=\"penci-ercol-33 penci-ercol-order-1 penci-sticky-sb penci-sidebarSC   elementor-column elementor-col-33 elementor-top-column elementor-element elementor-element-1bcdc42\" data-id=\"1bcdc42\" data-element_type=\"column\" data-e-type=\"column\">\n\t\t\t<div class=\"elementor-widget-wrap elementor-element-populated\">\n\t\t\t\t\t\t<div class=\"elementor-element elementor-element-f1fe122 elementor-widget elementor-widget-penci-big-grid\" data-id=\"f1fe122\" data-element_type=\"widget\" data-e-type=\"widget\" data-widget_type=\"penci-big-grid.default\">\n\t\t\t\t<div class=\"elementor-widget-container\">\n\t\t\t\t\t        <div class=\"penci-clearfix penci-biggrid-wrapper penci-grid-col-1 penci-grid-mcol-1 penci-bgrid-based-post penci-bgrid-style-1 pcbg-ficonpo-top-right pcbg-reiconpo-top-left penci-bgrid-content-below pencibg-imageh-zoom-in pencibg-texth-none pencibg-textani-movetop textop\">\r\n\t\t\t            <div class=\"penci-clearfix penci-biggrid penci-bgstyle-1 penci-bgel\">\r\n                <div class=\"penci-biggrid-inner default\">\r\n\t\t\t\t\t<div class=\"penci-clearfix penci-biggrid-data penci-dflex\"><div class=\"penci-bgitem\">\r\n    <div class=\"penci-bgitin\">\r\n        <div class=\"penci-bgmain\">\r\n            <div class=\"pcbg-thumb\">\r\n\t\t\t\t\t\t\t\t                <div class=\"pcbg-thumbin\">\r\n                    <a class=\"pcbg-bgoverlay\"\r\n                       href=\"https:\/\/lepatriotebenin.com\/index.php\/2026\/05\/01\/service-public-les-delais-du-casier-judiciaire-allonges-au-cncj\/\" title=\"Service public : Les d\u00e9lais du casier judiciaire allong\u00e9s au CNCJ\"><\/a>\r\n\t\t\t\t\t                        <div class=\"penci-image-holder penci-lazy\"                             data-bgset=\"https:\/\/lepatriotebenin.com\/wp-content\/uploads\/2026\/05\/casier-judiciaire-1024x576.jpg\" data_bg_hidpi=\"https:\/\/lepatriotebenin.com\/wp-content\/uploads\/2026\/05\/casier-judiciaire-585x329.jpg\"\r\n                             data-sizes=\"(max-width: 767px) 585px, 1024px\">\r\n                        <\/div>\r\n\t\t\t\t\t                <\/div>\r\n            <\/div>\r\n            <div class=\"pcbg-content\">\r\n                <div class=\"pcbg-content-flex\">\r\n                    <a class=\"pcbg-bgoverlay\"\r\n                       href=\"https:\/\/lepatriotebenin.com\/index.php\/2026\/05\/01\/service-public-les-delais-du-casier-judiciaire-allonges-au-cncj\/\" title=\"Service public : Les d\u00e9lais du casier judiciaire allong\u00e9s au CNCJ\"><\/a>\r\n                    <div class=\"pcbg-content-inner bgcontent-block\">\r\n                        <a href=\"https:\/\/lepatriotebenin.com\/index.php\/2026\/05\/01\/service-public-les-delais-du-casier-judiciaire-allonges-au-cncj\/\" title=\"Service public : Les d\u00e9lais du casier judiciaire allong\u00e9s au CNCJ\"\r\n                           class=\"pcbg-bgoverlaytext item-hover\"><\/a>\r\n\r\n\t\t\t\t\t\t\r\n\t\t\t\t\t\t                            <div class=\"pcbg-heading item-hover\">\r\n                                <h3 class=\"pcbg-title\">\r\n                                    <a href=\"https:\/\/lepatriotebenin.com\/index.php\/2026\/05\/01\/service-public-les-delais-du-casier-judiciaire-allonges-au-cncj\/\">\r\n\t\t\t\t\t\t\t\t\t\tService public : Les d\u00e9lais du casier judiciaire allong\u00e9s au CNCJ                                    <\/a>\r\n                                <\/h3>\r\n                            <\/div>\r\n\t\t\t\t\t\t\r\n\t\t\t\t\t\t                            <div class=\"grid-post-box-meta pcbg-meta item-hover\">\r\n                                <div class=\"pcbg-meta-desc\">\r\n\t\t\t\t\t\t\t\t\t\t\t\t\t\t\t\t\t\t                                        <span class=\"bg-date\"><time class=\"entry-date published\" datetime=\"2026-05-01T19:53:09+02:00\">1 mai 2026<\/time><\/span>\r\n\t\t\t\t\t\t\t\t\t\t\t\t\t\t\t\t\t\t\t\t\t\t\t\t\t\t\t\t\t\t\t\t\t\t\t\t\t\t\t\t\t\t\t\t\t                                <\/div>\r\n\t\t\t\t\t\t\t\t                                    <div class=\"pcbg-pexcerpt\">\r\n\t\t\t\t\t\t\t\t\t\t<p>Le Centre National du Casier Judiciaire fait face \u00e0 une hausse exceptionnelle des demandes de bulletins n\u00b03, entra\u00eenant &#8230;<\/p>\n                                    <\/div>\r\n\t\t\t\t\t\t\t\t                            <\/div>\r\n\t\t\t\t\t\t\r\n\t\t\t\t\t\t                    <\/div>\r\n                <\/div>\r\n            <\/div>\r\n        <\/div>\r\n    <\/div>\r\n<\/div>\r\n<\/div>                <\/div>\r\n\t\t\t\t            <\/div>\r\n        <\/div>\r\n\t\t\t\t\t\t<\/div>\n\t\t\t\t<\/div>\n\t\t\t\t\t<\/div>\n\t\t<\/div>\n\t\t\t\t<div class=\"penci-ercol-33 penci-ercol-order-2 penci-sticky-sb penci-sidebarSC   elementor-column elementor-col-33 elementor-top-column elementor-element elementor-element-d4bd544\" data-id=\"d4bd544\" data-element_type=\"column\" data-e-type=\"column\">\n\t\t\t<div class=\"elementor-widget-wrap elementor-element-populated\">\n\t\t\t\t\t\t<div class=\"elementor-element elementor-element-21739e3 elementor-widget elementor-widget-penci-big-grid\" data-id=\"21739e3\" data-element_type=\"widget\" data-e-type=\"widget\" data-widget_type=\"penci-big-grid.default\">\n\t\t\t\t<div class=\"elementor-widget-container\">\n\t\t\t\t\t        <div class=\"penci-clearfix penci-biggrid-wrapper penci-grid-col-1 penci-grid-mcol-1 penci-bgrid-based-post penci-bgrid-style-1 pcbg-ficonpo-top-right pcbg-reiconpo-top-left penci-bgrid-content-below pencibg-imageh-none pencibg-texth-none pencibg-textani-movetop textop\">\r\n\t\t\t            <div class=\"penci-clearfix penci-biggrid penci-bgstyle-1 penci-bgel\">\r\n                <div class=\"penci-biggrid-inner default\">\r\n\t\t\t\t\t<div class=\"penci-clearfix penci-biggrid-data penci-dflex\"><div class=\"penci-bgitem\">\r\n    <div class=\"penci-bgitin\">\r\n        <div class=\"penci-bgmain\">\r\n            <div class=\"pcbg-thumb\">\r\n\t\t\t\t\t\t\t\t                <div class=\"pcbg-thumbin\">\r\n                    <a class=\"pcbg-bgoverlay active-overlay\"\r\n                       href=\"https:\/\/lepatriotebenin.com\/index.php\/2026\/05\/01\/praticiens-de-la-medecine-traditionnelle-au-benin-lanaprametrab-oueme-sensibilise-ses-membres-de-porto-novo-sur-les-nouvelles-normes-instaurees-par-le-gouvernement\/\" title=\"Praticiens de la M\u00e9decine Traditionnelle au B\u00e9nin : L\u2019ANAPRAMETRAB\/Ou\u00e9m\u00e9 sensibilise ses membres de Porto-Novo sur les nouvelles normes instaur\u00e9es par le gouvernement\"><\/a>\r\n\t\t\t\t\t                        <div class=\"penci-image-holder penci-lazy\"                             data-bgset=\"https:\/\/lepatriotebenin.com\/wp-content\/uploads\/2026\/05\/1a-585x439.jpeg\" data_bg_hidpi=\"https:\/\/lepatriotebenin.com\/wp-content\/uploads\/2026\/05\/1a-585x439.jpeg\"\r\n                             data-sizes=\"(max-width: 767px) 585px, 585px\">\r\n                        <\/div>\r\n\t\t\t\t\t                <\/div>\r\n            <\/div>\r\n            <div class=\"pcbg-content\">\r\n                <div class=\"pcbg-content-flex\">\r\n                    <a class=\"pcbg-bgoverlay\"\r\n                       href=\"https:\/\/lepatriotebenin.com\/index.php\/2026\/05\/01\/praticiens-de-la-medecine-traditionnelle-au-benin-lanaprametrab-oueme-sensibilise-ses-membres-de-porto-novo-sur-les-nouvelles-normes-instaurees-par-le-gouvernement\/\" title=\"Praticiens de la M\u00e9decine Traditionnelle au B\u00e9nin : L\u2019ANAPRAMETRAB\/Ou\u00e9m\u00e9 sensibilise ses membres de Porto-Novo sur les nouvelles normes instaur\u00e9es par le gouvernement\"><\/a>\r\n                    <div class=\"pcbg-content-inner bgcontent-block\">\r\n                        <a href=\"https:\/\/lepatriotebenin.com\/index.php\/2026\/05\/01\/praticiens-de-la-medecine-traditionnelle-au-benin-lanaprametrab-oueme-sensibilise-ses-membres-de-porto-novo-sur-les-nouvelles-normes-instaurees-par-le-gouvernement\/\" title=\"Praticiens de la M\u00e9decine Traditionnelle au B\u00e9nin : L\u2019ANAPRAMETRAB\/Ou\u00e9m\u00e9 sensibilise ses membres de Porto-Novo sur les nouvelles normes instaur\u00e9es par le gouvernement\"\r\n                           class=\"pcbg-bgoverlaytext item-hover\"><\/a>\r\n\r\n\t\t\t\t\t\t\r\n\t\t\t\t\t\t                            <div class=\"pcbg-heading item-hover\">\r\n                                <h3 class=\"pcbg-title\">\r\n                                    <a href=\"https:\/\/lepatriotebenin.com\/index.php\/2026\/05\/01\/praticiens-de-la-medecine-traditionnelle-au-benin-lanaprametrab-oueme-sensibilise-ses-membres-de-porto-novo-sur-les-nouvelles-normes-instaurees-par-le-gouvernement\/\">\r\n\t\t\t\t\t\t\t\t\t\tPraticiens de la M\u00e9decine Traditionnelle au B\u00e9nin : L\u2019ANAPRAMETRAB\/Ou\u00e9m\u00e9 sensibilise ses membres de Porto-Novo sur les nouvelles normes instaur\u00e9es par le gouvernement                                    <\/a>\r\n                                <\/h3>\r\n                            <\/div>\r\n\t\t\t\t\t\t\r\n\t\t\t\t\t\t                            <div class=\"grid-post-box-meta pcbg-meta item-hover\">\r\n                                <div class=\"pcbg-meta-desc\">\r\n\t\t\t\t\t\t\t\t\t\t\t\t\t\t\t\t\t\t                                        <span class=\"bg-date\"><time class=\"entry-date published\" datetime=\"2026-05-01T12:49:27+02:00\">1 mai 2026<\/time><\/span>\r\n\t\t\t\t\t\t\t\t\t\t\t\t\t\t\t\t\t\t\t\t\t\t\t\t\t\t\t\t\t\t\t\t\t\t\t\t\t\t\t\t\t\t\t\t\t                                <\/div>\r\n\t\t\t\t\t\t\t\t                            <\/div>\r\n\t\t\t\t\t\t\r\n\t\t\t\t\t\t                    <\/div>\r\n                <\/div>\r\n            <\/div>\r\n        <\/div>\r\n    <\/div>\r\n<\/div>\r\n<div class=\"penci-bgitem\">\r\n    <div class=\"penci-bgitin\">\r\n        <div class=\"penci-bgmain\">\r\n            <div class=\"pcbg-thumb\">\r\n\t\t\t\t\t\t\t\t                <div class=\"pcbg-thumbin\">\r\n                    <a class=\"pcbg-bgoverlay active-overlay\"\r\n                       href=\"https:\/\/lepatriotebenin.com\/index.php\/2026\/05\/01\/hydrocarbures-au-benin-une-nouvelle-hausse-des-prix-en-vigueur-ce-1er-mai-les-nouveaux-tarifs\/\" title=\"Hydrocarbures au B\u00e9nin : Une nouvelle hausse des prix d\u00e9j\u00e0 en vigueur ce 1er  mai, les nouveaux tarifs\"><\/a>\r\n\t\t\t\t\t                        <div class=\"penci-image-holder penci-lazy\"                             data-bgset=\"https:\/\/lepatriotebenin.com\/wp-content\/uploads\/2026\/05\/station-service-nouveau-4-585x420.jpeg\" data_bg_hidpi=\"https:\/\/lepatriotebenin.com\/wp-content\/uploads\/2026\/05\/station-service-nouveau-4-585x420.jpeg\"\r\n                             data-sizes=\"(max-width: 767px) 585px, 585px\">\r\n                        <\/div>\r\n\t\t\t\t\t                <\/div>\r\n            <\/div>\r\n            <div class=\"pcbg-content\">\r\n                <div class=\"pcbg-content-flex\">\r\n                    <a class=\"pcbg-bgoverlay\"\r\n                       href=\"https:\/\/lepatriotebenin.com\/index.php\/2026\/05\/01\/hydrocarbures-au-benin-une-nouvelle-hausse-des-prix-en-vigueur-ce-1er-mai-les-nouveaux-tarifs\/\" title=\"Hydrocarbures au B\u00e9nin : Une nouvelle hausse des prix d\u00e9j\u00e0 en vigueur ce 1er  mai, les nouveaux tarifs\"><\/a>\r\n                    <div class=\"pcbg-content-inner bgcontent-block\">\r\n                        <a href=\"https:\/\/lepatriotebenin.com\/index.php\/2026\/05\/01\/hydrocarbures-au-benin-une-nouvelle-hausse-des-prix-en-vigueur-ce-1er-mai-les-nouveaux-tarifs\/\" title=\"Hydrocarbures au B\u00e9nin : Une nouvelle hausse des prix d\u00e9j\u00e0 en vigueur ce 1er  mai, les nouveaux tarifs\"\r\n                           class=\"pcbg-bgoverlaytext item-hover\"><\/a>\r\n\r\n\t\t\t\t\t\t\r\n\t\t\t\t\t\t                            <div class=\"pcbg-heading item-hover\">\r\n                                <h3 class=\"pcbg-title\">\r\n                                    <a href=\"https:\/\/lepatriotebenin.com\/index.php\/2026\/05\/01\/hydrocarbures-au-benin-une-nouvelle-hausse-des-prix-en-vigueur-ce-1er-mai-les-nouveaux-tarifs\/\">\r\n\t\t\t\t\t\t\t\t\t\tHydrocarbures au B\u00e9nin : Une nouvelle hausse des prix d\u00e9j\u00e0 en vigueur ce 1er  mai, les nouveaux tarifs                                    <\/a>\r\n                                <\/h3>\r\n                            <\/div>\r\n\t\t\t\t\t\t\r\n\t\t\t\t\t\t                            <div class=\"grid-post-box-meta pcbg-meta item-hover\">\r\n                                <div class=\"pcbg-meta-desc\">\r\n\t\t\t\t\t\t\t\t\t\t\t\t\t\t\t\t\t\t                                        <span class=\"bg-date\"><time class=\"entry-date published\" datetime=\"2026-05-01T09:17:48+02:00\">1 mai 2026<\/time><\/span>\r\n\t\t\t\t\t\t\t\t\t\t\t\t\t\t\t\t\t\t\t\t\t\t\t\t\t\t\t\t\t\t\t\t\t\t\t\t\t\t\t\t\t\t\t\t\t                                <\/div>\r\n\t\t\t\t\t\t\t\t                            <\/div>\r\n\t\t\t\t\t\t\r\n\t\t\t\t\t\t                    <\/div>\r\n                <\/div>\r\n            <\/div>\r\n        <\/div>\r\n    <\/div>\r\n<\/div>\r\n<\/div>                <\/div>\r\n\t\t\t\t            <\/div>\r\n        <\/div>\r\n\t\t\t\t\t\t<\/div>\n\t\t\t\t<\/div>\n\t\t\t\t\t<\/div>\n\t\t<\/div>\n\t\t\t\t<div class=\"penci-ercol-33 penci-ercol-order-3 penci-sticky-sb penci-sidebarSC   elementor-column elementor-col-33 elementor-top-column elementor-element elementor-element-c31c186\" data-id=\"c31c186\" data-element_type=\"column\" data-e-type=\"column\">\n\t\t\t<div class=\"elementor-widget-wrap elementor-element-populated\">\n\t\t\t\t\t\t<div class=\"elementor-element elementor-element-e5de820 elementor-widget elementor-widget-penci-small-list\" data-id=\"e5de820\" data-element_type=\"widget\" data-e-type=\"widget\" data-widget_type=\"penci-small-list.default\">\n\t\t\t\t<div class=\"elementor-widget-container\">\n\t\t\t\t\t<script>if( typeof(penciBlock) === \"undefined\" ) {function penciBlock() { this.atts_json = ''; this.content = ''; }}var penciBlocksArray = penciBlocksArray || [];var PENCILOCALCACHE = PENCILOCALCACHE || {};var pcblock_221 = new penciBlock();pcblock_221.blockID=\"pcblock_221\";pcblock_221.atts_json = '{\"type\":\"grid\",\"dformat\":\"\",\"date_pos\":\"left\",\"column\":\"1\",\"tab_column\":\"\",\"mb_column\":\"\",\"imgpos\":\"left\",\"thumb_size\":\"\",\"mthumb_size\":\"\",\"post_meta\":[\"title\",\"date\"],\"primary_cat\":\"\",\"title_length\":\"\",\"excerpt_pos\":\"below\",\"rmstyle\":\"filled\",\"excerpt_length\":15,\"nocrop\":\"\",\"hide_cat_mobile\":\"\",\"hide_meta_mobile\":\"\",\"hide_excerpt_mobile\":\"\",\"hide_rm_mobile\":\"\",\"imgtop_mobile\":\"\",\"ver_border\":\"\",\"hide_thumb\":\"\",\"show_reviewpie\":\"\",\"show_formaticon\":\"\",\"disable_lazy\":\"\",\"show_excerpt\":\"\",\"show_readmore\":\"\",\"query\":{\"orderby\":\"date\",\"order\":\"desc\",\"ignore_sticky_posts\":1,\"post_status\":\"publish\",\"post__not_in\":[],\"post_type\":\"post\",\"posts_per_page\":5,\"tax_query\":[{\"taxonomy\":\"category\",\"field\":\"term_id\",\"terms\":[\"20\"]}],\"offset\":3,\"paged\":1},\"category_ids\":\"\",\"taxonomy\":\"\"}';penciBlocksArray.push(pcblock_221);<\/script>        <div class=\"penci-wrapper-smalllist\">\r\n\t\t\t\t\t\t            <div class=\"penci-smalllist-wrapper\">\r\n\t\t\t\t                    <div class=\"penci-smalllist pcsl-wrapper pwsl-id-default\">\r\n                        <div class=\"pcsl-inner penci-clearfix pcsl-grid pcsl-imgpos-left pcsl-col-1 pcsl-tabcol-2 pcsl-mobcol-1\">\r\n\t\t\t\t\t\t\t                                <div class=\"pcsl-item\">\r\n                                    <div class=\"pcsl-itemin\">\r\n                                        <div class=\"pcsl-iteminer\">\r\n\t\t\t\t\t\t\t\t\t\t\t\r\n\t\t\t\t\t\t\t\t\t\t\t                                                <div class=\"pcsl-thumb\">\r\n\t\t\t\t\t\t\t\t\t\t\t\t\t\t\t\t\t\t\t\t\t\t\t\t\t\t\t\t\t\t\t\t\t\t\t\t\t\t\t                                                        <a href=\"https:\/\/lepatriotebenin.com\/index.php\/2026\/05\/01\/fete-du-travail-2026-au-benin-la-cstb-en-marche-pour-ses-revendications\/\"\r\n                                                           title=\"F\u00eate du travail 2026 au B\u00e9nin :La CSTB en marche pour ses revendications\"\r\n                                                           class=\"penci-image-holder penci-lazy\"                                                           data-bgset=\"https:\/\/lepatriotebenin.com\/wp-content\/uploads\/2026\/04\/kassa-mampo-263x175.jpeg\">\r\n                                                        <\/a>\r\n\t\t\t\t\t\t\t\t\t\t\t\t\t                                                <\/div>\r\n\t\t\t\t\t\t\t\t\t\t\t                                            <div class=\"pcsl-content\">\r\n\t\t\t\t\t\t\t\t\t\t\t\t\r\n\t\t\t\t\t\t\t\t\t\t\t\t                                                    <div class=\"pcsl-title\">\r\n                                                        <a href=\"https:\/\/lepatriotebenin.com\/index.php\/2026\/05\/01\/fete-du-travail-2026-au-benin-la-cstb-en-marche-pour-ses-revendications\/\">F\u00eate du travail 2026 au B\u00e9nin :La CSTB en marche pour ses revendications<\/a>\r\n                                                    <\/div>\r\n\t\t\t\t\t\t\t\t\t\t\t\t\r\n\t\t\t\t\t\t\t\t\t\t\t\t                                                    <div class=\"grid-post-box-meta pcsl-meta\">\r\n\t\t\t\t\t\t\t\t\t\t\t\t\t\t\t\t\t\t\t\t\t\t\t\t\t\t\t\t                                                            <span class=\"sl-date\"><time class=\"entry-date published\" datetime=\"2026-05-01T01:26:30+02:00\">1 mai 2026<\/time><\/span>\r\n\t\t\t\t\t\t\t\t\t\t\t\t\t\t\t\t\t\t\t\t\t\t\t\t\t\t\t\t\t\t\t\t\t\t\t\t\t\t\t\t\t\t\t\t\t\t\t\t\t\t\t\t\t\t\t\t\t\t\t\t\t\t\t\t\t\t\t\t\t\t                                                    <\/div>\r\n\t\t\t\t\t\t\t\t\t\t\t\t\r\n\t\t\t\t\t\t\t\t\t\t\t\t\t\t\t\t\t\t\t\t\t\t\t\t\r\n                                            <\/div>\r\n\r\n\t\t\t\t\t\t\t\t\t\t\t                                        <\/div>\r\n                                    <\/div>\r\n                                <\/div>\r\n\t\t\t\t\t\t\t                                <div class=\"pcsl-item\">\r\n                                    <div class=\"pcsl-itemin\">\r\n                                        <div class=\"pcsl-iteminer\">\r\n\t\t\t\t\t\t\t\t\t\t\t\r\n\t\t\t\t\t\t\t\t\t\t\t                                                <div class=\"pcsl-thumb\">\r\n\t\t\t\t\t\t\t\t\t\t\t\t\t\t\t\t\t\t\t\t\t\t\t\t\t\t\t\t\t\t\t\t\t\t\t\t\t\t\t                                                        <a href=\"https:\/\/lepatriotebenin.com\/index.php\/2026\/04\/30\/epreuves-a-option-au-cep-2026-les-candidats-planchent-en-couture-et-grimper-saut-en-hauteur\/\"\r\n                                                           title=\"\u00c9preuves \u00e0 option au Cep 2026: Les candidats planchent en Couture et Grimper\/ saut en hauteur\"\r\n                                                           class=\"penci-image-holder penci-lazy\"                                                           data-bgset=\"https:\/\/lepatriotebenin.com\/wp-content\/uploads\/2026\/04\/eleves-263x175.webp\">\r\n                                                        <\/a>\r\n\t\t\t\t\t\t\t\t\t\t\t\t\t                                                <\/div>\r\n\t\t\t\t\t\t\t\t\t\t\t                                            <div class=\"pcsl-content\">\r\n\t\t\t\t\t\t\t\t\t\t\t\t\r\n\t\t\t\t\t\t\t\t\t\t\t\t                                                    <div class=\"pcsl-title\">\r\n                                                        <a href=\"https:\/\/lepatriotebenin.com\/index.php\/2026\/04\/30\/epreuves-a-option-au-cep-2026-les-candidats-planchent-en-couture-et-grimper-saut-en-hauteur\/\">\u00c9preuves \u00e0 option au Cep 2026: Les candidats planchent en Couture et Grimper\/ saut en hauteur<\/a>\r\n                                                    <\/div>\r\n\t\t\t\t\t\t\t\t\t\t\t\t\r\n\t\t\t\t\t\t\t\t\t\t\t\t                                                    <div class=\"grid-post-box-meta pcsl-meta\">\r\n\t\t\t\t\t\t\t\t\t\t\t\t\t\t\t\t\t\t\t\t\t\t\t\t\t\t\t\t                                                            <span class=\"sl-date\"><time class=\"entry-date published\" datetime=\"2026-04-30T16:12:53+02:00\">30 avril 2026<\/time><\/span>\r\n\t\t\t\t\t\t\t\t\t\t\t\t\t\t\t\t\t\t\t\t\t\t\t\t\t\t\t\t\t\t\t\t\t\t\t\t\t\t\t\t\t\t\t\t\t\t\t\t\t\t\t\t\t\t\t\t\t\t\t\t\t\t\t\t\t\t\t\t\t\t                                                    <\/div>\r\n\t\t\t\t\t\t\t\t\t\t\t\t\r\n\t\t\t\t\t\t\t\t\t\t\t\t\t\t\t\t\t\t\t\t\t\t\t\t\r\n                                            <\/div>\r\n\r\n\t\t\t\t\t\t\t\t\t\t\t                                        <\/div>\r\n                                    <\/div>\r\n                                <\/div>\r\n\t\t\t\t\t\t\t                                <div class=\"pcsl-item\">\r\n                                    <div class=\"pcsl-itemin\">\r\n                                        <div class=\"pcsl-iteminer\">\r\n\t\t\t\t\t\t\t\t\t\t\t\r\n\t\t\t\t\t\t\t\t\t\t\t                                                <div class=\"pcsl-thumb\">\r\n\t\t\t\t\t\t\t\t\t\t\t\t\t\t\t\t\t\t\t\t\t\t\t\t\t\t\t\t\t\t\t\t\t\t\t\t\t\t\t                                                        <a href=\"https:\/\/lepatriotebenin.com\/index.php\/2026\/04\/30\/classement-mondial-de-rsf-2026-le-benin-chute-lourdement-en-liberte-de-presse\/\"\r\n                                                           title=\"Classement mondial de RSF 2026 : Le B\u00e9nin chute lourdement en libert\u00e9 de presse\"\r\n                                                           class=\"penci-image-holder penci-lazy\"                                                           data-bgset=\"https:\/\/lepatriotebenin.com\/wp-content\/uploads\/2026\/04\/presse-n-263x175.jpeg\">\r\n                                                        <\/a>\r\n\t\t\t\t\t\t\t\t\t\t\t\t\t                                                <\/div>\r\n\t\t\t\t\t\t\t\t\t\t\t                                            <div class=\"pcsl-content\">\r\n\t\t\t\t\t\t\t\t\t\t\t\t\r\n\t\t\t\t\t\t\t\t\t\t\t\t                                                    <div class=\"pcsl-title\">\r\n                                                        <a href=\"https:\/\/lepatriotebenin.com\/index.php\/2026\/04\/30\/classement-mondial-de-rsf-2026-le-benin-chute-lourdement-en-liberte-de-presse\/\">Classement mondial de RSF 2026 : Le B\u00e9nin chute lourdement en libert\u00e9 de presse<\/a>\r\n                                                    <\/div>\r\n\t\t\t\t\t\t\t\t\t\t\t\t\r\n\t\t\t\t\t\t\t\t\t\t\t\t                                                    <div class=\"grid-post-box-meta pcsl-meta\">\r\n\t\t\t\t\t\t\t\t\t\t\t\t\t\t\t\t\t\t\t\t\t\t\t\t\t\t\t\t                                                            <span class=\"sl-date\"><time class=\"entry-date published\" datetime=\"2026-04-30T13:39:33+02:00\">30 avril 2026<\/time><\/span>\r\n\t\t\t\t\t\t\t\t\t\t\t\t\t\t\t\t\t\t\t\t\t\t\t\t\t\t\t\t\t\t\t\t\t\t\t\t\t\t\t\t\t\t\t\t\t\t\t\t\t\t\t\t\t\t\t\t\t\t\t\t\t\t\t\t\t\t\t\t\t\t                                                    <\/div>\r\n\t\t\t\t\t\t\t\t\t\t\t\t\r\n\t\t\t\t\t\t\t\t\t\t\t\t\t\t\t\t\t\t\t\t\t\t\t\t\r\n                                            <\/div>\r\n\r\n\t\t\t\t\t\t\t\t\t\t\t                                        <\/div>\r\n                                    <\/div>\r\n                                <\/div>\r\n\t\t\t\t\t\t\t                                <div class=\"pcsl-item\">\r\n                                    <div class=\"pcsl-itemin\">\r\n                                        <div class=\"pcsl-iteminer\">\r\n\t\t\t\t\t\t\t\t\t\t\t\r\n\t\t\t\t\t\t\t\t\t\t\t                                                <div class=\"pcsl-thumb\">\r\n\t\t\t\t\t\t\t\t\t\t\t\t\t\t\t\t\t\t\t\t\t\t\t\t\t\t\t\t\t\t\t\t\t\t\t\t\t\t\t                                                        <a href=\"https:\/\/lepatriotebenin.com\/index.php\/2026\/04\/30\/prolongation-de-la-detention-de-kemi-seba-la-justice-sud-africaine-prend-le-benin-a-contre-pieds\/\"\r\n                                                           title=\"Prolongation de la d\u00e9tention de K\u00e8mi S\u00e9ba  : La justice sud-africaine prend le B\u00e9nin \u00e0 contre pieds\"\r\n                                                           class=\"penci-image-holder penci-lazy\"                                                           data-bgset=\"https:\/\/lepatriotebenin.com\/wp-content\/uploads\/2026\/04\/4-ypki0-qdrb8yu-qdlbev-263x175.webp\">\r\n                                                        <\/a>\r\n\t\t\t\t\t\t\t\t\t\t\t\t\t                                                <\/div>\r\n\t\t\t\t\t\t\t\t\t\t\t                                            <div class=\"pcsl-content\">\r\n\t\t\t\t\t\t\t\t\t\t\t\t\r\n\t\t\t\t\t\t\t\t\t\t\t\t                                                    <div class=\"pcsl-title\">\r\n                                                        <a href=\"https:\/\/lepatriotebenin.com\/index.php\/2026\/04\/30\/prolongation-de-la-detention-de-kemi-seba-la-justice-sud-africaine-prend-le-benin-a-contre-pieds\/\">Prolongation de la d\u00e9tention de K\u00e8mi S\u00e9ba  : La justice sud-africaine prend le B\u00e9nin \u00e0 contre pieds<\/a>\r\n                                                    <\/div>\r\n\t\t\t\t\t\t\t\t\t\t\t\t\r\n\t\t\t\t\t\t\t\t\t\t\t\t                                                    <div class=\"grid-post-box-meta pcsl-meta\">\r\n\t\t\t\t\t\t\t\t\t\t\t\t\t\t\t\t\t\t\t\t\t\t\t\t\t\t\t\t                                                            <span class=\"sl-date\"><time class=\"entry-date published\" datetime=\"2026-04-30T03:36:42+02:00\">30 avril 2026<\/time><\/span>\r\n\t\t\t\t\t\t\t\t\t\t\t\t\t\t\t\t\t\t\t\t\t\t\t\t\t\t\t\t\t\t\t\t\t\t\t\t\t\t\t\t\t\t\t\t\t\t\t\t\t\t\t\t\t\t\t\t\t\t\t\t\t\t\t\t\t\t\t\t\t\t                                                    <\/div>\r\n\t\t\t\t\t\t\t\t\t\t\t\t\r\n\t\t\t\t\t\t\t\t\t\t\t\t\t\t\t\t\t\t\t\t\t\t\t\t\r\n                                            <\/div>\r\n\r\n\t\t\t\t\t\t\t\t\t\t\t                                        <\/div>\r\n                                    <\/div>\r\n                                <\/div>\r\n\t\t\t\t\t\t\t                                <div class=\"pcsl-item\">\r\n                                    <div class=\"pcsl-itemin\">\r\n                                        <div class=\"pcsl-iteminer\">\r\n\t\t\t\t\t\t\t\t\t\t\t\r\n\t\t\t\t\t\t\t\t\t\t\t                                                <div class=\"pcsl-thumb\">\r\n\t\t\t\t\t\t\t\t\t\t\t\t\t\t\t\t\t\t\t\t\t\t\t\t\t\t\t\t\t\t\t\t\t\t\t\t\t\t\t                                                        <a href=\"https:\/\/lepatriotebenin.com\/index.php\/2026\/04\/29\/ghana-accra-dit-non-a-109-millions-de-dollars-des-etats-unis-pour-proteger-les-donnees-de-sante\/\"\r\n                                                           title=\"\u200eGhana : Accra dit non \u00e0 109 millions de dollars des \u00c9tats-Unis pour prot\u00e9ger les donn\u00e9es de sant\u00e9\"\r\n                                                           class=\"penci-image-holder penci-lazy\"                                                           data-bgset=\"https:\/\/lepatriotebenin.com\/wp-content\/uploads\/2026\/04\/ghana-ss-263x175.jpeg\">\r\n                                                        <\/a>\r\n\t\t\t\t\t\t\t\t\t\t\t\t\t                                                <\/div>\r\n\t\t\t\t\t\t\t\t\t\t\t                                            <div class=\"pcsl-content\">\r\n\t\t\t\t\t\t\t\t\t\t\t\t\r\n\t\t\t\t\t\t\t\t\t\t\t\t                                                    <div class=\"pcsl-title\">\r\n                                                        <a href=\"https:\/\/lepatriotebenin.com\/index.php\/2026\/04\/29\/ghana-accra-dit-non-a-109-millions-de-dollars-des-etats-unis-pour-proteger-les-donnees-de-sante\/\">\u200eGhana : Accra dit non \u00e0 109 millions de dollars des \u00c9tats-Unis pour prot\u00e9ger les donn\u00e9es de sant\u00e9<\/a>\r\n                                                    <\/div>\r\n\t\t\t\t\t\t\t\t\t\t\t\t\r\n\t\t\t\t\t\t\t\t\t\t\t\t                                                    <div class=\"grid-post-box-meta pcsl-meta\">\r\n\t\t\t\t\t\t\t\t\t\t\t\t\t\t\t\t\t\t\t\t\t\t\t\t\t\t\t\t                                                            <span class=\"sl-date\"><time class=\"entry-date published\" datetime=\"2026-04-29T22:11:16+02:00\">29 avril 2026<\/time><\/span>\r\n\t\t\t\t\t\t\t\t\t\t\t\t\t\t\t\t\t\t\t\t\t\t\t\t\t\t\t\t\t\t\t\t\t\t\t\t\t\t\t\t\t\t\t\t\t\t\t\t\t\t\t\t\t\t\t\t\t\t\t\t\t\t\t\t\t\t\t\t\t\t                                                    <\/div>\r\n\t\t\t\t\t\t\t\t\t\t\t\t\r\n\t\t\t\t\t\t\t\t\t\t\t\t\t\t\t\t\t\t\t\t\t\t\t\t\r\n                                            <\/div>\r\n\r\n\t\t\t\t\t\t\t\t\t\t\t                                        <\/div>\r\n                                    <\/div>\r\n                                <\/div>\r\n\t\t\t\t\t\t\t                        <\/div>\r\n\r\n\t\t\t\t\t\t\r\n                    <\/div>\r\n\t\t\t\t\t            <\/div>\r\n        <\/div>\r\n\t\t\t\t\t\t<\/div>\n\t\t\t\t<\/div>\n\t\t\t\t\t<\/div>\n\t\t<\/div>\n\t\t\t\t\t<\/div>\n\t\t<\/section>\n\t\t\t\t<section class=\"penci-section penci-disSticky penci-structure-10 elementor-section elementor-top-section elementor-element elementor-element-74281ae elementor-section-boxed elementor-section-height-default elementor-section-height-default\" data-id=\"74281ae\" data-element_type=\"section\" data-e-type=\"section\">\n\t\t\t\t\t\t<div class=\"elementor-container elementor-column-gap-no\">\n\t\t\t\t\t<div class=\"penci-ercol-100 penci-ercol-order-1 penci-sticky-ct    elementor-column elementor-col-100 elementor-top-column elementor-element elementor-element-49a9180\" data-id=\"49a9180\" data-element_type=\"column\" data-e-type=\"column\">\n\t\t\t<div class=\"elementor-widget-wrap elementor-element-populated\">\n\t\t\t\t\t\t<div class=\"elementor-element elementor-element-d8b237c elementor-widget-divider--view-line elementor-widget elementor-widget-divider\" data-id=\"d8b237c\" data-element_type=\"widget\" data-e-type=\"widget\" data-widget_type=\"divider.default\">\n\t\t\t\t<div class=\"elementor-widget-container\">\n\t\t\t\t\t\t\t<div class=\"elementor-divider\">\n\t\t\t<span class=\"elementor-divider-separator\">\n\t\t\t\t\t\t<\/span>\n\t\t<\/div>\n\t\t\t\t\t\t<\/div>\n\t\t\t\t<\/div>\n\t\t\t\t<div class=\"elementor-element elementor-element-6285abe elementor-widget elementor-widget-penci-block-heading\" data-id=\"6285abe\" data-element_type=\"widget\" data-e-type=\"widget\" data-widget_type=\"penci-block-heading.default\">\n\t\t\t\t<div class=\"elementor-widget-container\">\n\t\t\t\t\t\t\t<div class=\"penci-border-arrow penci-homepage-title penci-home-latest-posts style-15 pcalign-left pciconp-right pcicon-right block-title-icon-left\">\n\t\t\t<h3 class=\"inner-arrow\">\r\n\t\t\t\t<span>\r\n\t\t\t\t<a href=\"https:\/\/lepatriotebenin.com\/index.php\/category\/sport\/\">Sport<\/a><a class=\"pcbh-extrabtn pcbh-btns-none pcbh-btnp-right pcbh-btni-right\" href=\"https:\/\/lepatriotebenin.com\/index.php\/category\/sport\/\">Voir plus r\u00e9cent<i class=\"fas fa-long-arrow-alt-right\"><\/i><\/a>\t\t\t\t\t<\/span>\r\n\t\t\t<\/h3>\r\n\t\t\t\t\t<\/div>\r\n\t\t\t\t\t\t<\/div>\n\t\t\t\t<\/div>\n\t\t\t\t\t<\/div>\n\t\t<\/div>\n\t\t\t\t\t<\/div>\n\t\t<\/section>\n\t\t\t\t<section class=\"penci-section penci-disSticky penci-structure-30 elementor-section elementor-top-section elementor-element elementor-element-8ff03c8 elementor-section-boxed elementor-section-height-default elementor-section-height-default\" data-id=\"8ff03c8\" data-element_type=\"section\" data-e-type=\"section\">\n\t\t\t\t\t\t<div class=\"elementor-container elementor-column-gap-extended\">\n\t\t\t\t\t<div class=\"penci-ercol-33 penci-ercol-order-1 penci-sticky-sb penci-sidebarSC   elementor-column elementor-col-33 elementor-top-column elementor-element elementor-element-2b76a17\" data-id=\"2b76a17\" data-element_type=\"column\" data-e-type=\"column\">\n\t\t\t<div class=\"elementor-widget-wrap elementor-element-populated\">\n\t\t\t\t\t\t<div class=\"elementor-element elementor-element-cbae90d elementor-widget elementor-widget-penci-small-list\" data-id=\"cbae90d\" data-element_type=\"widget\" data-e-type=\"widget\" data-widget_type=\"penci-small-list.default\">\n\t\t\t\t<div class=\"elementor-widget-container\">\n\t\t\t\t\t<script>if( typeof(penciBlock) === \"undefined\" ) {function penciBlock() { this.atts_json = ''; this.content = ''; }}var penciBlocksArray = penciBlocksArray || [];var PENCILOCALCACHE = PENCILOCALCACHE || {};var pcblock_7616 = new penciBlock();pcblock_7616.blockID=\"pcblock_7616\";pcblock_7616.atts_json = '{\"type\":\"grid\",\"dformat\":\"\",\"date_pos\":\"left\",\"column\":\"1\",\"tab_column\":\"\",\"mb_column\":\"\",\"imgpos\":\"left\",\"thumb_size\":\"\",\"mthumb_size\":\"\",\"post_meta\":[\"title\",\"date\"],\"primary_cat\":\"\",\"title_length\":\"\",\"excerpt_pos\":\"below\",\"rmstyle\":\"filled\",\"excerpt_length\":15,\"nocrop\":\"\",\"hide_cat_mobile\":\"\",\"hide_meta_mobile\":\"\",\"hide_excerpt_mobile\":\"\",\"hide_rm_mobile\":\"\",\"imgtop_mobile\":\"\",\"ver_border\":\"\",\"hide_thumb\":\"\",\"show_reviewpie\":\"\",\"show_formaticon\":\"\",\"disable_lazy\":\"\",\"show_excerpt\":\"\",\"show_readmore\":\"\",\"query\":{\"orderby\":\"date\",\"order\":\"desc\",\"ignore_sticky_posts\":1,\"post_status\":\"publish\",\"post__not_in\":[],\"post_type\":\"post\",\"posts_per_page\":3,\"tax_query\":[{\"taxonomy\":\"category\",\"field\":\"term_id\",\"terms\":[\"8\"]}],\"paged\":1},\"category_ids\":\"\",\"taxonomy\":\"\"}';penciBlocksArray.push(pcblock_7616);<\/script>        <div class=\"penci-wrapper-smalllist\">\r\n\t\t\t\t\t\t            <div class=\"penci-smalllist-wrapper\">\r\n\t\t\t\t                    <div class=\"penci-smalllist pcsl-wrapper pwsl-id-default\">\r\n                        <div class=\"pcsl-inner penci-clearfix pcsl-grid pcsl-imgpos-left pcsl-col-1 pcsl-tabcol-2 pcsl-mobcol-1\">\r\n\t\t\t\t\t\t\t                                <div class=\"pcsl-item\">\r\n                                    <div class=\"pcsl-itemin\">\r\n                                        <div class=\"pcsl-iteminer\">\r\n\t\t\t\t\t\t\t\t\t\t\t\r\n\t\t\t\t\t\t\t\t\t\t\t                                                <div class=\"pcsl-thumb\">\r\n\t\t\t\t\t\t\t\t\t\t\t\t\t\t\t\t\t\t\t\t\t\t\t\t\t\t\t\t\t\t\t\t\t\t\t\t\t\t\t                                                        <a href=\"https:\/\/lepatriotebenin.com\/index.php\/2026\/05\/01\/tour-cycliste-international-du-benin-le-marocain-mraouni-salah-eddine-vainqueur-de-la-4eme-etape\/\"\r\n                                                           title=\"Tour cycliste international du B\u00e9nin : Le Marocain Mraouni Salah Eddine vainqueur de la 4\u00e8me \u00e9tape\"\r\n                                                           class=\"penci-image-holder penci-lazy\"                                                           data-bgset=\"https:\/\/lepatriotebenin.com\/wp-content\/uploads\/2026\/05\/4eme-etape-263x175.jpg\">\r\n                                                        <\/a>\r\n\t\t\t\t\t\t\t\t\t\t\t\t\t                                                <\/div>\r\n\t\t\t\t\t\t\t\t\t\t\t                                            <div class=\"pcsl-content\">\r\n\t\t\t\t\t\t\t\t\t\t\t\t\r\n\t\t\t\t\t\t\t\t\t\t\t\t                                                    <div class=\"pcsl-title\">\r\n                                                        <a href=\"https:\/\/lepatriotebenin.com\/index.php\/2026\/05\/01\/tour-cycliste-international-du-benin-le-marocain-mraouni-salah-eddine-vainqueur-de-la-4eme-etape\/\">Tour cycliste international du B\u00e9nin : Le Marocain Mraouni Salah Eddine vainqueur de la 4\u00e8me \u00e9tape<\/a>\r\n                                                    <\/div>\r\n\t\t\t\t\t\t\t\t\t\t\t\t\r\n\t\t\t\t\t\t\t\t\t\t\t\t                                                    <div class=\"grid-post-box-meta pcsl-meta\">\r\n\t\t\t\t\t\t\t\t\t\t\t\t\t\t\t\t\t\t\t\t\t\t\t\t\t\t\t\t                                                            <span class=\"sl-date\"><time class=\"entry-date published\" datetime=\"2026-05-01T20:05:39+02:00\">1 mai 2026<\/time><\/span>\r\n\t\t\t\t\t\t\t\t\t\t\t\t\t\t\t\t\t\t\t\t\t\t\t\t\t\t\t\t\t\t\t\t\t\t\t\t\t\t\t\t\t\t\t\t\t\t\t\t\t\t\t\t\t\t\t\t\t\t\t\t\t\t\t\t\t\t\t\t\t\t                                                    <\/div>\r\n\t\t\t\t\t\t\t\t\t\t\t\t\r\n\t\t\t\t\t\t\t\t\t\t\t\t\t\t\t\t\t\t\t\t\t\t\t\t\r\n                                            <\/div>\r\n\r\n\t\t\t\t\t\t\t\t\t\t\t                                        <\/div>\r\n                                    <\/div>\r\n                                <\/div>\r\n\t\t\t\t\t\t\t                                <div class=\"pcsl-item\">\r\n                                    <div class=\"pcsl-itemin\">\r\n                                        <div class=\"pcsl-iteminer\">\r\n\t\t\t\t\t\t\t\t\t\t\t\r\n\t\t\t\t\t\t\t\t\t\t\t                                                <div class=\"pcsl-thumb\">\r\n\t\t\t\t\t\t\t\t\t\t\t\t\t\t\t\t\t\t\t\t\t\t\t\t\t\t\t\t\t\t\t\t\t\t\t\t\t\t\t                                                        <a href=\"https:\/\/lepatriotebenin.com\/index.php\/2026\/04\/30\/tour-cycliste-international-du-benin-deuxieme-victoire-consecutive-pour-lalgerien-assal-najib\/\"\r\n                                                           title=\"Tour cycliste international du B\u00e9nin : Deuxi\u00e8me victoire cons\u00e9cutive pour l\u2019Alg\u00e9rien  Assal Nadjib\"\r\n                                                           class=\"penci-image-holder penci-lazy\"                                                           data-bgset=\"https:\/\/lepatriotebenin.com\/wp-content\/uploads\/2026\/04\/3eme-etape-263x175.jpg\">\r\n                                                        <\/a>\r\n\t\t\t\t\t\t\t\t\t\t\t\t\t                                                <\/div>\r\n\t\t\t\t\t\t\t\t\t\t\t                                            <div class=\"pcsl-content\">\r\n\t\t\t\t\t\t\t\t\t\t\t\t\r\n\t\t\t\t\t\t\t\t\t\t\t\t                                                    <div class=\"pcsl-title\">\r\n                                                        <a href=\"https:\/\/lepatriotebenin.com\/index.php\/2026\/04\/30\/tour-cycliste-international-du-benin-deuxieme-victoire-consecutive-pour-lalgerien-assal-najib\/\">Tour cycliste international du B\u00e9nin : Deuxi\u00e8me victoire cons\u00e9cutive pour l\u2019Alg\u00e9rien  Assal Nadjib<\/a>\r\n                                                    <\/div>\r\n\t\t\t\t\t\t\t\t\t\t\t\t\r\n\t\t\t\t\t\t\t\t\t\t\t\t                                                    <div class=\"grid-post-box-meta pcsl-meta\">\r\n\t\t\t\t\t\t\t\t\t\t\t\t\t\t\t\t\t\t\t\t\t\t\t\t\t\t\t\t                                                            <span class=\"sl-date\"><time class=\"entry-date published\" datetime=\"2026-04-30T16:49:34+02:00\">30 avril 2026<\/time><\/span>\r\n\t\t\t\t\t\t\t\t\t\t\t\t\t\t\t\t\t\t\t\t\t\t\t\t\t\t\t\t\t\t\t\t\t\t\t\t\t\t\t\t\t\t\t\t\t\t\t\t\t\t\t\t\t\t\t\t\t\t\t\t\t\t\t\t\t\t\t\t\t\t                                                    <\/div>\r\n\t\t\t\t\t\t\t\t\t\t\t\t\r\n\t\t\t\t\t\t\t\t\t\t\t\t\t\t\t\t\t\t\t\t\t\t\t\t\r\n                                            <\/div>\r\n\r\n\t\t\t\t\t\t\t\t\t\t\t                                        <\/div>\r\n                                    <\/div>\r\n                                <\/div>\r\n\t\t\t\t\t\t\t                                <div class=\"pcsl-item\">\r\n                                    <div class=\"pcsl-itemin\">\r\n                                        <div class=\"pcsl-iteminer\">\r\n\t\t\t\t\t\t\t\t\t\t\t\r\n\t\t\t\t\t\t\t\t\t\t\t                                                <div class=\"pcsl-thumb\">\r\n\t\t\t\t\t\t\t\t\t\t\t\t\t\t\t\t\t\t\t\t\t\t\t\t\t\t\t\t\t\t\t\t\t\t\t\t\t\t\t                                                        <a href=\"https:\/\/lepatriotebenin.com\/index.php\/2026\/04\/30\/jo-los-angeles-2028-f-le-benin-herite-du-mali-au-2e-tour\/\"\r\n                                                           title=\"JO Los Angeles 2028 (F) : le B\u00e9nin h\u00e9rite du Mali au 2e tour\"\r\n                                                           class=\"penci-image-holder penci-lazy\"                                                           data-bgset=\"https:\/\/lepatriotebenin.com\/wp-content\/uploads\/2026\/04\/amazones-q-263x175.jpeg\">\r\n                                                        <\/a>\r\n\t\t\t\t\t\t\t\t\t\t\t\t\t                                                <\/div>\r\n\t\t\t\t\t\t\t\t\t\t\t                                            <div class=\"pcsl-content\">\r\n\t\t\t\t\t\t\t\t\t\t\t\t\r\n\t\t\t\t\t\t\t\t\t\t\t\t                                                    <div class=\"pcsl-title\">\r\n                                                        <a href=\"https:\/\/lepatriotebenin.com\/index.php\/2026\/04\/30\/jo-los-angeles-2028-f-le-benin-herite-du-mali-au-2e-tour\/\">JO Los Angeles 2028 (F) : le B\u00e9nin h\u00e9rite du Mali au 2e tour<\/a>\r\n                                                    <\/div>\r\n\t\t\t\t\t\t\t\t\t\t\t\t\r\n\t\t\t\t\t\t\t\t\t\t\t\t                                                    <div class=\"grid-post-box-meta pcsl-meta\">\r\n\t\t\t\t\t\t\t\t\t\t\t\t\t\t\t\t\t\t\t\t\t\t\t\t\t\t\t\t                                                            <span class=\"sl-date\"><time class=\"entry-date published\" datetime=\"2026-04-30T03:29:44+02:00\">30 avril 2026<\/time><\/span>\r\n\t\t\t\t\t\t\t\t\t\t\t\t\t\t\t\t\t\t\t\t\t\t\t\t\t\t\t\t\t\t\t\t\t\t\t\t\t\t\t\t\t\t\t\t\t\t\t\t\t\t\t\t\t\t\t\t\t\t\t\t\t\t\t\t\t\t\t\t\t\t                                                    <\/div>\r\n\t\t\t\t\t\t\t\t\t\t\t\t\r\n\t\t\t\t\t\t\t\t\t\t\t\t\t\t\t\t\t\t\t\t\t\t\t\t\r\n                                            <\/div>\r\n\r\n\t\t\t\t\t\t\t\t\t\t\t                                        <\/div>\r\n                                    <\/div>\r\n                                <\/div>\r\n\t\t\t\t\t\t\t                        <\/div>\r\n\r\n\t\t\t\t\t\t\r\n                    <\/div>\r\n\t\t\t\t\t            <\/div>\r\n        <\/div>\r\n\t\t\t\t\t\t<\/div>\n\t\t\t\t<\/div>\n\t\t\t\t\t<\/div>\n\t\t<\/div>\n\t\t\t\t<div class=\"penci-ercol-33 penci-ercol-order-2 penci-sticky-sb penci-sidebarSC   elementor-column elementor-col-33 elementor-top-column elementor-element elementor-element-5d8a973\" data-id=\"5d8a973\" data-element_type=\"column\" data-e-type=\"column\">\n\t\t\t<div class=\"elementor-widget-wrap elementor-element-populated\">\n\t\t\t\t\t\t<div class=\"elementor-element elementor-element-16b00ed elementor-widget elementor-widget-penci-small-list\" data-id=\"16b00ed\" data-element_type=\"widget\" data-e-type=\"widget\" data-widget_type=\"penci-small-list.default\">\n\t\t\t\t<div class=\"elementor-widget-container\">\n\t\t\t\t\t<script>if( typeof(penciBlock) === \"undefined\" ) {function penciBlock() { this.atts_json = ''; this.content = ''; }}var penciBlocksArray = penciBlocksArray || [];var PENCILOCALCACHE = PENCILOCALCACHE || {};var pcblock_3859 = new penciBlock();pcblock_3859.blockID=\"pcblock_3859\";pcblock_3859.atts_json = '{\"type\":\"grid\",\"dformat\":\"\",\"date_pos\":\"left\",\"column\":\"1\",\"tab_column\":\"\",\"mb_column\":\"\",\"imgpos\":\"left\",\"thumb_size\":\"\",\"mthumb_size\":\"\",\"post_meta\":[\"title\",\"date\"],\"primary_cat\":\"\",\"title_length\":\"\",\"excerpt_pos\":\"below\",\"rmstyle\":\"filled\",\"excerpt_length\":15,\"nocrop\":\"\",\"hide_cat_mobile\":\"\",\"hide_meta_mobile\":\"\",\"hide_excerpt_mobile\":\"\",\"hide_rm_mobile\":\"\",\"imgtop_mobile\":\"\",\"ver_border\":\"\",\"hide_thumb\":\"\",\"show_reviewpie\":\"\",\"show_formaticon\":\"\",\"disable_lazy\":\"\",\"show_excerpt\":\"\",\"show_readmore\":\"\",\"query\":{\"orderby\":\"date\",\"order\":\"desc\",\"ignore_sticky_posts\":1,\"post_status\":\"publish\",\"post__not_in\":[],\"post_type\":\"post\",\"posts_per_page\":3,\"tax_query\":[{\"taxonomy\":\"category\",\"field\":\"term_id\",\"terms\":[\"8\"]}],\"offset\":3,\"paged\":1},\"category_ids\":\"\",\"taxonomy\":\"\"}';penciBlocksArray.push(pcblock_3859);<\/script>        <div class=\"penci-wrapper-smalllist\">\r\n\t\t\t\t\t\t            <div class=\"penci-smalllist-wrapper\">\r\n\t\t\t\t                    <div class=\"penci-smalllist pcsl-wrapper pwsl-id-default\">\r\n                        <div class=\"pcsl-inner penci-clearfix pcsl-grid pcsl-imgpos-left pcsl-col-1 pcsl-tabcol-2 pcsl-mobcol-1\">\r\n\t\t\t\t\t\t\t                                <div class=\"pcsl-item\">\r\n                                    <div class=\"pcsl-itemin\">\r\n                                        <div class=\"pcsl-iteminer\">\r\n\t\t\t\t\t\t\t\t\t\t\t\r\n\t\t\t\t\t\t\t\t\t\t\t                                                <div class=\"pcsl-thumb\">\r\n\t\t\t\t\t\t\t\t\t\t\t\t\t\t\t\t\t\t\t\t\t\t\t\t\t\t\t\t\t\t\t\t\t\t\t\t\t\t\t                                                        <a href=\"https:\/\/lepatriotebenin.com\/index.php\/2026\/04\/30\/tour-cycliste-international-du-benin-2026-lalgerien-assal-nadjib-vainqueur-de-la-2eme-etape\/\"\r\n                                                           title=\"Tour cycliste international du B\u00e9nin 2026 :L\u2019Alg\u00e9rien  Assal Nadjib vainqueur de  la 2\u00e8me \u00e9tape\"\r\n                                                           class=\"penci-image-holder penci-lazy\"                                                           data-bgset=\"https:\/\/lepatriotebenin.com\/wp-content\/uploads\/2026\/04\/2eme-etape-263x175.jpg\">\r\n                                                        <\/a>\r\n\t\t\t\t\t\t\t\t\t\t\t\t\t                                                <\/div>\r\n\t\t\t\t\t\t\t\t\t\t\t                                            <div class=\"pcsl-content\">\r\n\t\t\t\t\t\t\t\t\t\t\t\t\r\n\t\t\t\t\t\t\t\t\t\t\t\t                                                    <div class=\"pcsl-title\">\r\n                                                        <a href=\"https:\/\/lepatriotebenin.com\/index.php\/2026\/04\/30\/tour-cycliste-international-du-benin-2026-lalgerien-assal-nadjib-vainqueur-de-la-2eme-etape\/\">Tour cycliste international du B\u00e9nin 2026 :L\u2019Alg\u00e9rien  Assal Nadjib vainqueur de  la 2\u00e8me \u00e9tape<\/a>\r\n                                                    <\/div>\r\n\t\t\t\t\t\t\t\t\t\t\t\t\r\n\t\t\t\t\t\t\t\t\t\t\t\t                                                    <div class=\"grid-post-box-meta pcsl-meta\">\r\n\t\t\t\t\t\t\t\t\t\t\t\t\t\t\t\t\t\t\t\t\t\t\t\t\t\t\t\t                                                            <span class=\"sl-date\"><time class=\"entry-date published\" datetime=\"2026-04-30T03:25:17+02:00\">30 avril 2026<\/time><\/span>\r\n\t\t\t\t\t\t\t\t\t\t\t\t\t\t\t\t\t\t\t\t\t\t\t\t\t\t\t\t\t\t\t\t\t\t\t\t\t\t\t\t\t\t\t\t\t\t\t\t\t\t\t\t\t\t\t\t\t\t\t\t\t\t\t\t\t\t\t\t\t\t                                                    <\/div>\r\n\t\t\t\t\t\t\t\t\t\t\t\t\r\n\t\t\t\t\t\t\t\t\t\t\t\t\t\t\t\t\t\t\t\t\t\t\t\t\r\n                                            <\/div>\r\n\r\n\t\t\t\t\t\t\t\t\t\t\t                                        <\/div>\r\n                                    <\/div>\r\n                                <\/div>\r\n\t\t\t\t\t\t\t                                <div class=\"pcsl-item\">\r\n                                    <div class=\"pcsl-itemin\">\r\n                                        <div class=\"pcsl-iteminer\">\r\n\t\t\t\t\t\t\t\t\t\t\t\r\n\t\t\t\t\t\t\t\t\t\t\t                                                <div class=\"pcsl-thumb\">\r\n\t\t\t\t\t\t\t\t\t\t\t\t\t\t\t\t\t\t\t\t\t\t\t\t\t\t\t\t\t\t\t\t\t\t\t\t\t\t\t                                                        <a href=\"https:\/\/lepatriotebenin.com\/index.php\/2026\/04\/29\/can-beach-handball-lome-2026-les-amazones-decrochent-lor-et-se-qualifient-pour-le-mondial\/\"\r\n                                                           title=\"CAN  Beach Handball, Lom\u00e9 2026 :  Les Amazones d\u00e9crochent l\u2019or  et se qualifient pour le Mondial\"\r\n                                                           class=\"penci-image-holder penci-lazy\"                                                           data-bgset=\"https:\/\/lepatriotebenin.com\/wp-content\/uploads\/2026\/04\/can-beach-hand-263x175.jpg\">\r\n                                                        <\/a>\r\n\t\t\t\t\t\t\t\t\t\t\t\t\t                                                <\/div>\r\n\t\t\t\t\t\t\t\t\t\t\t                                            <div class=\"pcsl-content\">\r\n\t\t\t\t\t\t\t\t\t\t\t\t\r\n\t\t\t\t\t\t\t\t\t\t\t\t                                                    <div class=\"pcsl-title\">\r\n                                                        <a href=\"https:\/\/lepatriotebenin.com\/index.php\/2026\/04\/29\/can-beach-handball-lome-2026-les-amazones-decrochent-lor-et-se-qualifient-pour-le-mondial\/\">CAN  Beach Handball, Lom\u00e9 2026 :  Les Amazones d\u00e9crochent l\u2019or  et se qualifient pour le Mondial<\/a>\r\n                                                    <\/div>\r\n\t\t\t\t\t\t\t\t\t\t\t\t\r\n\t\t\t\t\t\t\t\t\t\t\t\t                                                    <div class=\"grid-post-box-meta pcsl-meta\">\r\n\t\t\t\t\t\t\t\t\t\t\t\t\t\t\t\t\t\t\t\t\t\t\t\t\t\t\t\t                                                            <span class=\"sl-date\"><time class=\"entry-date published\" datetime=\"2026-04-29T04:00:24+02:00\">29 avril 2026<\/time><\/span>\r\n\t\t\t\t\t\t\t\t\t\t\t\t\t\t\t\t\t\t\t\t\t\t\t\t\t\t\t\t\t\t\t\t\t\t\t\t\t\t\t\t\t\t\t\t\t\t\t\t\t\t\t\t\t\t\t\t\t\t\t\t\t\t\t\t\t\t\t\t\t\t                                                    <\/div>\r\n\t\t\t\t\t\t\t\t\t\t\t\t\r\n\t\t\t\t\t\t\t\t\t\t\t\t\t\t\t\t\t\t\t\t\t\t\t\t\r\n                                            <\/div>\r\n\r\n\t\t\t\t\t\t\t\t\t\t\t                                        <\/div>\r\n                                    <\/div>\r\n                                <\/div>\r\n\t\t\t\t\t\t\t                                <div class=\"pcsl-item\">\r\n                                    <div class=\"pcsl-itemin\">\r\n                                        <div class=\"pcsl-iteminer\">\r\n\t\t\t\t\t\t\t\t\t\t\t\r\n\t\t\t\t\t\t\t\t\t\t\t                                                <div class=\"pcsl-thumb\">\r\n\t\t\t\t\t\t\t\t\t\t\t\t\t\t\t\t\t\t\t\t\t\t\t\t\t\t\t\t\t\t\t\t\t\t\t\t\t\t\t                                                        <a href=\"https:\/\/lepatriotebenin.com\/index.php\/2026\/04\/28\/tour-du-benin-2026-christians-belohvosciks-arbore-desormais-le-maillot-jaune\/\"\r\n                                                           title=\"Tour du B\u00e9nin 2026 : Christians Belohvosciks arbore d\u00e9sormais le maillot jaune\"\r\n                                                           class=\"penci-image-holder penci-lazy\"                                                           data-bgset=\"https:\/\/lepatriotebenin.com\/wp-content\/uploads\/2026\/04\/vain-tour-263x175.jpg\">\r\n                                                        <\/a>\r\n\t\t\t\t\t\t\t\t\t\t\t\t\t                                                <\/div>\r\n\t\t\t\t\t\t\t\t\t\t\t                                            <div class=\"pcsl-content\">\r\n\t\t\t\t\t\t\t\t\t\t\t\t\r\n\t\t\t\t\t\t\t\t\t\t\t\t                                                    <div class=\"pcsl-title\">\r\n                                                        <a href=\"https:\/\/lepatriotebenin.com\/index.php\/2026\/04\/28\/tour-du-benin-2026-christians-belohvosciks-arbore-desormais-le-maillot-jaune\/\">Tour du B\u00e9nin 2026 : Christians Belohvosciks arbore d\u00e9sormais le maillot jaune<\/a>\r\n                                                    <\/div>\r\n\t\t\t\t\t\t\t\t\t\t\t\t\r\n\t\t\t\t\t\t\t\t\t\t\t\t                                                    <div class=\"grid-post-box-meta pcsl-meta\">\r\n\t\t\t\t\t\t\t\t\t\t\t\t\t\t\t\t\t\t\t\t\t\t\t\t\t\t\t\t                                                            <span class=\"sl-date\"><time class=\"entry-date published\" datetime=\"2026-04-28T16:46:53+02:00\">28 avril 2026<\/time><\/span>\r\n\t\t\t\t\t\t\t\t\t\t\t\t\t\t\t\t\t\t\t\t\t\t\t\t\t\t\t\t\t\t\t\t\t\t\t\t\t\t\t\t\t\t\t\t\t\t\t\t\t\t\t\t\t\t\t\t\t\t\t\t\t\t\t\t\t\t\t\t\t\t                                                    <\/div>\r\n\t\t\t\t\t\t\t\t\t\t\t\t\r\n\t\t\t\t\t\t\t\t\t\t\t\t\t\t\t\t\t\t\t\t\t\t\t\t\r\n                                            <\/div>\r\n\r\n\t\t\t\t\t\t\t\t\t\t\t                                        <\/div>\r\n                                    <\/div>\r\n                                <\/div>\r\n\t\t\t\t\t\t\t                        <\/div>\r\n\r\n\t\t\t\t\t\t\r\n                    <\/div>\r\n\t\t\t\t\t            <\/div>\r\n        <\/div>\r\n\t\t\t\t\t\t<\/div>\n\t\t\t\t<\/div>\n\t\t\t\t\t<\/div>\n\t\t<\/div>\n\t\t\t\t<div class=\"penci-ercol-33 penci-ercol-order-3 penci-sticky-sb penci-sidebarSC   elementor-column elementor-col-33 elementor-top-column elementor-element elementor-element-0f04d79\" data-id=\"0f04d79\" data-element_type=\"column\" data-e-type=\"column\">\n\t\t\t<div class=\"elementor-widget-wrap elementor-element-populated\">\n\t\t\t\t\t\t<div class=\"elementor-element elementor-element-c14f181 elementor-widget elementor-widget-penci-big-grid\" data-id=\"c14f181\" data-element_type=\"widget\" data-e-type=\"widget\" data-widget_type=\"penci-big-grid.default\">\n\t\t\t\t<div class=\"elementor-widget-container\">\n\t\t\t\t\t        <div class=\"penci-clearfix penci-biggrid-wrapper penci-grid-col-1 penci-grid-mcol-1 penci-bgrid-based-post penci-bgrid-style-1 pcbg-ficonpo-top-right pcbg-reiconpo-top-left penci-bgrid-content-below pencibg-imageh-zoom-in pencibg-texth-none pencibg-textani-movetop textop\">\r\n\t\t\t            <div class=\"penci-clearfix penci-biggrid penci-bgstyle-1 penci-bgel\">\r\n                <div class=\"penci-biggrid-inner default\">\r\n\t\t\t\t\t<div class=\"penci-clearfix penci-biggrid-data penci-dflex\"><div class=\"penci-bgitem\">\r\n    <div class=\"penci-bgitin\">\r\n        <div class=\"penci-bgmain\">\r\n            <div class=\"pcbg-thumb\">\r\n\t\t\t\t\t\t\t\t                <div class=\"pcbg-thumbin\">\r\n                    <a class=\"pcbg-bgoverlay\"\r\n                       href=\"https:\/\/lepatriotebenin.com\/index.php\/2026\/04\/27\/tour-du-benin-lallemand-schempp-oscar-vainqueur-du-prologue-de-cotonou\/\" title=\"Tour du B\u00e9nin : L\u2019Allemand Schempp Oscar vainqueur du prologue de  Cotonou\"><\/a>\r\n\t\t\t\t\t                        <div class=\"penci-image-holder penci-lazy\"                             data-bgset=\"https:\/\/lepatriotebenin.com\/wp-content\/uploads\/2026\/04\/vainqueur-du-prologue-585x419.jpg\" data_bg_hidpi=\"https:\/\/lepatriotebenin.com\/wp-content\/uploads\/2026\/04\/vainqueur-du-prologue-585x419.jpg\"\r\n                             data-sizes=\"(max-width: 767px) 585px, 585px\">\r\n                        <\/div>\r\n\t\t\t\t\t                <\/div>\r\n            <\/div>\r\n            <div class=\"pcbg-content\">\r\n                <div class=\"pcbg-content-flex\">\r\n                    <a class=\"pcbg-bgoverlay\"\r\n                       href=\"https:\/\/lepatriotebenin.com\/index.php\/2026\/04\/27\/tour-du-benin-lallemand-schempp-oscar-vainqueur-du-prologue-de-cotonou\/\" title=\"Tour du B\u00e9nin : L\u2019Allemand Schempp Oscar vainqueur du prologue de  Cotonou\"><\/a>\r\n                    <div class=\"pcbg-content-inner bgcontent-block\">\r\n                        <a href=\"https:\/\/lepatriotebenin.com\/index.php\/2026\/04\/27\/tour-du-benin-lallemand-schempp-oscar-vainqueur-du-prologue-de-cotonou\/\" title=\"Tour du B\u00e9nin : L\u2019Allemand Schempp Oscar vainqueur du prologue de  Cotonou\"\r\n                           class=\"pcbg-bgoverlaytext item-hover\"><\/a>\r\n\r\n\t\t\t\t\t\t\r\n\t\t\t\t\t\t                            <div class=\"pcbg-heading item-hover\">\r\n                                <h3 class=\"pcbg-title\">\r\n                                    <a href=\"https:\/\/lepatriotebenin.com\/index.php\/2026\/04\/27\/tour-du-benin-lallemand-schempp-oscar-vainqueur-du-prologue-de-cotonou\/\">\r\n\t\t\t\t\t\t\t\t\t\tTour du B\u00e9nin : L\u2019Allemand Schempp Oscar vainqueur du prologue de  Cotonou                                    <\/a>\r\n                                <\/h3>\r\n                            <\/div>\r\n\t\t\t\t\t\t\r\n\t\t\t\t\t\t                            <div class=\"grid-post-box-meta pcbg-meta item-hover\">\r\n                                <div class=\"pcbg-meta-desc\">\r\n\t\t\t\t\t\t\t\t\t\t\t\t\t\t\t\t\t\t                                        <span class=\"bg-date\"><time class=\"entry-date published\" datetime=\"2026-04-27T14:24:11+02:00\">27 avril 2026<\/time><\/span>\r\n\t\t\t\t\t\t\t\t\t\t\t\t\t\t\t\t\t\t\t\t\t\t\t\t\t\t\t\t\t\t\t\t\t\t\t\t\t\t\t\t\t\t\t\t\t                                <\/div>\r\n\t\t\t\t\t\t\t\t                            <\/div>\r\n\t\t\t\t\t\t\r\n\t\t\t\t\t\t                    <\/div>\r\n                <\/div>\r\n            <\/div>\r\n        <\/div>\r\n    <\/div>\r\n<\/div>\r\n<\/div>                <\/div>\r\n\t\t\t\t            <\/div>\r\n        <\/div>\r\n\t\t\t\t\t\t<\/div>\n\t\t\t\t<\/div>\n\t\t\t\t\t<\/div>\n\t\t<\/div>\n\t\t\t\t\t<\/div>\n\t\t<\/section>\n\t\t\t\t<section class=\"penci-section penci-disSticky penci-structure-10 elementor-section elementor-top-section elementor-element elementor-element-5ee838f elementor-section-boxed elementor-section-height-default elementor-section-height-default\" data-id=\"5ee838f\" data-element_type=\"section\" data-e-type=\"section\">\n\t\t\t\t\t\t<div class=\"elementor-container elementor-column-gap-no\">\n\t\t\t\t\t<div class=\"penci-ercol-100 penci-ercol-order-1 penci-sticky-ct    elementor-column elementor-col-100 elementor-top-column elementor-element elementor-element-d433d5e\" data-id=\"d433d5e\" data-element_type=\"column\" data-e-type=\"column\">\n\t\t\t<div class=\"elementor-widget-wrap elementor-element-populated\">\n\t\t\t\t\t\t<div class=\"elementor-element elementor-element-a0cbc85 elementor-widget elementor-widget-penci-block-heading\" data-id=\"a0cbc85\" data-element_type=\"widget\" data-e-type=\"widget\" data-widget_type=\"penci-block-heading.default\">\n\t\t\t\t<div class=\"elementor-widget-container\">\n\t\t\t\t\t\t\t<div class=\"penci-border-arrow penci-homepage-title penci-home-latest-posts style-15 pcalign-left pciconp-right pcicon-right block-title-icon-left\">\n\t\t\t<h3 class=\"inner-arrow\">\r\n\t\t\t\t<span>\r\n\t\t\t\t<a href=\"https:\/\/lepatriotebenin.com\/index.php\/category\/environnement\/\">Environnement<\/a><a class=\"pcbh-extrabtn pcbh-btns-none pcbh-btnp-right pcbh-btni-right\" href=\"https:\/\/lepatriotebenin.com\/index.php\/category\/environnement\/\">Voir plus r\u00e9cent<i class=\"fas fa-long-arrow-alt-right\"><\/i><\/a>\t\t\t\t\t<\/span>\r\n\t\t\t<\/h3>\r\n\t\t\t\t\t<\/div>\r\n\t\t\t\t\t\t<\/div>\n\t\t\t\t<\/div>\n\t\t\t\t\t<\/div>\n\t\t<\/div>\n\t\t\t\t\t<\/div>\n\t\t<\/section>\n\t\t\t\t<section class=\"penci-section penci-disSticky penci-structure-30 elementor-section elementor-top-section elementor-element elementor-element-abda19f elementor-section-boxed elementor-section-height-default elementor-section-height-default\" data-id=\"abda19f\" data-element_type=\"section\" data-e-type=\"section\">\n\t\t\t\t\t\t<div class=\"elementor-container elementor-column-gap-extended\">\n\t\t\t\t\t<div class=\"penci-ercol-33 penci-ercol-order-1 penci-sticky-sb penci-sidebarSC   elementor-column elementor-col-33 elementor-top-column elementor-element elementor-element-a58193f\" data-id=\"a58193f\" data-element_type=\"column\" data-e-type=\"column\">\n\t\t\t<div class=\"elementor-widget-wrap elementor-element-populated\">\n\t\t\t\t\t\t<div class=\"elementor-element elementor-element-6b18e2c elementor-widget elementor-widget-penci-big-grid\" data-id=\"6b18e2c\" data-element_type=\"widget\" data-e-type=\"widget\" data-widget_type=\"penci-big-grid.default\">\n\t\t\t\t<div class=\"elementor-widget-container\">\n\t\t\t\t\t        <div class=\"penci-clearfix penci-biggrid-wrapper penci-grid-col-1 penci-grid-mcol-1 penci-bgrid-based-post penci-bgrid-style-1 pcbg-ficonpo-top-right pcbg-reiconpo-top-left penci-bgrid-content-on pencibg-imageh-zoom-in pencibg-texth-none pencibg-textani-movetop textop\">\r\n\t\t\t            <div class=\"penci-clearfix penci-biggrid penci-bgstyle-1 penci-bgel\">\r\n                <div class=\"penci-biggrid-inner default\">\r\n\t\t\t\t\t<div class=\"penci-clearfix penci-biggrid-data penci-dflex\"><div class=\"penci-bgitem\">\r\n    <div class=\"penci-bgitin\">\r\n        <div class=\"penci-bgmain\">\r\n            <div class=\"pcbg-thumb\">\r\n\t\t\t\t\t\t\t\t                <div class=\"pcbg-thumbin\">\r\n                    <a class=\"pcbg-bgoverlay\"\r\n                       href=\"https:\/\/lepatriotebenin.com\/index.php\/2025\/07\/03\/phytosanitaire-au-benin-le-gouvernement-interdit-aux-services-techniques-publics-de-proposer-des-prestations-a-titre-onereuses\/\" title=\"Phytosanitaire au B\u00e9nin : Le gouvernement\u00a0 interdit aux services techniques publics de proposer des prestations \u00e0 titre on\u00e9reuses\"><\/a>\r\n\t\t\t\t\t                        <div class=\"penci-image-holder penci-lazy\"                             data-bgset=\"https:\/\/lepatriotebenin.com\/wp-content\/uploads\/2025\/07\/phytosanitaires.jpg\" data_bg_hidpi=\"https:\/\/lepatriotebenin.com\/wp-content\/uploads\/2025\/07\/phytosanitaires-585x420.jpg\"\r\n                             data-sizes=\"(max-width: 767px) 585px, 1024px\">\r\n                        <\/div>\r\n\t\t\t\t\t                <\/div>\r\n            <\/div>\r\n            <div class=\"pcbg-content\">\r\n                <div class=\"pcbg-content-flex\">\r\n                    <a class=\"pcbg-bgoverlay\"\r\n                       href=\"https:\/\/lepatriotebenin.com\/index.php\/2025\/07\/03\/phytosanitaire-au-benin-le-gouvernement-interdit-aux-services-techniques-publics-de-proposer-des-prestations-a-titre-onereuses\/\" title=\"Phytosanitaire au B\u00e9nin : Le gouvernement\u00a0 interdit aux services techniques publics de proposer des prestations \u00e0 titre on\u00e9reuses\"><\/a>\r\n                    <div class=\"pcbg-content-inner bgcontent-block\">\r\n                        <a href=\"https:\/\/lepatriotebenin.com\/index.php\/2025\/07\/03\/phytosanitaire-au-benin-le-gouvernement-interdit-aux-services-techniques-publics-de-proposer-des-prestations-a-titre-onereuses\/\" title=\"Phytosanitaire au B\u00e9nin : Le gouvernement\u00a0 interdit aux services techniques publics de proposer des prestations \u00e0 titre on\u00e9reuses\"\r\n                           class=\"pcbg-bgoverlaytext active-overlay item-hover\"><\/a>\r\n\r\n\t\t\t\t\t\t\r\n\t\t\t\t\t\t                            <div class=\"pcbg-heading item-hover\">\r\n                                <h3 class=\"pcbg-title\">\r\n                                    <a href=\"https:\/\/lepatriotebenin.com\/index.php\/2025\/07\/03\/phytosanitaire-au-benin-le-gouvernement-interdit-aux-services-techniques-publics-de-proposer-des-prestations-a-titre-onereuses\/\">\r\n\t\t\t\t\t\t\t\t\t\tPhytosanitaire au B\u00e9nin : Le gouvernement\u00a0 interdit aux services techniques publics de proposer des prestations \u00e0 titre on\u00e9reuses                                    <\/a>\r\n                                <\/h3>\r\n                            <\/div>\r\n\t\t\t\t\t\t\r\n\t\t\t\t\t\t                            <div class=\"grid-post-box-meta pcbg-meta item-hover\">\r\n                                <div class=\"pcbg-meta-desc\">\r\n\t\t\t\t\t\t\t\t\t\t\t\t\t\t\t\t\t\t                                        <span class=\"bg-date\"><time class=\"entry-date published\" datetime=\"2025-07-03T18:09:47+02:00\">3 juillet 2025<\/time><\/span>\r\n\t\t\t\t\t\t\t\t\t\t\t\t\t\t\t\t\t\t\t\t\t\t\t\t\t\t\t\t\t\t\t\t\t\t\t\t\t\t\t\t\t\t\t\t\t                                <\/div>\r\n\t\t\t\t\t\t\t\t                            <\/div>\r\n\t\t\t\t\t\t\r\n\t\t\t\t\t\t                    <\/div>\r\n                <\/div>\r\n            <\/div>\r\n        <\/div>\r\n    <\/div>\r\n<\/div>\r\n<\/div>                <\/div>\r\n\t\t\t\t            <\/div>\r\n        <\/div>\r\n\t\t\t\t\t\t<\/div>\n\t\t\t\t<\/div>\n\t\t\t\t\t<\/div>\n\t\t<\/div>\n\t\t\t\t<div class=\"penci-ercol-33 penci-ercol-order-2 penci-sticky-sb penci-sidebarSC   elementor-column elementor-col-33 elementor-top-column elementor-element elementor-element-5d827d2\" data-id=\"5d827d2\" data-element_type=\"column\" data-e-type=\"column\">\n\t\t\t<div class=\"elementor-widget-wrap elementor-element-populated\">\n\t\t\t\t\t\t<div class=\"elementor-element elementor-element-2c09223 elementor-widget elementor-widget-penci-big-grid\" data-id=\"2c09223\" data-element_type=\"widget\" data-e-type=\"widget\" data-widget_type=\"penci-big-grid.default\">\n\t\t\t\t<div class=\"elementor-widget-container\">\n\t\t\t\t\t        <div class=\"penci-clearfix penci-biggrid-wrapper penci-grid-col-1 penci-grid-mcol-1 penci-bgrid-based-post penci-bgrid-style-1 pcbg-ficonpo-top-right pcbg-reiconpo-top-left penci-bgrid-content-below pencibg-imageh-none pencibg-texth-none pencibg-textani-movetop textop\">\r\n\t\t\t            <div class=\"penci-clearfix penci-biggrid penci-bgstyle-1 penci-bgel\">\r\n                <div class=\"penci-biggrid-inner default\">\r\n\t\t\t\t\t<div class=\"penci-clearfix penci-biggrid-data penci-dflex\"><div class=\"penci-bgitem\">\r\n    <div class=\"penci-bgitin\">\r\n        <div class=\"penci-bgmain\">\r\n            <div class=\"pcbg-thumb\">\r\n\t\t\t\t\t\t\t\t                <div class=\"pcbg-thumbin\">\r\n                    <a class=\"pcbg-bgoverlay active-overlay\"\r\n                       href=\"https:\/\/lepatriotebenin.com\/index.php\/2024\/11\/19\/soutenance-de-these-a-luniversite-de-lome-patrice-trekpo-decroche-son-doctorat-en-ecologie-forestiere\/\" title=\"Soutenance de th\u00e8se \u00e0 \u00a0l&rsquo;Universit\u00e9 de Lom\u00e9\u00a0: Patrice Trekpo d\u00e9croche son doctorat en \u00e9cologie foresti\u00e8re\"><\/a>\r\n\t\t\t\t\t                        <div class=\"penci-image-holder penci-lazy\"                             data-bgset=\"https:\/\/lepatriotebenin.com\/wp-content\/uploads\/2024\/11\/trekpo-1-585x390.jpg\" data_bg_hidpi=\"https:\/\/lepatriotebenin.com\/wp-content\/uploads\/2024\/11\/trekpo-1-585x390.jpg\"\r\n                             data-sizes=\"(max-width: 767px) 585px, 585px\">\r\n                        <\/div>\r\n\t\t\t\t\t                <\/div>\r\n            <\/div>\r\n            <div class=\"pcbg-content\">\r\n                <div class=\"pcbg-content-flex\">\r\n                    <a class=\"pcbg-bgoverlay\"\r\n                       href=\"https:\/\/lepatriotebenin.com\/index.php\/2024\/11\/19\/soutenance-de-these-a-luniversite-de-lome-patrice-trekpo-decroche-son-doctorat-en-ecologie-forestiere\/\" title=\"Soutenance de th\u00e8se \u00e0 \u00a0l&rsquo;Universit\u00e9 de Lom\u00e9\u00a0: Patrice Trekpo d\u00e9croche son doctorat en \u00e9cologie foresti\u00e8re\"><\/a>\r\n                    <div class=\"pcbg-content-inner bgcontent-block\">\r\n                        <a href=\"https:\/\/lepatriotebenin.com\/index.php\/2024\/11\/19\/soutenance-de-these-a-luniversite-de-lome-patrice-trekpo-decroche-son-doctorat-en-ecologie-forestiere\/\" title=\"Soutenance de th\u00e8se \u00e0 \u00a0l&rsquo;Universit\u00e9 de Lom\u00e9\u00a0: Patrice Trekpo d\u00e9croche son doctorat en \u00e9cologie foresti\u00e8re\"\r\n                           class=\"pcbg-bgoverlaytext item-hover\"><\/a>\r\n\r\n\t\t\t\t\t\t\r\n\t\t\t\t\t\t                            <div class=\"pcbg-heading item-hover\">\r\n                                <h3 class=\"pcbg-title\">\r\n                                    <a href=\"https:\/\/lepatriotebenin.com\/index.php\/2024\/11\/19\/soutenance-de-these-a-luniversite-de-lome-patrice-trekpo-decroche-son-doctorat-en-ecologie-forestiere\/\">\r\n\t\t\t\t\t\t\t\t\t\tSoutenance de th\u00e8se \u00e0 \u00a0l&rsquo;Universit\u00e9 de Lom\u00e9\u00a0: Patrice Trekpo d\u00e9croche son doctorat en \u00e9cologie foresti\u00e8re                                    <\/a>\r\n                                <\/h3>\r\n                            <\/div>\r\n\t\t\t\t\t\t\r\n\t\t\t\t\t\t                            <div class=\"grid-post-box-meta pcbg-meta item-hover\">\r\n                                <div class=\"pcbg-meta-desc\">\r\n\t\t\t\t\t\t\t\t\t\t\t\t\t\t\t\t\t\t                                        <span class=\"bg-date\"><time class=\"entry-date published\" datetime=\"2024-11-19T20:05:45+01:00\">19 novembre 2024<\/time><\/span>\r\n\t\t\t\t\t\t\t\t\t\t\t\t\t\t\t\t\t\t\t\t\t\t\t\t\t\t\t\t\t\t\t\t\t\t\t\t\t\t\t\t\t\t\t\t\t                                <\/div>\r\n\t\t\t\t\t\t\t\t                                    <div class=\"pcbg-pexcerpt\">\r\n\t\t\t\t\t\t\t\t\t\t<p>Dans la journ\u00e9e du 18 avril 2024 s&rsquo;est tenue \u00e0 l&rsquo;Universit\u00e9 de Lom\u00e9 la soutenance de th\u00e8se de &#8230;<\/p>\n                                    <\/div>\r\n\t\t\t\t\t\t\t\t                            <\/div>\r\n\t\t\t\t\t\t\r\n\t\t\t\t\t\t                    <\/div>\r\n                <\/div>\r\n            <\/div>\r\n        <\/div>\r\n    <\/div>\r\n<\/div>\r\n<\/div>                <\/div>\r\n\t\t\t\t            <\/div>\r\n        <\/div>\r\n\t\t\t\t\t\t<\/div>\n\t\t\t\t<\/div>\n\t\t\t\t\t<\/div>\n\t\t<\/div>\n\t\t\t\t<div class=\"penci-ercol-33 penci-ercol-order-3 penci-sticky-sb penci-sidebarSC   elementor-column elementor-col-33 elementor-top-column elementor-element elementor-element-ea6e393\" data-id=\"ea6e393\" data-element_type=\"column\" data-e-type=\"column\">\n\t\t\t<div class=\"elementor-widget-wrap elementor-element-populated\">\n\t\t\t\t\t\t<div class=\"elementor-element elementor-element-1d5e05b elementor-widget elementor-widget-penci-small-list\" data-id=\"1d5e05b\" data-element_type=\"widget\" data-e-type=\"widget\" data-widget_type=\"penci-small-list.default\">\n\t\t\t\t<div class=\"elementor-widget-container\">\n\t\t\t\t\t<script>if( typeof(penciBlock) === \"undefined\" ) {function penciBlock() { this.atts_json = ''; this.content = ''; }}var penciBlocksArray = penciBlocksArray || [];var PENCILOCALCACHE = PENCILOCALCACHE || {};var pcblock_3321 = new penciBlock();pcblock_3321.blockID=\"pcblock_3321\";pcblock_3321.atts_json = '{\"type\":\"grid\",\"dformat\":\"\",\"date_pos\":\"left\",\"column\":\"1\",\"tab_column\":\"\",\"mb_column\":\"\",\"imgpos\":\"left\",\"thumb_size\":\"\",\"mthumb_size\":\"\",\"post_meta\":[\"title\",\"date\"],\"primary_cat\":\"\",\"title_length\":\"\",\"excerpt_pos\":\"below\",\"rmstyle\":\"filled\",\"excerpt_length\":15,\"nocrop\":\"\",\"hide_cat_mobile\":\"\",\"hide_meta_mobile\":\"\",\"hide_excerpt_mobile\":\"\",\"hide_rm_mobile\":\"\",\"imgtop_mobile\":\"\",\"ver_border\":\"\",\"hide_thumb\":\"\",\"show_reviewpie\":\"\",\"show_formaticon\":\"\",\"disable_lazy\":\"\",\"show_excerpt\":\"\",\"show_readmore\":\"\",\"query\":{\"orderby\":\"date\",\"order\":\"desc\",\"ignore_sticky_posts\":1,\"post_status\":\"publish\",\"post__not_in\":[],\"post_type\":\"post\",\"posts_per_page\":4,\"tax_query\":[{\"taxonomy\":\"category\",\"field\":\"term_id\",\"terms\":[\"18\"]}],\"offset\":2,\"paged\":1},\"category_ids\":\"\",\"taxonomy\":\"\"}';penciBlocksArray.push(pcblock_3321);<\/script>        <div class=\"penci-wrapper-smalllist\">\r\n\t\t\t\t\t\t            <div class=\"penci-smalllist-wrapper\">\r\n\t\t\t\t                    <div class=\"penci-smalllist pcsl-wrapper pwsl-id-default\">\r\n                        <div class=\"pcsl-inner penci-clearfix pcsl-grid pcsl-imgpos-left pcsl-col-1 pcsl-tabcol-2 pcsl-mobcol-1\">\r\n\t\t\t\t\t\t\t                                <div class=\"pcsl-item\">\r\n                                    <div class=\"pcsl-itemin\">\r\n                                        <div class=\"pcsl-iteminer\">\r\n\t\t\t\t\t\t\t\t\t\t\t\r\n\t\t\t\t\t\t\t\t\t\t\t                                                <div class=\"pcsl-thumb\">\r\n\t\t\t\t\t\t\t\t\t\t\t\t\t\t\t\t\t\t\t\t\t\t\t\t\t\t\t\t\t\t\t\t\t\t\t\t\t\t\t                                                        <a href=\"https:\/\/lepatriotebenin.com\/index.php\/2024\/11\/11\/prix-earthshot-2024-les-cinq-laureats-connus\/\"\r\n                                                           title=\"Prix Earthshot 2024 : Les cinq laur\u00e9ats connus\"\r\n                                                           class=\"penci-image-holder penci-lazy\"                                                           data-bgset=\"https:\/\/lepatriotebenin.com\/wp-content\/uploads\/2024\/11\/meet-the-2024-earthshot-prize-winners-transforming-the-future-of-our-planet-1024x576-1-263x175.webp\">\r\n                                                        <\/a>\r\n\t\t\t\t\t\t\t\t\t\t\t\t\t                                                <\/div>\r\n\t\t\t\t\t\t\t\t\t\t\t                                            <div class=\"pcsl-content\">\r\n\t\t\t\t\t\t\t\t\t\t\t\t\r\n\t\t\t\t\t\t\t\t\t\t\t\t                                                    <div class=\"pcsl-title\">\r\n                                                        <a href=\"https:\/\/lepatriotebenin.com\/index.php\/2024\/11\/11\/prix-earthshot-2024-les-cinq-laureats-connus\/\">Prix Earthshot 2024 : Les cinq laur\u00e9ats connus<\/a>\r\n                                                    <\/div>\r\n\t\t\t\t\t\t\t\t\t\t\t\t\r\n\t\t\t\t\t\t\t\t\t\t\t\t                                                    <div class=\"grid-post-box-meta pcsl-meta\">\r\n\t\t\t\t\t\t\t\t\t\t\t\t\t\t\t\t\t\t\t\t\t\t\t\t\t\t\t\t                                                            <span class=\"sl-date\"><time class=\"entry-date published\" datetime=\"2024-11-11T02:18:37+01:00\">11 novembre 2024<\/time><\/span>\r\n\t\t\t\t\t\t\t\t\t\t\t\t\t\t\t\t\t\t\t\t\t\t\t\t\t\t\t\t\t\t\t\t\t\t\t\t\t\t\t\t\t\t\t\t\t\t\t\t\t\t\t\t\t\t\t\t\t\t\t\t\t\t\t\t\t\t\t\t\t\t                                                    <\/div>\r\n\t\t\t\t\t\t\t\t\t\t\t\t\r\n\t\t\t\t\t\t\t\t\t\t\t\t\t\t\t\t\t\t\t\t\t\t\t\t\r\n                                            <\/div>\r\n\r\n\t\t\t\t\t\t\t\t\t\t\t                                        <\/div>\r\n                                    <\/div>\r\n                                <\/div>\r\n\t\t\t\t\t\t\t                                <div class=\"pcsl-item\">\r\n                                    <div class=\"pcsl-itemin\">\r\n                                        <div class=\"pcsl-iteminer\">\r\n\t\t\t\t\t\t\t\t\t\t\t\r\n\t\t\t\t\t\t\t\t\t\t\t                                                <div class=\"pcsl-thumb\">\r\n\t\t\t\t\t\t\t\t\t\t\t\t\t\t\t\t\t\t\t\t\t\t\t\t\t\t\t\t\t\t\t\t\t\t\t\t\t\t\t                                                        <a href=\"https:\/\/lepatriotebenin.com\/index.php\/2024\/10\/21\/cop-29-la-delegation-au-benin-lance-un-concours-photos-sur-le-theme-protegeons-notre-benin-naturel\/\"\r\n                                                           title=\"COP 29 : La D\u00e9l\u00e9gation au B\u00e9nin lance un concours-photos sur le th\u00e8me \u2018\u2019Prot\u00e9geons notre B\u00e9nin naturel\u2019\"\r\n                                                           class=\"penci-image-holder penci-lazy\"                                                           data-bgset=\"https:\/\/lepatriotebenin.com\/wp-content\/uploads\/2024\/10\/visuel-concours-photos-263x175.jpeg\">\r\n                                                        <\/a>\r\n\t\t\t\t\t\t\t\t\t\t\t\t\t                                                <\/div>\r\n\t\t\t\t\t\t\t\t\t\t\t                                            <div class=\"pcsl-content\">\r\n\t\t\t\t\t\t\t\t\t\t\t\t\r\n\t\t\t\t\t\t\t\t\t\t\t\t                                                    <div class=\"pcsl-title\">\r\n                                                        <a href=\"https:\/\/lepatriotebenin.com\/index.php\/2024\/10\/21\/cop-29-la-delegation-au-benin-lance-un-concours-photos-sur-le-theme-protegeons-notre-benin-naturel\/\">COP 29 : La D\u00e9l\u00e9gation au B\u00e9nin lance un concours-photos sur le th\u00e8me \u2018\u2019Prot\u00e9geons notre B\u00e9nin naturel\u2019<\/a>\r\n                                                    <\/div>\r\n\t\t\t\t\t\t\t\t\t\t\t\t\r\n\t\t\t\t\t\t\t\t\t\t\t\t                                                    <div class=\"grid-post-box-meta pcsl-meta\">\r\n\t\t\t\t\t\t\t\t\t\t\t\t\t\t\t\t\t\t\t\t\t\t\t\t\t\t\t\t                                                            <span class=\"sl-date\"><time class=\"entry-date published\" datetime=\"2024-10-21T01:39:51+02:00\">21 octobre 2024<\/time><\/span>\r\n\t\t\t\t\t\t\t\t\t\t\t\t\t\t\t\t\t\t\t\t\t\t\t\t\t\t\t\t\t\t\t\t\t\t\t\t\t\t\t\t\t\t\t\t\t\t\t\t\t\t\t\t\t\t\t\t\t\t\t\t\t\t\t\t\t\t\t\t\t\t                                                    <\/div>\r\n\t\t\t\t\t\t\t\t\t\t\t\t\r\n\t\t\t\t\t\t\t\t\t\t\t\t\t\t\t\t\t\t\t\t\t\t\t\t\r\n                                            <\/div>\r\n\r\n\t\t\t\t\t\t\t\t\t\t\t                                        <\/div>\r\n                                    <\/div>\r\n                                <\/div>\r\n\t\t\t\t\t\t\t                                <div class=\"pcsl-item\">\r\n                                    <div class=\"pcsl-itemin\">\r\n                                        <div class=\"pcsl-iteminer\">\r\n\t\t\t\t\t\t\t\t\t\t\t\r\n\t\t\t\t\t\t\t\t\t\t\t                                                <div class=\"pcsl-thumb\">\r\n\t\t\t\t\t\t\t\t\t\t\t\t\t\t\t\t\t\t\t\t\t\t\t\t\t\t\t\t\t\t\t\t\t\t\t\t\t\t\t                                                        <a href=\"https:\/\/lepatriotebenin.com\/index.php\/2024\/02\/02\/developpement-de-lafrique-waid-sengage-pour-de-profondes-mutations\/\"\r\n                                                           title=\"D\u00e9veloppement de l\u2019Afrique: WAID s&rsquo;engage pour de profondes mutations\"\r\n                                                           class=\"penci-image-holder penci-lazy\"                                                           data-bgset=\"https:\/\/lepatriotebenin.com\/wp-content\/uploads\/2024\/02\/hassan-benzzine-263x175.jpg\">\r\n                                                        <\/a>\r\n\t\t\t\t\t\t\t\t\t\t\t\t\t                                                <\/div>\r\n\t\t\t\t\t\t\t\t\t\t\t                                            <div class=\"pcsl-content\">\r\n\t\t\t\t\t\t\t\t\t\t\t\t\r\n\t\t\t\t\t\t\t\t\t\t\t\t                                                    <div class=\"pcsl-title\">\r\n                                                        <a href=\"https:\/\/lepatriotebenin.com\/index.php\/2024\/02\/02\/developpement-de-lafrique-waid-sengage-pour-de-profondes-mutations\/\">D\u00e9veloppement de l\u2019Afrique: WAID s&rsquo;engage pour de profondes mutations<\/a>\r\n                                                    <\/div>\r\n\t\t\t\t\t\t\t\t\t\t\t\t\r\n\t\t\t\t\t\t\t\t\t\t\t\t                                                    <div class=\"grid-post-box-meta pcsl-meta\">\r\n\t\t\t\t\t\t\t\t\t\t\t\t\t\t\t\t\t\t\t\t\t\t\t\t\t\t\t\t                                                            <span class=\"sl-date\"><time class=\"entry-date published\" datetime=\"2024-02-02T10:10:44+01:00\">2 f\u00e9vrier 2024<\/time><\/span>\r\n\t\t\t\t\t\t\t\t\t\t\t\t\t\t\t\t\t\t\t\t\t\t\t\t\t\t\t\t\t\t\t\t\t\t\t\t\t\t\t\t\t\t\t\t\t\t\t\t\t\t\t\t\t\t\t\t\t\t\t\t\t\t\t\t\t\t\t\t\t\t                                                    <\/div>\r\n\t\t\t\t\t\t\t\t\t\t\t\t\r\n\t\t\t\t\t\t\t\t\t\t\t\t\t\t\t\t\t\t\t\t\t\t\t\t\r\n                                            <\/div>\r\n\r\n\t\t\t\t\t\t\t\t\t\t\t                                        <\/div>\r\n                                    <\/div>\r\n                                <\/div>\r\n\t\t\t\t\t\t\t                                <div class=\"pcsl-item\">\r\n                                    <div class=\"pcsl-itemin\">\r\n                                        <div class=\"pcsl-iteminer\">\r\n\t\t\t\t\t\t\t\t\t\t\t\r\n\t\t\t\t\t\t\t\t\t\t\t                                                <div class=\"pcsl-thumb\">\r\n\t\t\t\t\t\t\t\t\t\t\t\t\t\t\t\t\t\t\t\t\t\t\t\t\t\t\t\t\t\t\t\t\t\t\t\t\t\t\t                                                        <a href=\"https:\/\/lepatriotebenin.com\/index.php\/2024\/01\/31\/nafissatou-ba-action-humanitaire-pour-tous-oeuvre-pour-un-monde-juste-solidaire-et-durable\/\"\r\n                                                           title=\"Nafissatou Ba\u00a0: \u00ab\u00a0\u00ab\u00a0Action Humanitaire Pour Tous\u00a0\u00bb \u0153uvre pour un monde juste, solidaire et durable\u00a0\u00bb\"\r\n                                                           class=\"penci-image-holder penci-lazy\"                                                           data-bgset=\"https:\/\/lepatriotebenin.com\/wp-content\/uploads\/2024\/01\/nafissatou-ba-263x175.jpg\">\r\n                                                        <\/a>\r\n\t\t\t\t\t\t\t\t\t\t\t\t\t                                                <\/div>\r\n\t\t\t\t\t\t\t\t\t\t\t                                            <div class=\"pcsl-content\">\r\n\t\t\t\t\t\t\t\t\t\t\t\t\r\n\t\t\t\t\t\t\t\t\t\t\t\t                                                    <div class=\"pcsl-title\">\r\n                                                        <a href=\"https:\/\/lepatriotebenin.com\/index.php\/2024\/01\/31\/nafissatou-ba-action-humanitaire-pour-tous-oeuvre-pour-un-monde-juste-solidaire-et-durable\/\">Nafissatou Ba\u00a0: \u00ab\u00a0\u00ab\u00a0Action Humanitaire Pour Tous\u00a0\u00bb \u0153uvre pour un monde juste, solidaire et durable\u00a0\u00bb<\/a>\r\n                                                    <\/div>\r\n\t\t\t\t\t\t\t\t\t\t\t\t\r\n\t\t\t\t\t\t\t\t\t\t\t\t                                                    <div class=\"grid-post-box-meta pcsl-meta\">\r\n\t\t\t\t\t\t\t\t\t\t\t\t\t\t\t\t\t\t\t\t\t\t\t\t\t\t\t\t                                                            <span class=\"sl-date\"><time class=\"entry-date published\" datetime=\"2024-01-31T16:20:07+01:00\">31 janvier 2024<\/time><\/span>\r\n\t\t\t\t\t\t\t\t\t\t\t\t\t\t\t\t\t\t\t\t\t\t\t\t\t\t\t\t\t\t\t\t\t\t\t\t\t\t\t\t\t\t\t\t\t\t\t\t\t\t\t\t\t\t\t\t\t\t\t\t\t\t\t\t\t\t\t\t\t\t                                                    <\/div>\r\n\t\t\t\t\t\t\t\t\t\t\t\t\r\n\t\t\t\t\t\t\t\t\t\t\t\t\t\t\t\t\t\t\t\t\t\t\t\t\r\n                                            <\/div>\r\n\r\n\t\t\t\t\t\t\t\t\t\t\t                                        <\/div>\r\n                                    <\/div>\r\n                                <\/div>\r\n\t\t\t\t\t\t\t                        <\/div>\r\n\r\n\t\t\t\t\t\t\r\n                    <\/div>\r\n\t\t\t\t\t            <\/div>\r\n        <\/div>\r\n\t\t\t\t\t\t<\/div>\n\t\t\t\t<\/div>\n\t\t\t\t\t<\/div>\n\t\t<\/div>\n\t\t\t\t\t<\/div>\n\t\t<\/section>\n\t\t\t\t<section class=\"penci-section penci-disSticky penci-structure-10 elementor-section elementor-top-section elementor-element elementor-element-33758d6 elementor-section-boxed elementor-section-height-default elementor-section-height-default\" data-id=\"33758d6\" data-element_type=\"section\" data-e-type=\"section\">\n\t\t\t\t\t\t<div class=\"elementor-container elementor-column-gap-default\">\n\t\t\t\t\t<div class=\"penci-ercol-100 penci-ercol-order-1 penci-sticky-ct    elementor-column elementor-col-100 elementor-top-column elementor-element elementor-element-859e300\" data-id=\"859e300\" data-element_type=\"column\" data-e-type=\"column\">\n\t\t\t<div class=\"elementor-widget-wrap elementor-element-populated\">\n\t\t\t\t\t\t<div class=\"elementor-element elementor-element-bed5ae1 elementor-widget elementor-widget-image\" data-id=\"bed5ae1\" data-element_type=\"widget\" data-e-type=\"widget\" data-widget_type=\"image.default\">\n\t\t\t\t<div class=\"elementor-widget-container\">\n\t\t\t\t\t\t\t\t\t\t\t\t\t\t\t<img decoding=\"async\" width=\"1172\" height=\"223\" src=\"https:\/\/lepatriotebenin.com\/wp-content\/uploads\/2025\/07\/espace-annonceur2.jpg\" class=\"attachment-full size-full wp-image-11943\" alt=\"\" srcset=\"https:\/\/lepatriotebenin.com\/wp-content\/uploads\/2025\/07\/espace-annonceur2.jpg 1172w, https:\/\/lepatriotebenin.com\/wp-content\/uploads\/2025\/07\/espace-annonceur2-300x57.jpg 300w, https:\/\/lepatriotebenin.com\/wp-content\/uploads\/2025\/07\/espace-annonceur2-1024x195.jpg 1024w, https:\/\/lepatriotebenin.com\/wp-content\/uploads\/2025\/07\/espace-annonceur2-768x146.jpg 768w, https:\/\/lepatriotebenin.com\/wp-content\/uploads\/2025\/07\/espace-annonceur2-1170x223.jpg 1170w, https:\/\/lepatriotebenin.com\/wp-content\/uploads\/2025\/07\/espace-annonceur2-585x111.jpg 585w\" sizes=\"(max-width: 1172px) 100vw, 1172px\" \/>\t\t\t\t\t\t\t\t\t\t\t\t\t\t\t<\/div>\n\t\t\t\t<\/div>\n\t\t\t\t\t<\/div>\n\t\t<\/div>\n\t\t\t\t\t<\/div>\n\t\t<\/section>\n\t\t\t\t<section class=\"penci-section penci-disSticky penci-structure-10 elementor-section elementor-top-section elementor-element elementor-element-2698818 elementor-section-boxed elementor-section-height-default elementor-section-height-default\" data-id=\"2698818\" data-element_type=\"section\" data-e-type=\"section\">\n\t\t\t\t\t\t<div class=\"elementor-container elementor-column-gap-no\">\n\t\t\t\t\t<div class=\"penci-ercol-100 penci-ercol-order-1 penci-sticky-ct    elementor-column elementor-col-100 elementor-top-column elementor-element elementor-element-03c15de\" data-id=\"03c15de\" data-element_type=\"column\" data-e-type=\"column\">\n\t\t\t<div class=\"elementor-widget-wrap elementor-element-populated\">\n\t\t\t\t\t\t<div class=\"elementor-element elementor-element-c6b0a5c elementor-widget-divider--view-line elementor-widget elementor-widget-divider\" data-id=\"c6b0a5c\" data-element_type=\"widget\" data-e-type=\"widget\" data-widget_type=\"divider.default\">\n\t\t\t\t<div class=\"elementor-widget-container\">\n\t\t\t\t\t\t\t<div class=\"elementor-divider\">\n\t\t\t<span class=\"elementor-divider-separator\">\n\t\t\t\t\t\t<\/span>\n\t\t<\/div>\n\t\t\t\t\t\t<\/div>\n\t\t\t\t<\/div>\n\t\t\t\t<div class=\"elementor-element elementor-element-8786628 elementor-widget elementor-widget-penci-block-heading\" data-id=\"8786628\" data-element_type=\"widget\" data-e-type=\"widget\" data-widget_type=\"penci-block-heading.default\">\n\t\t\t\t<div class=\"elementor-widget-container\">\n\t\t\t\t\t\t\t<div class=\"penci-border-arrow penci-homepage-title penci-home-latest-posts style-15 pcalign-left pciconp-right pcicon-right block-title-icon-left\">\n\t\t\t<h3 class=\"inner-arrow\">\r\n\t\t\t\t<span>\r\n\t\t\t\t<a href=\"https:\/\/lepatriotebenin.com\/index.php\/category\/sante\/\">Sant\u00e9<\/a><a class=\"pcbh-extrabtn pcbh-btns-none pcbh-btnp-right pcbh-btni-right\" href=\"https:\/\/lepatriotebenin.com\/index.php\/category\/sante\/\">Voir plus r\u00e9cent<i class=\"fas fa-long-arrow-alt-right\"><\/i><\/a>\t\t\t\t\t<\/span>\r\n\t\t\t<\/h3>\r\n\t\t\t\t\t<\/div>\r\n\t\t\t\t\t\t<\/div>\n\t\t\t\t<\/div>\n\t\t\t\t\t<\/div>\n\t\t<\/div>\n\t\t\t\t\t<\/div>\n\t\t<\/section>\n\t\t\t\t<section class=\"penci-section penci-disSticky penci-structure-30 elementor-section elementor-top-section elementor-element elementor-element-b43e283 elementor-section-boxed elementor-section-height-default elementor-section-height-default\" data-id=\"b43e283\" data-element_type=\"section\" data-e-type=\"section\">\n\t\t\t\t\t\t<div class=\"elementor-container elementor-column-gap-extended\">\n\t\t\t\t\t<div class=\"penci-ercol-33 penci-ercol-order-1 penci-sticky-sb penci-sidebarSC   elementor-column elementor-col-33 elementor-top-column elementor-element elementor-element-484a801\" data-id=\"484a801\" data-element_type=\"column\" data-e-type=\"column\">\n\t\t\t<div class=\"elementor-widget-wrap elementor-element-populated\">\n\t\t\t\t\t\t<div class=\"elementor-element elementor-element-1e6789c elementor-widget elementor-widget-penci-big-grid\" data-id=\"1e6789c\" data-element_type=\"widget\" data-e-type=\"widget\" data-widget_type=\"penci-big-grid.default\">\n\t\t\t\t<div class=\"elementor-widget-container\">\n\t\t\t\t\t        <div class=\"penci-clearfix penci-biggrid-wrapper penci-grid-col-1 penci-grid-mcol-1 penci-bgrid-based-post penci-bgrid-style-1 pcbg-ficonpo-top-right pcbg-reiconpo-top-left penci-bgrid-content-below pencibg-imageh-zoom-in pencibg-texth-none pencibg-textani-movetop textop\">\r\n\t\t\t            <div class=\"penci-clearfix penci-biggrid penci-bgstyle-1 penci-bgel\">\r\n                <div class=\"penci-biggrid-inner default\">\r\n\t\t\t\t\t<div class=\"penci-clearfix penci-biggrid-data penci-dflex\"><div class=\"penci-bgitem\">\r\n    <div class=\"penci-bgitin\">\r\n        <div class=\"penci-bgmain\">\r\n            <div class=\"pcbg-thumb\">\r\n\t\t\t\t\t\t\t\t                <div class=\"pcbg-thumbin\">\r\n                    <a class=\"pcbg-bgoverlay\"\r\n                       href=\"https:\/\/lepatriotebenin.com\/index.php\/2026\/03\/16\/suspension-annoncee-des-stages-dans-les-hopitaux-bras-de-fer-entre-le-decanat-et-les-etudiants-en-medecine\/\" title=\"Suspension annonc\u00e9e des stages dans les h\u00f4pitaux : Bras de fer entre le d\u00e9canat et les \u00e9tudiants en m\u00e9decine\"><\/a>\r\n\t\t\t\t\t                        <div class=\"penci-image-holder penci-lazy\"                             data-bgset=\"https:\/\/lepatriotebenin.com\/wp-content\/uploads\/2026\/03\/fss-du-benin-1024x519.jpg\" data_bg_hidpi=\"https:\/\/lepatriotebenin.com\/wp-content\/uploads\/2026\/03\/fss-du-benin-585x296.jpg\"\r\n                             data-sizes=\"(max-width: 767px) 585px, 1024px\">\r\n                        <\/div>\r\n\t\t\t\t\t                <\/div>\r\n            <\/div>\r\n            <div class=\"pcbg-content\">\r\n                <div class=\"pcbg-content-flex\">\r\n                    <a class=\"pcbg-bgoverlay\"\r\n                       href=\"https:\/\/lepatriotebenin.com\/index.php\/2026\/03\/16\/suspension-annoncee-des-stages-dans-les-hopitaux-bras-de-fer-entre-le-decanat-et-les-etudiants-en-medecine\/\" title=\"Suspension annonc\u00e9e des stages dans les h\u00f4pitaux : Bras de fer entre le d\u00e9canat et les \u00e9tudiants en m\u00e9decine\"><\/a>\r\n                    <div class=\"pcbg-content-inner bgcontent-block\">\r\n                        <a href=\"https:\/\/lepatriotebenin.com\/index.php\/2026\/03\/16\/suspension-annoncee-des-stages-dans-les-hopitaux-bras-de-fer-entre-le-decanat-et-les-etudiants-en-medecine\/\" title=\"Suspension annonc\u00e9e des stages dans les h\u00f4pitaux : Bras de fer entre le d\u00e9canat et les \u00e9tudiants en m\u00e9decine\"\r\n                           class=\"pcbg-bgoverlaytext item-hover\"><\/a>\r\n\r\n\t\t\t\t\t\t\r\n\t\t\t\t\t\t                            <div class=\"pcbg-heading item-hover\">\r\n                                <h3 class=\"pcbg-title\">\r\n                                    <a href=\"https:\/\/lepatriotebenin.com\/index.php\/2026\/03\/16\/suspension-annoncee-des-stages-dans-les-hopitaux-bras-de-fer-entre-le-decanat-et-les-etudiants-en-medecine\/\">\r\n\t\t\t\t\t\t\t\t\t\tSuspension annonc\u00e9e des stages dans les h\u00f4pitaux : Bras de fer entre le d\u00e9canat et les \u00e9tudiants en m\u00e9decine                                    <\/a>\r\n                                <\/h3>\r\n                            <\/div>\r\n\t\t\t\t\t\t\r\n\t\t\t\t\t\t                            <div class=\"grid-post-box-meta pcbg-meta item-hover\">\r\n                                <div class=\"pcbg-meta-desc\">\r\n\t\t\t\t\t\t\t\t\t\t\t\t\t\t\t\t\t\t                                        <span class=\"bg-date\"><time class=\"entry-date published\" datetime=\"2026-03-16T02:28:15+01:00\">16 mars 2026<\/time><\/span>\r\n\t\t\t\t\t\t\t\t\t\t\t\t\t\t\t\t\t\t\t\t\t\t\t\t\t\t\t\t\t\t\t\t\t\t\t\t\t\t\t\t\t\t\t\t\t                                <\/div>\r\n\t\t\t\t\t\t\t\t                                    <div class=\"pcbg-pexcerpt\">\r\n\t\t\t\t\t\t\t\t\t\t<p>Le verdict de 24 mois de prison dont douze fermes prononc\u00e9s par le juge \u00e0 l&rsquo;encontre des Docteurs &#8230;<\/p>\n                                    <\/div>\r\n\t\t\t\t\t\t\t\t                            <\/div>\r\n\t\t\t\t\t\t\r\n\t\t\t\t\t\t                    <\/div>\r\n                <\/div>\r\n            <\/div>\r\n        <\/div>\r\n    <\/div>\r\n<\/div>\r\n<\/div>                <\/div>\r\n\t\t\t\t            <\/div>\r\n        <\/div>\r\n\t\t\t\t\t\t<\/div>\n\t\t\t\t<\/div>\n\t\t\t\t\t<\/div>\n\t\t<\/div>\n\t\t\t\t<div class=\"penci-ercol-33 penci-ercol-order-2 penci-sticky-sb penci-sidebarSC   elementor-column elementor-col-33 elementor-top-column elementor-element elementor-element-e6ea276\" data-id=\"e6ea276\" data-element_type=\"column\" data-e-type=\"column\">\n\t\t\t<div class=\"elementor-widget-wrap elementor-element-populated\">\n\t\t\t\t\t\t<div class=\"elementor-element elementor-element-8e5f3ae elementor-widget elementor-widget-penci-big-grid\" data-id=\"8e5f3ae\" data-element_type=\"widget\" data-e-type=\"widget\" data-widget_type=\"penci-big-grid.default\">\n\t\t\t\t<div class=\"elementor-widget-container\">\n\t\t\t\t\t        <div class=\"penci-clearfix penci-biggrid-wrapper penci-grid-col-1 penci-grid-mcol-1 penci-bgrid-based-post penci-bgrid-style-1 pcbg-ficonpo-top-right pcbg-reiconpo-top-left penci-bgrid-content-below pencibg-imageh-none pencibg-texth-none pencibg-textani-movetop textop\">\r\n\t\t\t            <div class=\"penci-clearfix penci-biggrid penci-bgstyle-1 penci-bgel\">\r\n                <div class=\"penci-biggrid-inner default\">\r\n\t\t\t\t\t<div class=\"penci-clearfix penci-biggrid-data penci-dflex\"><div class=\"penci-bgitem\">\r\n    <div class=\"penci-bgitin\">\r\n        <div class=\"penci-bgmain\">\r\n            <div class=\"pcbg-thumb\">\r\n\t\t\t\t\t\t\t\t                <div class=\"pcbg-thumbin\">\r\n                    <a class=\"pcbg-bgoverlay active-overlay\"\r\n                       href=\"https:\/\/lepatriotebenin.com\/index.php\/2025\/10\/06\/prix-nobel-de-medecine-mary-e-brunkow-fred-ramsdell-et-shimon-sakaguchi-recompenses-pour-la-decouverte-des-cellules-t-regulatrices\/\" title=\"Prix Nobel de m\u00e9decine : Mary E. Brunkow, Fred Ramsdell et Shimon Sakaguchi r\u00e9compens\u00e9s pour la d\u00e9couverte des cellules T r\u00e9gulatrices\"><\/a>\r\n\t\t\t\t\t                        <div class=\"penci-image-holder penci-lazy\"                             data-bgset=\"https:\/\/lepatriotebenin.com\/wp-content\/uploads\/2025\/10\/prix-nobel-585x390.jpg\" data_bg_hidpi=\"https:\/\/lepatriotebenin.com\/wp-content\/uploads\/2025\/10\/prix-nobel-585x390.jpg\"\r\n                             data-sizes=\"(max-width: 767px) 585px, 585px\">\r\n                        <\/div>\r\n\t\t\t\t\t                <\/div>\r\n            <\/div>\r\n            <div class=\"pcbg-content\">\r\n                <div class=\"pcbg-content-flex\">\r\n                    <a class=\"pcbg-bgoverlay\"\r\n                       href=\"https:\/\/lepatriotebenin.com\/index.php\/2025\/10\/06\/prix-nobel-de-medecine-mary-e-brunkow-fred-ramsdell-et-shimon-sakaguchi-recompenses-pour-la-decouverte-des-cellules-t-regulatrices\/\" title=\"Prix Nobel de m\u00e9decine : Mary E. Brunkow, Fred Ramsdell et Shimon Sakaguchi r\u00e9compens\u00e9s pour la d\u00e9couverte des cellules T r\u00e9gulatrices\"><\/a>\r\n                    <div class=\"pcbg-content-inner bgcontent-block\">\r\n                        <a href=\"https:\/\/lepatriotebenin.com\/index.php\/2025\/10\/06\/prix-nobel-de-medecine-mary-e-brunkow-fred-ramsdell-et-shimon-sakaguchi-recompenses-pour-la-decouverte-des-cellules-t-regulatrices\/\" title=\"Prix Nobel de m\u00e9decine : Mary E. Brunkow, Fred Ramsdell et Shimon Sakaguchi r\u00e9compens\u00e9s pour la d\u00e9couverte des cellules T r\u00e9gulatrices\"\r\n                           class=\"pcbg-bgoverlaytext item-hover\"><\/a>\r\n\r\n\t\t\t\t\t\t\r\n\t\t\t\t\t\t                            <div class=\"pcbg-heading item-hover\">\r\n                                <h3 class=\"pcbg-title\">\r\n                                    <a href=\"https:\/\/lepatriotebenin.com\/index.php\/2025\/10\/06\/prix-nobel-de-medecine-mary-e-brunkow-fred-ramsdell-et-shimon-sakaguchi-recompenses-pour-la-decouverte-des-cellules-t-regulatrices\/\">\r\n\t\t\t\t\t\t\t\t\t\tPrix Nobel de m\u00e9decine : Mary E. Brunkow, Fred Ramsdell et Shimon Sakaguchi r\u00e9compens\u00e9s pour la d\u00e9couverte des cellules T r\u00e9gulatrices                                    <\/a>\r\n                                <\/h3>\r\n                            <\/div>\r\n\t\t\t\t\t\t\r\n\t\t\t\t\t\t                            <div class=\"grid-post-box-meta pcbg-meta item-hover\">\r\n                                <div class=\"pcbg-meta-desc\">\r\n\t\t\t\t\t\t\t\t\t\t\t\t\t\t\t\t\t\t                                        <span class=\"bg-date\"><time class=\"entry-date published\" datetime=\"2025-10-06T16:12:21+02:00\">6 octobre 2025<\/time><\/span>\r\n\t\t\t\t\t\t\t\t\t\t\t\t\t\t\t\t\t\t\t\t\t\t\t\t\t\t\t\t\t\t\t\t\t\t\t\t\t\t\t\t\t\t\t\t\t                                <\/div>\r\n\t\t\t\t\t\t\t\t                            <\/div>\r\n\t\t\t\t\t\t\r\n\t\t\t\t\t\t                    <\/div>\r\n                <\/div>\r\n            <\/div>\r\n        <\/div>\r\n    <\/div>\r\n<\/div>\r\n<div class=\"penci-bgitem\">\r\n    <div class=\"penci-bgitin\">\r\n        <div class=\"penci-bgmain\">\r\n            <div class=\"pcbg-thumb\">\r\n\t\t\t\t\t\t\t\t                <div class=\"pcbg-thumbin\">\r\n                    <a class=\"pcbg-bgoverlay active-overlay\"\r\n                       href=\"https:\/\/lepatriotebenin.com\/index.php\/2025\/09\/26\/lien-entre-le-paracetamol-et-lautisme-loms-refute-trump-sur-ses-declarations\/\" title=\"Lien entre le parac\u00e9tamol et l&rsquo;autisme : L\u2019OMS r\u00e9fute Trump sur ses d\u00e9clarations\"><\/a>\r\n\t\t\t\t\t                        <div class=\"penci-image-holder penci-lazy\"                             data-bgset=\"https:\/\/lepatriotebenin.com\/wp-content\/uploads\/2025\/09\/paracetamol-585x390.jpg\" data_bg_hidpi=\"https:\/\/lepatriotebenin.com\/wp-content\/uploads\/2025\/09\/paracetamol-585x390.jpg\"\r\n                             data-sizes=\"(max-width: 767px) 585px, 585px\">\r\n                        <\/div>\r\n\t\t\t\t\t                <\/div>\r\n            <\/div>\r\n            <div class=\"pcbg-content\">\r\n                <div class=\"pcbg-content-flex\">\r\n                    <a class=\"pcbg-bgoverlay\"\r\n                       href=\"https:\/\/lepatriotebenin.com\/index.php\/2025\/09\/26\/lien-entre-le-paracetamol-et-lautisme-loms-refute-trump-sur-ses-declarations\/\" title=\"Lien entre le parac\u00e9tamol et l&rsquo;autisme : L\u2019OMS r\u00e9fute Trump sur ses d\u00e9clarations\"><\/a>\r\n                    <div class=\"pcbg-content-inner bgcontent-block\">\r\n                        <a href=\"https:\/\/lepatriotebenin.com\/index.php\/2025\/09\/26\/lien-entre-le-paracetamol-et-lautisme-loms-refute-trump-sur-ses-declarations\/\" title=\"Lien entre le parac\u00e9tamol et l&rsquo;autisme : L\u2019OMS r\u00e9fute Trump sur ses d\u00e9clarations\"\r\n                           class=\"pcbg-bgoverlaytext item-hover\"><\/a>\r\n\r\n\t\t\t\t\t\t\r\n\t\t\t\t\t\t                            <div class=\"pcbg-heading item-hover\">\r\n                                <h3 class=\"pcbg-title\">\r\n                                    <a href=\"https:\/\/lepatriotebenin.com\/index.php\/2025\/09\/26\/lien-entre-le-paracetamol-et-lautisme-loms-refute-trump-sur-ses-declarations\/\">\r\n\t\t\t\t\t\t\t\t\t\tLien entre le parac\u00e9tamol et l&rsquo;autisme : L\u2019OMS r\u00e9fute Trump sur ses d\u00e9clarations                                    <\/a>\r\n                                <\/h3>\r\n                            <\/div>\r\n\t\t\t\t\t\t\r\n\t\t\t\t\t\t                            <div class=\"grid-post-box-meta pcbg-meta item-hover\">\r\n                                <div class=\"pcbg-meta-desc\">\r\n\t\t\t\t\t\t\t\t\t\t\t\t\t\t\t\t\t\t                                        <span class=\"bg-date\"><time class=\"entry-date published\" datetime=\"2025-09-26T02:57:55+02:00\">26 septembre 2025<\/time><\/span>\r\n\t\t\t\t\t\t\t\t\t\t\t\t\t\t\t\t\t\t\t\t\t\t\t\t\t\t\t\t\t\t\t\t\t\t\t\t\t\t\t\t\t\t\t\t\t                                <\/div>\r\n\t\t\t\t\t\t\t\t                            <\/div>\r\n\t\t\t\t\t\t\r\n\t\t\t\t\t\t                    <\/div>\r\n                <\/div>\r\n            <\/div>\r\n        <\/div>\r\n    <\/div>\r\n<\/div>\r\n<\/div>                <\/div>\r\n\t\t\t\t            <\/div>\r\n        <\/div>\r\n\t\t\t\t\t\t<\/div>\n\t\t\t\t<\/div>\n\t\t\t\t\t<\/div>\n\t\t<\/div>\n\t\t\t\t<div class=\"penci-ercol-33 penci-ercol-order-3 penci-sticky-sb penci-sidebarSC   elementor-column elementor-col-33 elementor-top-column elementor-element elementor-element-57335e7\" data-id=\"57335e7\" data-element_type=\"column\" data-e-type=\"column\">\n\t\t\t<div class=\"elementor-widget-wrap elementor-element-populated\">\n\t\t\t\t\t\t<div class=\"elementor-element elementor-element-d4af701 elementor-widget elementor-widget-penci-small-list\" data-id=\"d4af701\" data-element_type=\"widget\" data-e-type=\"widget\" data-widget_type=\"penci-small-list.default\">\n\t\t\t\t<div class=\"elementor-widget-container\">\n\t\t\t\t\t<script>if( typeof(penciBlock) === \"undefined\" ) {function penciBlock() { this.atts_json = ''; this.content = ''; }}var penciBlocksArray = penciBlocksArray || [];var PENCILOCALCACHE = PENCILOCALCACHE || {};var pcblock_2261 = new penciBlock();pcblock_2261.blockID=\"pcblock_2261\";pcblock_2261.atts_json = '{\"type\":\"grid\",\"dformat\":\"\",\"date_pos\":\"left\",\"column\":\"1\",\"tab_column\":\"\",\"mb_column\":\"\",\"imgpos\":\"left\",\"thumb_size\":\"\",\"mthumb_size\":\"\",\"post_meta\":[\"title\",\"date\"],\"primary_cat\":\"\",\"title_length\":\"\",\"excerpt_pos\":\"below\",\"rmstyle\":\"filled\",\"excerpt_length\":15,\"nocrop\":\"\",\"hide_cat_mobile\":\"\",\"hide_meta_mobile\":\"\",\"hide_excerpt_mobile\":\"\",\"hide_rm_mobile\":\"\",\"imgtop_mobile\":\"\",\"ver_border\":\"\",\"hide_thumb\":\"\",\"show_reviewpie\":\"\",\"show_formaticon\":\"\",\"disable_lazy\":\"\",\"show_excerpt\":\"\",\"show_readmore\":\"\",\"query\":{\"orderby\":\"date\",\"order\":\"desc\",\"ignore_sticky_posts\":1,\"post_status\":\"publish\",\"post__not_in\":[],\"post_type\":\"post\",\"posts_per_page\":5,\"tax_query\":[{\"taxonomy\":\"category\",\"field\":\"term_id\",\"terms\":[\"19\"]}],\"offset\":3,\"paged\":1},\"category_ids\":\"\",\"taxonomy\":\"\"}';penciBlocksArray.push(pcblock_2261);<\/script>        <div class=\"penci-wrapper-smalllist\">\r\n\t\t\t\t\t\t            <div class=\"penci-smalllist-wrapper\">\r\n\t\t\t\t                    <div class=\"penci-smalllist pcsl-wrapper pwsl-id-default\">\r\n                        <div class=\"pcsl-inner penci-clearfix pcsl-grid pcsl-imgpos-left pcsl-col-1 pcsl-tabcol-2 pcsl-mobcol-1\">\r\n\t\t\t\t\t\t\t                                <div class=\"pcsl-item\">\r\n                                    <div class=\"pcsl-itemin\">\r\n                                        <div class=\"pcsl-iteminer\">\r\n\t\t\t\t\t\t\t\t\t\t\t\r\n\t\t\t\t\t\t\t\t\t\t\t                                                <div class=\"pcsl-thumb\">\r\n\t\t\t\t\t\t\t\t\t\t\t\t\t\t\t\t\t\t\t\t\t\t\t\t\t\t\t\t\t\t\t\t\t\t\t\t\t\t\t                                                        <a href=\"https:\/\/lepatriotebenin.com\/index.php\/2025\/09\/23\/glaucome-la-principaute-des-baobabs-le-cierge-et-juna-togo-offrent-des-tests-gratuits-de-depistage-a-aneho\/\"\r\n                                                           title=\"GLAUCOME : La Principaut\u00e9 des Baobabs, Le Cierge et Juna Togo offrent des tests gratuits de d\u00e9pistage \u00e0 An\u00e9ho\"\r\n                                                           class=\"penci-image-holder penci-lazy\"                                                           data-bgset=\"https:\/\/lepatriotebenin.com\/wp-content\/uploads\/2025\/09\/glaucome-2-263x175.jpg\">\r\n                                                        <\/a>\r\n\t\t\t\t\t\t\t\t\t\t\t\t\t                                                <\/div>\r\n\t\t\t\t\t\t\t\t\t\t\t                                            <div class=\"pcsl-content\">\r\n\t\t\t\t\t\t\t\t\t\t\t\t\r\n\t\t\t\t\t\t\t\t\t\t\t\t                                                    <div class=\"pcsl-title\">\r\n                                                        <a href=\"https:\/\/lepatriotebenin.com\/index.php\/2025\/09\/23\/glaucome-la-principaute-des-baobabs-le-cierge-et-juna-togo-offrent-des-tests-gratuits-de-depistage-a-aneho\/\">GLAUCOME : La Principaut\u00e9 des Baobabs, Le Cierge et Juna Togo offrent des tests gratuits de d\u00e9pistage \u00e0 An\u00e9ho<\/a>\r\n                                                    <\/div>\r\n\t\t\t\t\t\t\t\t\t\t\t\t\r\n\t\t\t\t\t\t\t\t\t\t\t\t                                                    <div class=\"grid-post-box-meta pcsl-meta\">\r\n\t\t\t\t\t\t\t\t\t\t\t\t\t\t\t\t\t\t\t\t\t\t\t\t\t\t\t\t                                                            <span class=\"sl-date\"><time class=\"entry-date published\" datetime=\"2025-09-23T11:45:52+02:00\">23 septembre 2025<\/time><\/span>\r\n\t\t\t\t\t\t\t\t\t\t\t\t\t\t\t\t\t\t\t\t\t\t\t\t\t\t\t\t\t\t\t\t\t\t\t\t\t\t\t\t\t\t\t\t\t\t\t\t\t\t\t\t\t\t\t\t\t\t\t\t\t\t\t\t\t\t\t\t\t\t                                                    <\/div>\r\n\t\t\t\t\t\t\t\t\t\t\t\t\r\n\t\t\t\t\t\t\t\t\t\t\t\t\t\t\t\t\t\t\t\t\t\t\t\t\r\n                                            <\/div>\r\n\r\n\t\t\t\t\t\t\t\t\t\t\t                                        <\/div>\r\n                                    <\/div>\r\n                                <\/div>\r\n\t\t\t\t\t\t\t                                <div class=\"pcsl-item\">\r\n                                    <div class=\"pcsl-itemin\">\r\n                                        <div class=\"pcsl-iteminer\">\r\n\t\t\t\t\t\t\t\t\t\t\t\r\n\t\t\t\t\t\t\t\t\t\t\t                                                <div class=\"pcsl-thumb\">\r\n\t\t\t\t\t\t\t\t\t\t\t\t\t\t\t\t\t\t\t\t\t\t\t\t\t\t\t\t\t\t\t\t\t\t\t\t\t\t\t                                                        <a href=\"https:\/\/lepatriotebenin.com\/index.php\/2025\/09\/14\/sante-les-causes-de-la-constipation-chez-la-femme-enceinte\/\"\r\n                                                           title=\"Sant\u00e9 : les causes de la constipation chez la femme enceinte\"\r\n                                                           class=\"penci-image-holder penci-lazy\"                                                           data-bgset=\"https:\/\/lepatriotebenin.com\/wp-content\/uploads\/2025\/09\/eve-263x175.jpg\">\r\n                                                        <\/a>\r\n\t\t\t\t\t\t\t\t\t\t\t\t\t                                                <\/div>\r\n\t\t\t\t\t\t\t\t\t\t\t                                            <div class=\"pcsl-content\">\r\n\t\t\t\t\t\t\t\t\t\t\t\t\r\n\t\t\t\t\t\t\t\t\t\t\t\t                                                    <div class=\"pcsl-title\">\r\n                                                        <a href=\"https:\/\/lepatriotebenin.com\/index.php\/2025\/09\/14\/sante-les-causes-de-la-constipation-chez-la-femme-enceinte\/\">Sant\u00e9 : les causes de la constipation chez la femme enceinte<\/a>\r\n                                                    <\/div>\r\n\t\t\t\t\t\t\t\t\t\t\t\t\r\n\t\t\t\t\t\t\t\t\t\t\t\t                                                    <div class=\"grid-post-box-meta pcsl-meta\">\r\n\t\t\t\t\t\t\t\t\t\t\t\t\t\t\t\t\t\t\t\t\t\t\t\t\t\t\t\t                                                            <span class=\"sl-date\"><time class=\"entry-date published\" datetime=\"2025-09-14T19:11:19+02:00\">14 septembre 2025<\/time><\/span>\r\n\t\t\t\t\t\t\t\t\t\t\t\t\t\t\t\t\t\t\t\t\t\t\t\t\t\t\t\t\t\t\t\t\t\t\t\t\t\t\t\t\t\t\t\t\t\t\t\t\t\t\t\t\t\t\t\t\t\t\t\t\t\t\t\t\t\t\t\t\t\t                                                    <\/div>\r\n\t\t\t\t\t\t\t\t\t\t\t\t\r\n\t\t\t\t\t\t\t\t\t\t\t\t\t\t\t\t\t\t\t\t\t\t\t\t\r\n                                            <\/div>\r\n\r\n\t\t\t\t\t\t\t\t\t\t\t                                        <\/div>\r\n                                    <\/div>\r\n                                <\/div>\r\n\t\t\t\t\t\t\t                                <div class=\"pcsl-item\">\r\n                                    <div class=\"pcsl-itemin\">\r\n                                        <div class=\"pcsl-iteminer\">\r\n\t\t\t\t\t\t\t\t\t\t\t\r\n\t\t\t\t\t\t\t\t\t\t\t                                                <div class=\"pcsl-thumb\">\r\n\t\t\t\t\t\t\t\t\t\t\t\t\t\t\t\t\t\t\t\t\t\t\t\t\t\t\t\t\t\t\t\t\t\t\t\t\t\t\t                                                        <a href=\"https:\/\/lepatriotebenin.com\/index.php\/2025\/08\/11\/sante-limpact-du-vomissement-gravidique-chez-la-femme-enceinte\/\"\r\n                                                           title=\"Sant\u00e9 : l\u2019impact du vomissement gravidique chez la femme enceinte\"\r\n                                                           class=\"penci-image-holder penci-lazy\"                                                           data-bgset=\"https:\/\/lepatriotebenin.com\/wp-content\/uploads\/2025\/08\/mireille-263x175.jpg\">\r\n                                                        <\/a>\r\n\t\t\t\t\t\t\t\t\t\t\t\t\t                                                <\/div>\r\n\t\t\t\t\t\t\t\t\t\t\t                                            <div class=\"pcsl-content\">\r\n\t\t\t\t\t\t\t\t\t\t\t\t\r\n\t\t\t\t\t\t\t\t\t\t\t\t                                                    <div class=\"pcsl-title\">\r\n                                                        <a href=\"https:\/\/lepatriotebenin.com\/index.php\/2025\/08\/11\/sante-limpact-du-vomissement-gravidique-chez-la-femme-enceinte\/\">Sant\u00e9 : l\u2019impact du vomissement gravidique chez la femme enceinte<\/a>\r\n                                                    <\/div>\r\n\t\t\t\t\t\t\t\t\t\t\t\t\r\n\t\t\t\t\t\t\t\t\t\t\t\t                                                    <div class=\"grid-post-box-meta pcsl-meta\">\r\n\t\t\t\t\t\t\t\t\t\t\t\t\t\t\t\t\t\t\t\t\t\t\t\t\t\t\t\t                                                            <span class=\"sl-date\"><time class=\"entry-date published\" datetime=\"2025-08-11T03:09:15+02:00\">11 ao\u00fbt 2025<\/time><\/span>\r\n\t\t\t\t\t\t\t\t\t\t\t\t\t\t\t\t\t\t\t\t\t\t\t\t\t\t\t\t\t\t\t\t\t\t\t\t\t\t\t\t\t\t\t\t\t\t\t\t\t\t\t\t\t\t\t\t\t\t\t\t\t\t\t\t\t\t\t\t\t\t                                                    <\/div>\r\n\t\t\t\t\t\t\t\t\t\t\t\t\r\n\t\t\t\t\t\t\t\t\t\t\t\t\t\t\t\t\t\t\t\t\t\t\t\t\r\n                                            <\/div>\r\n\r\n\t\t\t\t\t\t\t\t\t\t\t                                        <\/div>\r\n                                    <\/div>\r\n                                <\/div>\r\n\t\t\t\t\t\t\t                                <div class=\"pcsl-item\">\r\n                                    <div class=\"pcsl-itemin\">\r\n                                        <div class=\"pcsl-iteminer\">\r\n\t\t\t\t\t\t\t\t\t\t\t\r\n\t\t\t\t\t\t\t\t\t\t\t                                                <div class=\"pcsl-thumb\">\r\n\t\t\t\t\t\t\t\t\t\t\t\t\t\t\t\t\t\t\t\t\t\t\t\t\t\t\t\t\t\t\t\t\t\t\t\t\t\t\t                                                        <a href=\"https:\/\/lepatriotebenin.com\/index.php\/2025\/08\/06\/sante-des-femmes-dici-2030-la-fondation-gates-investit-25-milliards-pour-transformer-la-vie-de-millions-de-meres\/\"\r\n                                                           title=\"Sant\u00e9 des femmes d&rsquo;ici 2030 : La Fondation Gates investit 2,5 milliards pour transformer la vie de millions de m\u00e8res\"\r\n                                                           class=\"penci-image-holder penci-lazy\"                                                           data-bgset=\"https:\/\/lepatriotebenin.com\/wp-content\/uploads\/2025\/08\/2394831-bill-et-melinda-gates-la-philanthropie-a-un-role-unique-a-jouer-pour-contribuer-au-progres-web-tete-061408809382-263x175.webp\">\r\n                                                        <\/a>\r\n\t\t\t\t\t\t\t\t\t\t\t\t\t                                                <\/div>\r\n\t\t\t\t\t\t\t\t\t\t\t                                            <div class=\"pcsl-content\">\r\n\t\t\t\t\t\t\t\t\t\t\t\t\r\n\t\t\t\t\t\t\t\t\t\t\t\t                                                    <div class=\"pcsl-title\">\r\n                                                        <a href=\"https:\/\/lepatriotebenin.com\/index.php\/2025\/08\/06\/sante-des-femmes-dici-2030-la-fondation-gates-investit-25-milliards-pour-transformer-la-vie-de-millions-de-meres\/\">Sant\u00e9 des femmes d&rsquo;ici 2030 : La Fondation Gates investit 2,5 milliards pour transformer la vie de millions de m\u00e8res<\/a>\r\n                                                    <\/div>\r\n\t\t\t\t\t\t\t\t\t\t\t\t\r\n\t\t\t\t\t\t\t\t\t\t\t\t                                                    <div class=\"grid-post-box-meta pcsl-meta\">\r\n\t\t\t\t\t\t\t\t\t\t\t\t\t\t\t\t\t\t\t\t\t\t\t\t\t\t\t\t                                                            <span class=\"sl-date\"><time class=\"entry-date published\" datetime=\"2025-08-06T04:31:26+02:00\">6 ao\u00fbt 2025<\/time><\/span>\r\n\t\t\t\t\t\t\t\t\t\t\t\t\t\t\t\t\t\t\t\t\t\t\t\t\t\t\t\t\t\t\t\t\t\t\t\t\t\t\t\t\t\t\t\t\t\t\t\t\t\t\t\t\t\t\t\t\t\t\t\t\t\t\t\t\t\t\t\t\t\t                                                    <\/div>\r\n\t\t\t\t\t\t\t\t\t\t\t\t\r\n\t\t\t\t\t\t\t\t\t\t\t\t\t\t\t\t\t\t\t\t\t\t\t\t\r\n                                            <\/div>\r\n\r\n\t\t\t\t\t\t\t\t\t\t\t                                        <\/div>\r\n                                    <\/div>\r\n                                <\/div>\r\n\t\t\t\t\t\t\t                                <div class=\"pcsl-item\">\r\n                                    <div class=\"pcsl-itemin\">\r\n                                        <div class=\"pcsl-iteminer\">\r\n\t\t\t\t\t\t\t\t\t\t\t\r\n\t\t\t\t\t\t\t\t\t\t\t                                                <div class=\"pcsl-thumb\">\r\n\t\t\t\t\t\t\t\t\t\t\t\t\t\t\t\t\t\t\t\t\t\t\t\t\t\t\t\t\t\t\t\t\t\t\t\t\t\t\t                                                        <a href=\"https:\/\/lepatriotebenin.com\/index.php\/2025\/07\/30\/sante-les-consequences-de-lhypersalivation-chez-la-femme-enceinte\/\"\r\n                                                           title=\"Sant\u00e9 : Les cons\u00e9quences de l\u2019hypersalivation chez la femme enceinte\"\r\n                                                           class=\"penci-image-holder penci-lazy\"                                                           data-bgset=\"https:\/\/lepatriotebenin.com\/wp-content\/uploads\/2025\/07\/eve-263x175.jpg\">\r\n                                                        <\/a>\r\n\t\t\t\t\t\t\t\t\t\t\t\t\t                                                <\/div>\r\n\t\t\t\t\t\t\t\t\t\t\t                                            <div class=\"pcsl-content\">\r\n\t\t\t\t\t\t\t\t\t\t\t\t\r\n\t\t\t\t\t\t\t\t\t\t\t\t                                                    <div class=\"pcsl-title\">\r\n                                                        <a href=\"https:\/\/lepatriotebenin.com\/index.php\/2025\/07\/30\/sante-les-consequences-de-lhypersalivation-chez-la-femme-enceinte\/\">Sant\u00e9 : Les cons\u00e9quences de l\u2019hypersalivation chez la femme enceinte<\/a>\r\n                                                    <\/div>\r\n\t\t\t\t\t\t\t\t\t\t\t\t\r\n\t\t\t\t\t\t\t\t\t\t\t\t                                                    <div class=\"grid-post-box-meta pcsl-meta\">\r\n\t\t\t\t\t\t\t\t\t\t\t\t\t\t\t\t\t\t\t\t\t\t\t\t\t\t\t\t                                                            <span class=\"sl-date\"><time class=\"entry-date published\" datetime=\"2025-07-30T01:32:36+02:00\">30 juillet 2025<\/time><\/span>\r\n\t\t\t\t\t\t\t\t\t\t\t\t\t\t\t\t\t\t\t\t\t\t\t\t\t\t\t\t\t\t\t\t\t\t\t\t\t\t\t\t\t\t\t\t\t\t\t\t\t\t\t\t\t\t\t\t\t\t\t\t\t\t\t\t\t\t\t\t\t\t                                                    <\/div>\r\n\t\t\t\t\t\t\t\t\t\t\t\t\r\n\t\t\t\t\t\t\t\t\t\t\t\t\t\t\t\t\t\t\t\t\t\t\t\t\r\n                                            <\/div>\r\n\r\n\t\t\t\t\t\t\t\t\t\t\t                                        <\/div>\r\n                                    <\/div>\r\n                                <\/div>\r\n\t\t\t\t\t\t\t                        <\/div>\r\n\r\n\t\t\t\t\t\t\r\n                    <\/div>\r\n\t\t\t\t\t            <\/div>\r\n        <\/div>\r\n\t\t\t\t\t\t<\/div>\n\t\t\t\t<\/div>\n\t\t\t\t\t<\/div>\n\t\t<\/div>\n\t\t\t\t\t<\/div>\n\t\t<\/section>\n\t\t\t\t<section class=\"penci-section penci-disSticky penci-structure-10 elementor-section elementor-top-section elementor-element elementor-element-83dab00 elementor-section-boxed elementor-section-height-default elementor-section-height-default\" data-id=\"83dab00\" data-element_type=\"section\" data-e-type=\"section\">\n\t\t\t\t\t\t<div class=\"elementor-container elementor-column-gap-extended\">\n\t\t\t\t\t<div class=\"penci-ercol-100 penci-ercol-order-1 penci-sticky-ct    elementor-column elementor-col-100 elementor-top-column elementor-element elementor-element-a242dad\" data-id=\"a242dad\" data-element_type=\"column\" data-e-type=\"column\">\n\t\t\t<div class=\"elementor-widget-wrap elementor-element-populated\">\n\t\t\t\t\t\t<div class=\"elementor-element elementor-element-665b69f elementor-widget-divider--view-line elementor-widget elementor-widget-divider\" data-id=\"665b69f\" data-element_type=\"widget\" data-e-type=\"widget\" data-widget_type=\"divider.default\">\n\t\t\t\t<div class=\"elementor-widget-container\">\n\t\t\t\t\t\t\t<div class=\"elementor-divider\">\n\t\t\t<span class=\"elementor-divider-separator\">\n\t\t\t\t\t\t<\/span>\n\t\t<\/div>\n\t\t\t\t\t\t<\/div>\n\t\t\t\t<\/div>\n\t\t\t\t<div class=\"elementor-element elementor-element-43fbbec elementor-widget elementor-widget-penci-big-grid\" data-id=\"43fbbec\" data-element_type=\"widget\" data-e-type=\"widget\" data-widget_type=\"penci-big-grid.default\">\n\t\t\t\t<div class=\"elementor-widget-container\">\n\t\t\t\t\t        <div class=\"penci-clearfix penci-biggrid-wrapper penci-grid-col-4 penci-grid-mcol-1 penci-bgrid-based-post penci-bgrid-style-1 pcbg-ficonpo-top-right pcbg-reiconpo-top-left penci-bgrid-content-on pencibg-imageh-move-right pencibg-texth-none pencibg-textani-movetop textop\">\r\n\t\t\t            <div class=\"penci-clearfix penci-biggrid penci-bgstyle-1 penci-bgel\">\r\n                <div class=\"penci-biggrid-inner default\">\r\n\t\t\t\t\t                <\/div>\r\n\t\t\t\t            <\/div>\r\n        <\/div>\r\n\t\t\t\t\t\t<\/div>\n\t\t\t\t<\/div>\n\t\t\t\t\t<\/div>\n\t\t<\/div>\n\t\t\t\t\t<\/div>\n\t\t<\/section>\n\t\t\t\t<\/div>\n\t\t","protected":false},"excerpt":{"rendered":"<p>Politique B\u00e9nin-Banikoara : apr\u00e8s sa destitution, \u00c9lise Tama \u00e9voque les raisons de son&#8230; 4 ao\u00fbt 2025 0 commentaire Politique Ancien si\u00e8ge de l&rsquo;Assembl\u00e9e nationale \u00e0 Porto-Novo : Jean-Baptiste Houngu\u00e8 d\u00e9nonce&hellip;<\/p>\n","protected":false},"author":1,"featured_media":11929,"parent":0,"menu_order":0,"comment_status":"closed","ping_status":"closed","template":"page-fullwidth.php","meta":{"content-type":"","om_disable_all_campaigns":false,"_monsterinsights_skip_tracking":false,"_monsterinsights_sitenote_active":false,"_monsterinsights_sitenote_note":"","_monsterinsights_sitenote_category":0,"_uf_show_specific_survey":0,"_uf_disable_surveys":false,"footnotes":""},"class_list":["post-1057","page","type-page","status-publish","has-post-thumbnail","hentry"],"aioseo_notices":[],"yoast_head":"<!-- This site is optimized with the Yoast SEO plugin v27.5 - https:\/\/yoast.com\/product\/yoast-seo-wordpress\/ -->\n<title>Le Patriote B\u00e9nin - Le Patriote<\/title>\n<meta name=\"robots\" content=\"index, follow, max-snippet:-1, max-image-preview:large, max-video-preview:-1\" \/>\n<link rel=\"canonical\" href=\"https:\/\/lepatriotebenin.com\/\" \/>\n<meta property=\"og:locale\" content=\"fr_FR\" \/>\n<meta property=\"og:type\" content=\"article\" \/>\n<meta property=\"og:title\" content=\"Le Patriote B\u00e9nin - Le Patriote\" \/>\n<meta property=\"og:description\" content=\"Politique B\u00e9nin-Banikoara : apr\u00e8s sa destitution, \u00c9lise Tama \u00e9voque les raisons de son&#8230; 4 ao\u00fbt 2025 0 commentaire Politique Ancien si\u00e8ge de l&rsquo;Assembl\u00e9e nationale \u00e0 Porto-Novo : Jean-Baptiste Houngu\u00e8 d\u00e9nonce&hellip;\" \/>\n<meta property=\"og:url\" content=\"https:\/\/lepatriotebenin.com\/\" \/>\n<meta property=\"og:site_name\" content=\"Le Patriote\" \/>\n<meta property=\"article:modified_time\" content=\"2025-08-05T14:17:57+00:00\" \/>\n<meta property=\"og:image\" content=\"https:\/\/lepatriotebenin.com\/wp-content\/uploads\/2025\/07\/espace-annonceur.jpg\" \/>\n\t<meta property=\"og:image:width\" content=\"552\" \/>\n\t<meta property=\"og:image:height\" content=\"371\" \/>\n\t<meta property=\"og:image:type\" content=\"image\/jpeg\" \/>\n<meta name=\"twitter:card\" content=\"summary_large_image\" \/>\n<meta name=\"twitter:label1\" content=\"Dur\u00e9e de lecture estim\u00e9e\" \/>\n\t<meta name=\"twitter:data1\" content=\"7 minutes\" \/>\n<script type=\"application\/ld+json\" class=\"yoast-schema-graph\">{\"@context\":\"https:\\\/\\\/schema.org\",\"@graph\":[{\"@type\":\"WebPage\",\"@id\":\"https:\\\/\\\/lepatriotebenin.com\\\/\",\"url\":\"https:\\\/\\\/lepatriotebenin.com\\\/\",\"name\":\"Le Patriote B\u00e9nin - Le Patriote\",\"isPartOf\":{\"@id\":\"https:\\\/\\\/lepatriotebenin.com\\\/#website\"},\"primaryImageOfPage\":{\"@id\":\"https:\\\/\\\/lepatriotebenin.com\\\/#primaryimage\"},\"image\":{\"@id\":\"https:\\\/\\\/lepatriotebenin.com\\\/#primaryimage\"},\"thumbnailUrl\":\"https:\\\/\\\/lepatriotebenin.com\\\/wp-content\\\/uploads\\\/2025\\\/07\\\/espace-annonceur.jpg\",\"datePublished\":\"2021-12-20T07:02:26+00:00\",\"dateModified\":\"2025-08-05T14:17:57+00:00\",\"breadcrumb\":{\"@id\":\"https:\\\/\\\/lepatriotebenin.com\\\/#breadcrumb\"},\"inLanguage\":\"fr-FR\",\"potentialAction\":[{\"@type\":\"ReadAction\",\"target\":[\"https:\\\/\\\/lepatriotebenin.com\\\/\"]}]},{\"@type\":\"ImageObject\",\"inLanguage\":\"fr-FR\",\"@id\":\"https:\\\/\\\/lepatriotebenin.com\\\/#primaryimage\",\"url\":\"https:\\\/\\\/lepatriotebenin.com\\\/wp-content\\\/uploads\\\/2025\\\/07\\\/espace-annonceur.jpg\",\"contentUrl\":\"https:\\\/\\\/lepatriotebenin.com\\\/wp-content\\\/uploads\\\/2025\\\/07\\\/espace-annonceur.jpg\",\"width\":552,\"height\":371},{\"@type\":\"BreadcrumbList\",\"@id\":\"https:\\\/\\\/lepatriotebenin.com\\\/#breadcrumb\",\"itemListElement\":[{\"@type\":\"ListItem\",\"position\":1,\"name\":\"Accueil\",\"item\":\"https:\\\/\\\/lepatriotebenin.com\\\/\"},{\"@type\":\"ListItem\",\"position\":2,\"name\":\"Le Patriote B\u00e9nin\"}]},{\"@type\":\"WebSite\",\"@id\":\"https:\\\/\\\/lepatriotebenin.com\\\/#website\",\"url\":\"https:\\\/\\\/lepatriotebenin.com\\\/\",\"name\":\"Le Patriote\",\"description\":\"Le Patriote B\u00e9nin\",\"potentialAction\":[{\"@type\":\"SearchAction\",\"target\":{\"@type\":\"EntryPoint\",\"urlTemplate\":\"https:\\\/\\\/lepatriotebenin.com\\\/?s={search_term_string}\"},\"query-input\":{\"@type\":\"PropertyValueSpecification\",\"valueRequired\":true,\"valueName\":\"search_term_string\"}}],\"inLanguage\":\"fr-FR\"}]}<\/script>\n<!-- \/ Yoast SEO plugin. -->","yoast_head_json":{"title":"Le Patriote B\u00e9nin - Le Patriote","robots":{"index":"index","follow":"follow","max-snippet":"max-snippet:-1","max-image-preview":"max-image-preview:large","max-video-preview":"max-video-preview:-1"},"canonical":"https:\/\/lepatriotebenin.com\/","og_locale":"fr_FR","og_type":"article","og_title":"Le Patriote B\u00e9nin - Le Patriote","og_description":"Politique B\u00e9nin-Banikoara : apr\u00e8s sa destitution, \u00c9lise Tama \u00e9voque les raisons de son&#8230; 4 ao\u00fbt 2025 0 commentaire Politique Ancien si\u00e8ge de l&rsquo;Assembl\u00e9e nationale \u00e0 Porto-Novo : Jean-Baptiste Houngu\u00e8 d\u00e9nonce&hellip;","og_url":"https:\/\/lepatriotebenin.com\/","og_site_name":"Le Patriote","article_modified_time":"2025-08-05T14:17:57+00:00","og_image":[{"width":552,"height":371,"url":"https:\/\/lepatriotebenin.com\/wp-content\/uploads\/2025\/07\/espace-annonceur.jpg","type":"image\/jpeg"}],"twitter_card":"summary_large_image","twitter_misc":{"Dur\u00e9e de lecture estim\u00e9e":"7 minutes"},"schema":{"@context":"https:\/\/schema.org","@graph":[{"@type":"WebPage","@id":"https:\/\/lepatriotebenin.com\/","url":"https:\/\/lepatriotebenin.com\/","name":"Le Patriote B\u00e9nin - Le Patriote","isPartOf":{"@id":"https:\/\/lepatriotebenin.com\/#website"},"primaryImageOfPage":{"@id":"https:\/\/lepatriotebenin.com\/#primaryimage"},"image":{"@id":"https:\/\/lepatriotebenin.com\/#primaryimage"},"thumbnailUrl":"https:\/\/lepatriotebenin.com\/wp-content\/uploads\/2025\/07\/espace-annonceur.jpg","datePublished":"2021-12-20T07:02:26+00:00","dateModified":"2025-08-05T14:17:57+00:00","breadcrumb":{"@id":"https:\/\/lepatriotebenin.com\/#breadcrumb"},"inLanguage":"fr-FR","potentialAction":[{"@type":"ReadAction","target":["https:\/\/lepatriotebenin.com\/"]}]},{"@type":"ImageObject","inLanguage":"fr-FR","@id":"https:\/\/lepatriotebenin.com\/#primaryimage","url":"https:\/\/lepatriotebenin.com\/wp-content\/uploads\/2025\/07\/espace-annonceur.jpg","contentUrl":"https:\/\/lepatriotebenin.com\/wp-content\/uploads\/2025\/07\/espace-annonceur.jpg","width":552,"height":371},{"@type":"BreadcrumbList","@id":"https:\/\/lepatriotebenin.com\/#breadcrumb","itemListElement":[{"@type":"ListItem","position":1,"name":"Accueil","item":"https:\/\/lepatriotebenin.com\/"},{"@type":"ListItem","position":2,"name":"Le Patriote B\u00e9nin"}]},{"@type":"WebSite","@id":"https:\/\/lepatriotebenin.com\/#website","url":"https:\/\/lepatriotebenin.com\/","name":"Le Patriote","description":"Le Patriote B\u00e9nin","potentialAction":[{"@type":"SearchAction","target":{"@type":"EntryPoint","urlTemplate":"https:\/\/lepatriotebenin.com\/?s={search_term_string}"},"query-input":{"@type":"PropertyValueSpecification","valueRequired":true,"valueName":"search_term_string"}}],"inLanguage":"fr-FR"}]}},"_links":{"self":[{"href":"https:\/\/lepatriotebenin.com\/index.php\/wp-json\/wp\/v2\/pages\/1057","targetHints":{"allow":["GET"]}}],"collection":[{"href":"https:\/\/lepatriotebenin.com\/index.php\/wp-json\/wp\/v2\/pages"}],"about":[{"href":"https:\/\/lepatriotebenin.com\/index.php\/wp-json\/wp\/v2\/types\/page"}],"author":[{"embeddable":true,"href":"https:\/\/lepatriotebenin.com\/index.php\/wp-json\/wp\/v2\/users\/1"}],"replies":[{"embeddable":true,"href":"https:\/\/lepatriotebenin.com\/index.php\/wp-json\/wp\/v2\/comments?post=1057"}],"version-history":[{"count":6,"href":"https:\/\/lepatriotebenin.com\/index.php\/wp-json\/wp\/v2\/pages\/1057\/revisions"}],"predecessor-version":[{"id":18524,"href":"https:\/\/lepatriotebenin.com\/index.php\/wp-json\/wp\/v2\/pages\/1057\/revisions\/18524"}],"wp:featuredmedia":[{"embeddable":true,"href":"https:\/\/lepatriotebenin.com\/index.php\/wp-json\/wp\/v2\/media\/11929"}],"wp:attachment":[{"href":"https:\/\/lepatriotebenin.com\/index.php\/wp-json\/wp\/v2\/media?parent=1057"}],"curies":[{"name":"wp","href":"https:\/\/api.w.org\/{rel}","templated":true}]}}